{"id":1474,"date":"2024-09-26T14:22:38","date_gmt":"2024-09-26T14:22:38","guid":{"rendered":"https:\/\/florina-vilgertshofer.de\/?post_type=sunflower_event&#038;p=1474"},"modified":"2024-09-26T14:22:38","modified_gmt":"2024-09-26T14:22:38","slug":"wanninger-2024","status":"publish","type":"sunflower_event","link":"https:\/\/florina-vilgertshofer.de\/?sunflower_event=wanninger-2024","title":{"rendered":"Preisverleihung Gr\u00fcner Wanninger &#8211; Kulturpreis der Gr\u00fcnen Fraktion im Bezirkstag Oberbayern"},"content":{"rendered":"\n<p class=\"has-text-align-left\">Die Veranstaltung ist \u00f6ffentlich, um Anmeldung via wanninger[@]gruene-fraktion-oberbayern.de wird gebeten!<br><\/p>\n\n\n\n<p class=\"has-text-align-left\">Seit 1988 verleiht die Gr\u00fcne Fraktion im Bezirkstag Oberbayern den alternativen Kulturpreis, den GR\u00dcNEN WANNINGER. Mit dem Preis m\u00f6chten wir Menschen ehren, die sich besonders f\u00fcr Kunst, Kultur und gesellschaftliches Engagement einsetzen. Der diesj\u00e4hrige Preis geht an den <strong>HUT e. V.<\/strong> und die Initiative <strong>\u201eDer Miti \u2013 Berchtesgaden iss mit uns\u201c<\/strong> von Daniela Spitzer, die sich mit kreativen L\u00f6sungen gegen Lebensmittelverschwendung engagiert. Neben der feierlichen Preisverleihung ist ein gemeinsamer Besuch der Dokumentation Obersalzber &#8222;Idyll und Verbrechen&#8220; Teil der Veranstaltung. So wird der Tag aussehen: <\/p>\n\n\n\n<p class=\"has-text-align-left\"><strong>11:00 Uhr<\/strong>: F\u00fchrung durch die Dokumentation Obersalzberg \u201eIdyll und Verbrechen\u201c (Anmeldung erforderlich \u2013 Pl\u00e4tze begrenzt)<\/p>\n\n\n\n<p class=\"has-text-align-left\"><strong>14:00 Uhr<\/strong>: Preisverleihung mit musikalischer Untermalung durch \u201eProject L\u00e4sslig\u201c, Tanzdarbietung von \u201eWurzelTrieb\u201c und einer DragShow von \u201eQueersteiger Berchtesgaden\u201c<\/p>\n\n\n\n<p><\/p>\n\n\n\n<p class=\"has-text-align-left\">F\u00fcr das leibliche Wohl ist gesorgt. Eine Anmeldung per E-Mail an <a href=\"#\" data-unscramble=\"ed.nreyabrebo-noitkarf-eneurg@regninnaw\"><strong>wanninger@gruene-fraktion-oberbayern.de<\/strong><\/a> ist unbedingt erforderlich.  Sollte weiterer Unterst\u00fctzungsbedarf bestehen (Geb\u00e4rdendolmetscher*in, Mobilit\u00e4tshilfe o.\u00e4.) freuen wir uns \u00fcber Mitteilung. Der Kulturhof ist barrierefrei.\u00a0 <br><\/p>\n","protected":false},"excerpt":{"rendered":"<p>Die Veranstaltung ist \u00f6ffentlich, um Anmeldung via wanninger[@]gruene-fraktion-oberbayern.de wird gebeten! Seit 1988 verleiht die Gr\u00fcne Fraktion im Bezirkstag Oberbayern den alternativen Kulturpreis, den GR\u00dcNEN WANNINGER. Mit dem Preis m\u00f6chten wir [&hellip;]<\/p>\n","protected":false},"author":1,"featured_media":1475,"comment_status":"closed","ping_status":"closed","template":"","sunflower_event_tag":[],"class_list":["post-1474","sunflower_event","type-sunflower_event","status-publish","has-post-thumbnail","hentry"],"yoast_head":"<!-- This site is optimized with the Yoast SEO plugin v25.7 - https:\/\/yoast.com\/wordpress\/plugins\/seo\/ -->\n<title>Preisverleihung Gr\u00fcner Wanninger - Kulturpreis der Gr\u00fcnen Fraktion im Bezirkstag Oberbayern - Florina Vilgertshofer<\/title>\n<meta name=\"robots\" content=\"index, follow, max-snippet:-1, max-image-preview:large, max-video-preview:-1\" \/>\n<link rel=\"canonical\" href=\"https:\/\/florina-vilgertshofer.de\/?sunflower_event=wanninger-2024\" \/>\n<meta property=\"og:locale\" content=\"de_DE\" \/>\n<meta property=\"og:type\" content=\"article\" \/>\n<meta property=\"og:title\" content=\"Preisverleihung Gr\u00fcner Wanninger - Kulturpreis der Gr\u00fcnen Fraktion im Bezirkstag Oberbayern - Florina Vilgertshofer\" \/>\n<meta property=\"og:description\" content=\"Die Veranstaltung ist \u00f6ffentlich, um Anmeldung via wanninger[@]gruene-fraktion-oberbayern.de wird gebeten! Seit 1988 verleiht die Gr\u00fcne Fraktion im Bezirkstag Oberbayern den alternativen Kulturpreis, den GR\u00dcNEN WANNINGER. Mit dem Preis m\u00f6chten wir [&hellip;]\" \/>\n<meta property=\"og:url\" content=\"https:\/\/florina-vilgertshofer.de\/?sunflower_event=wanninger-2024\" \/>\n<meta property=\"og:site_name\" content=\"Florina Vilgertshofer\" \/>\n<meta property=\"article:publisher\" content=\"https:\/\/www.facebook.com\/minny.cooper.9\" \/>\n<meta property=\"og:image\" content=\"https:\/\/florina-vilgertshofer.de\/wp-content\/uploads\/2023\/02\/florina-vilgertshofer-gruene-muenchen-schwabing-kandidatin-bezirkstag_breit-scaled.jpg\" \/>\n\t<meta property=\"og:image:width\" content=\"2560\" \/>\n\t<meta property=\"og:image:height\" content=\"1209\" \/>\n\t<meta property=\"og:image:type\" content=\"image\/jpeg\" \/>\n<meta name=\"twitter:card\" content=\"summary_large_image\" \/>\n<meta name=\"twitter:label1\" content=\"Gesch\u00e4tzte Lesezeit\" \/>\n\t<meta name=\"twitter:data1\" content=\"2\u00a0Minuten\" \/>\n<script type=\"application\/ld+json\" class=\"yoast-schema-graph\">{\"@context\":\"https:\/\/schema.org\",\"@graph\":[{\"@type\":\"WebPage\",\"@id\":\"https:\/\/florina-vilgertshofer.de\/?sunflower_event=wanninger-2024\",\"url\":\"https:\/\/florina-vilgertshofer.de\/?sunflower_event=wanninger-2024\",\"name\":\"Preisverleihung Gr\u00fcner Wanninger - Kulturpreis der Gr\u00fcnen Fraktion im Bezirkstag Oberbayern - Florina Vilgertshofer\",\"isPartOf\":{\"@id\":\"https:\/\/florina-vilgertshofer.de\/#website\"},\"primaryImageOfPage\":{\"@id\":\"https:\/\/florina-vilgertshofer.de\/?sunflower_event=wanninger-2024#primaryimage\"},\"image\":{\"@id\":\"https:\/\/florina-vilgertshofer.de\/?sunflower_event=wanninger-2024#primaryimage\"},\"thumbnailUrl\":\"https:\/\/florina-vilgertshofer.de\/wp-content\/uploads\/2024\/09\/Wanninger.pdf-pdf.jpg\",\"datePublished\":\"2024-09-26T14:22:38+00:00\",\"breadcrumb\":{\"@id\":\"https:\/\/florina-vilgertshofer.de\/?sunflower_event=wanninger-2024#breadcrumb\"},\"inLanguage\":\"de\",\"potentialAction\":[{\"@type\":\"ReadAction\",\"target\":[\"https:\/\/florina-vilgertshofer.de\/?sunflower_event=wanninger-2024\"]}]},{\"@type\":\"ImageObject\",\"inLanguage\":\"de\",\"@id\":\"https:\/\/florina-vilgertshofer.de\/?sunflower_event=wanninger-2024#primaryimage\",\"url\":\"https:\/\/florina-vilgertshofer.de\/wp-content\/uploads\/2024\/09\/Wanninger.pdf-pdf.jpg\",\"contentUrl\":\"https:\/\/florina-vilgertshofer.de\/wp-content\/uploads\/2024\/09\/Wanninger.pdf-pdf.jpg\"},{\"@type\":\"BreadcrumbList\",\"@id\":\"https:\/\/florina-vilgertshofer.de\/?sunflower_event=wanninger-2024#breadcrumb\",\"itemListElement\":[{\"@type\":\"ListItem\",\"position\":1,\"name\":\"Startseite\",\"item\":\"https:\/\/florina-vilgertshofer.de\/\"},{\"@type\":\"ListItem\",\"position\":2,\"name\":\"Termine\",\"item\":\"https:\/\/florina-vilgertshofer.de\/?post_type=sunflower_event\"},{\"@type\":\"ListItem\",\"position\":3,\"name\":\"Preisverleihung Gr\u00fcner Wanninger &#8211; Kulturpreis der Gr\u00fcnen Fraktion im Bezirkstag Oberbayern\"}]},{\"@type\":\"WebSite\",\"@id\":\"https:\/\/florina-vilgertshofer.de\/#website\",\"url\":\"https:\/\/florina-vilgertshofer.de\/\",\"name\":\"Florina Vilgertshofer\",\"description\":\"Bezirksr\u00e4tin I Kulturpolitikerin\",\"publisher\":{\"@id\":\"https:\/\/florina-vilgertshofer.de\/#\/schema\/person\/c634068ffbadf5345d5be6795bfe2fe7\"},\"alternateName\":\"Fina Vilgertshofer\",\"potentialAction\":[{\"@type\":\"SearchAction\",\"target\":{\"@type\":\"EntryPoint\",\"urlTemplate\":\"https:\/\/florina-vilgertshofer.de\/?s={search_term_string}\"},\"query-input\":{\"@type\":\"PropertyValueSpecification\",\"valueRequired\":true,\"valueName\":\"search_term_string\"}}],\"inLanguage\":\"de\"},{\"@type\":[\"Person\",\"Organization\"],\"@id\":\"https:\/\/florina-vilgertshofer.de\/#\/schema\/person\/c634068ffbadf5345d5be6795bfe2fe7\",\"name\":\"admin\",\"image\":{\"@type\":\"ImageObject\",\"inLanguage\":\"de\",\"@id\":\"https:\/\/florina-vilgertshofer.de\/#\/schema\/person\/image\/\",\"url\":\"http:\/\/florina-vilgertshofer.de\/wp-content\/uploads\/2023\/02\/florina-vilgertshofer-gruene-muenchen-schwabing-kandidatin-bezirkstag_breit-scaled.jpg\",\"contentUrl\":\"http:\/\/florina-vilgertshofer.de\/wp-content\/uploads\/2023\/02\/florina-vilgertshofer-gruene-muenchen-schwabing-kandidatin-bezirkstag_breit-scaled.jpg\",\"width\":2560,\"height\":1209,\"caption\":\"admin\"},\"logo\":{\"@id\":\"https:\/\/florina-vilgertshofer.de\/#\/schema\/person\/image\/\"},\"sameAs\":[\"http:\/\/florina-vilgertshofer.de\",\"https:\/\/www.facebook.com\/minny.cooper.9\",\"https:\/\/www.instagram.com\/finafinch\/\",\"https:\/\/www.linkedin.com\/in\/florina-fina-vilgertshofer-a5320093\/\"]}]}<\/script>\n<!-- \/ Yoast SEO plugin. -->","yoast_head_json":{"title":"Preisverleihung Gr\u00fcner Wanninger - Kulturpreis der Gr\u00fcnen Fraktion im Bezirkstag Oberbayern - Florina Vilgertshofer","robots":{"index":"index","follow":"follow","max-snippet":"max-snippet:-1","max-image-preview":"max-image-preview:large","max-video-preview":"max-video-preview:-1"},"canonical":"https:\/\/florina-vilgertshofer.de\/?sunflower_event=wanninger-2024","og_locale":"de_DE","og_type":"article","og_title":"Preisverleihung Gr\u00fcner Wanninger - Kulturpreis der Gr\u00fcnen Fraktion im Bezirkstag Oberbayern - Florina Vilgertshofer","og_description":"Die Veranstaltung ist \u00f6ffentlich, um Anmeldung via wanninger[@]gruene-fraktion-oberbayern.de wird gebeten! Seit 1988 verleiht die Gr\u00fcne Fraktion im Bezirkstag Oberbayern den alternativen Kulturpreis, den GR\u00dcNEN WANNINGER. Mit dem Preis m\u00f6chten wir [&hellip;]","og_url":"https:\/\/florina-vilgertshofer.de\/?sunflower_event=wanninger-2024","og_site_name":"Florina Vilgertshofer","article_publisher":"https:\/\/www.facebook.com\/minny.cooper.9","og_image":[{"width":2560,"height":1209,"url":"https:\/\/florina-vilgertshofer.de\/wp-content\/uploads\/2023\/02\/florina-vilgertshofer-gruene-muenchen-schwabing-kandidatin-bezirkstag_breit-scaled.jpg","type":"image\/jpeg"}],"twitter_card":"summary_large_image","twitter_misc":{"Gesch\u00e4tzte Lesezeit":"2\u00a0Minuten"},"schema":{"@context":"https:\/\/schema.org","@graph":[{"@type":"WebPage","@id":"https:\/\/florina-vilgertshofer.de\/?sunflower_event=wanninger-2024","url":"https:\/\/florina-vilgertshofer.de\/?sunflower_event=wanninger-2024","name":"Preisverleihung Gr\u00fcner Wanninger - Kulturpreis der Gr\u00fcnen Fraktion im Bezirkstag Oberbayern - Florina Vilgertshofer","isPartOf":{"@id":"https:\/\/florina-vilgertshofer.de\/#website"},"primaryImageOfPage":{"@id":"https:\/\/florina-vilgertshofer.de\/?sunflower_event=wanninger-2024#primaryimage"},"image":{"@id":"https:\/\/florina-vilgertshofer.de\/?sunflower_event=wanninger-2024#primaryimage"},"thumbnailUrl":"https:\/\/florina-vilgertshofer.de\/wp-content\/uploads\/2024\/09\/Wanninger.pdf-pdf.jpg","datePublished":"2024-09-26T14:22:38+00:00","breadcrumb":{"@id":"https:\/\/florina-vilgertshofer.de\/?sunflower_event=wanninger-2024#breadcrumb"},"inLanguage":"de","potentialAction":[{"@type":"ReadAction","target":["https:\/\/florina-vilgertshofer.de\/?sunflower_event=wanninger-2024"]}]},{"@type":"ImageObject","inLanguage":"de","@id":"https:\/\/florina-vilgertshofer.de\/?sunflower_event=wanninger-2024#primaryimage","url":"https:\/\/florina-vilgertshofer.de\/wp-content\/uploads\/2024\/09\/Wanninger.pdf-pdf.jpg","contentUrl":"https:\/\/florina-vilgertshofer.de\/wp-content\/uploads\/2024\/09\/Wanninger.pdf-pdf.jpg"},{"@type":"BreadcrumbList","@id":"https:\/\/florina-vilgertshofer.de\/?sunflower_event=wanninger-2024#breadcrumb","itemListElement":[{"@type":"ListItem","position":1,"name":"Startseite","item":"https:\/\/florina-vilgertshofer.de\/"},{"@type":"ListItem","position":2,"name":"Termine","item":"https:\/\/florina-vilgertshofer.de\/?post_type=sunflower_event"},{"@type":"ListItem","position":3,"name":"Preisverleihung Gr\u00fcner Wanninger &#8211; Kulturpreis der Gr\u00fcnen Fraktion im Bezirkstag Oberbayern"}]},{"@type":"WebSite","@id":"https:\/\/florina-vilgertshofer.de\/#website","url":"https:\/\/florina-vilgertshofer.de\/","name":"Florina Vilgertshofer","description":"Bezirksr\u00e4tin I Kulturpolitikerin","publisher":{"@id":"https:\/\/florina-vilgertshofer.de\/#\/schema\/person\/c634068ffbadf5345d5be6795bfe2fe7"},"alternateName":"Fina Vilgertshofer","potentialAction":[{"@type":"SearchAction","target":{"@type":"EntryPoint","urlTemplate":"https:\/\/florina-vilgertshofer.de\/?s={search_term_string}"},"query-input":{"@type":"PropertyValueSpecification","valueRequired":true,"valueName":"search_term_string"}}],"inLanguage":"de"},{"@type":["Person","Organization"],"@id":"https:\/\/florina-vilgertshofer.de\/#\/schema\/person\/c634068ffbadf5345d5be6795bfe2fe7","name":"admin","image":{"@type":"ImageObject","inLanguage":"de","@id":"https:\/\/florina-vilgertshofer.de\/#\/schema\/person\/image\/","url":"http:\/\/florina-vilgertshofer.de\/wp-content\/uploads\/2023\/02\/florina-vilgertshofer-gruene-muenchen-schwabing-kandidatin-bezirkstag_breit-scaled.jpg","contentUrl":"http:\/\/florina-vilgertshofer.de\/wp-content\/uploads\/2023\/02\/florina-vilgertshofer-gruene-muenchen-schwabing-kandidatin-bezirkstag_breit-scaled.jpg","width":2560,"height":1209,"caption":"admin"},"logo":{"@id":"https:\/\/florina-vilgertshofer.de\/#\/schema\/person\/image\/"},"sameAs":["http:\/\/florina-vilgertshofer.de","https:\/\/www.facebook.com\/minny.cooper.9","https:\/\/www.instagram.com\/finafinch\/","https:\/\/www.linkedin.com\/in\/florina-fina-vilgertshofer-a5320093\/"]}]}},"_links":{"self":[{"href":"https:\/\/florina-vilgertshofer.de\/index.php?rest_route=\/wp\/v2\/sunflower_event\/1474","targetHints":{"allow":["GET"]}}],"collection":[{"href":"https:\/\/florina-vilgertshofer.de\/index.php?rest_route=\/wp\/v2\/sunflower_event"}],"about":[{"href":"https:\/\/florina-vilgertshofer.de\/index.php?rest_route=\/wp\/v2\/types\/sunflower_event"}],"author":[{"embeddable":true,"href":"https:\/\/florina-vilgertshofer.de\/index.php?rest_route=\/wp\/v2\/users\/1"}],"replies":[{"embeddable":true,"href":"https:\/\/florina-vilgertshofer.de\/index.php?rest_route=%2Fwp%2Fv2%2Fcomments&post=1474"}],"wp:featuredmedia":[{"embeddable":true,"href":"https:\/\/florina-vilgertshofer.de\/index.php?rest_route=\/wp\/v2\/media\/1475"}],"wp:attachment":[{"href":"https:\/\/florina-vilgertshofer.de\/index.php?rest_route=%2Fwp%2Fv2%2Fmedia&parent=1474"}],"wp:term":[{"taxonomy":"sunflower_event_tag","embeddable":true,"href":"https:\/\/florina-vilgertshofer.de\/index.php?rest_route=%2Fwp%2Fv2%2Fsunflower_event_tag&post=1474"}],"curies":[{"name":"wp","href":"https:\/\/api.w.org\/{rel}","templated":true}]}}