{"id":416,"date":"2023-05-02T21:56:00","date_gmt":"2023-05-02T21:56:00","guid":{"rendered":"https:\/\/florina-vilgertshofer.de\/?page_id=416"},"modified":"2024-09-06T15:31:12","modified_gmt":"2024-09-06T15:31:12","slug":"meine-politische-arbeit","status":"publish","type":"page","link":"https:\/\/florina-vilgertshofer.de\/?page_id=416","title":{"rendered":"Meine politische Arbeit"},"content":{"rendered":"\n<div class=\"wp-block-cover\"><span aria-hidden=\"true\" class=\"wp-block-cover__background has-background-dim-20 has-background-dim\"><\/span><img loading=\"lazy\" decoding=\"async\" width=\"2362\" height=\"960\" class=\"wp-block-cover__image-background wp-image-983\" alt=\"\" src=\"http:\/\/florina-vilgertshofer.de\/wp-content\/uploads\/2023\/08\/LDK_Gruene_Bayern_Team-BAyern-mit-Dir.jpg\" style=\"object-position:50% 71%\" data-object-fit=\"cover\" data-object-position=\"50% 71%\" srcset=\"https:\/\/florina-vilgertshofer.de\/wp-content\/uploads\/2023\/08\/LDK_Gruene_Bayern_Team-BAyern-mit-Dir.jpg 2362w, https:\/\/florina-vilgertshofer.de\/wp-content\/uploads\/2023\/08\/LDK_Gruene_Bayern_Team-BAyern-mit-Dir-300x122.jpg 300w, https:\/\/florina-vilgertshofer.de\/wp-content\/uploads\/2023\/08\/LDK_Gruene_Bayern_Team-BAyern-mit-Dir-1024x416.jpg 1024w, https:\/\/florina-vilgertshofer.de\/wp-content\/uploads\/2023\/08\/LDK_Gruene_Bayern_Team-BAyern-mit-Dir-768x312.jpg 768w, https:\/\/florina-vilgertshofer.de\/wp-content\/uploads\/2023\/08\/LDK_Gruene_Bayern_Team-BAyern-mit-Dir-1536x624.jpg 1536w, https:\/\/florina-vilgertshofer.de\/wp-content\/uploads\/2023\/08\/LDK_Gruene_Bayern_Team-BAyern-mit-Dir-2048x832.jpg 2048w\" sizes=\"auto, (max-width: 2362px) 100vw, 2362px\" \/><div class=\"wp-block-cover__inner-container is-layout-flow wp-block-cover-is-layout-flow\">\n<p><\/p>\n\n\n\n<p><\/p>\n\n\n\n<p><\/p>\n\n\n\n<h5 class=\"wp-block-heading has-text-align-right\" style=\"font-size:clamp(18.959px, 1.185rem + ((1vw - 3.2px) * 1.255), 30px);font-style:normal;font-weight:200;text-transform:uppercase\">Meine politische Arbeit<\/h5>\n<\/div><\/div>\n\n\n\n<div style=\"height:100px\" aria-hidden=\"true\" class=\"wp-block-spacer\"><\/div>\n\n\n\n<p class=\"has-black-500-color has-text-color has-medium-font-size\" style=\"font-style:normal;font-weight:200\">Als Sprecherin des Ortsverbandes M\u00fcnchen Schwabing und der Arbeitskreis Kultur bringe ich mit in meiner Partei mit politischen Impulsen ein. Im Bezirksausschuss der Maxvorstadt (BA 3) setzte ich als Unterausschussvorsitzende kulturpolitische Impulse und k\u00fcmmere mich um die Anliegen der B\u00fcgerinnen und B\u00fcrger in meinem Viertel. Dabei steht die fortschreitenden Gentrifizierung und Immobilienspekulation, der Kampf um Raum in einem der dichtesten Viertel der Stadt und die Gestaltung des \u00f6ffentlichen Raumes im Fordergund der Arbeit meiner Fraktion. Viel Spa\u00df beim durchst\u00f6bern meiner Antr\u00e4ge und Initiativen. <\/p>\n\n\n\n<div style=\"height:54px\" aria-hidden=\"true\" class=\"wp-block-spacer\"><\/div>\n\n\n\n<div data-wp-context=\"{}\" data-wp-interactive=\"core\/query\" data-wp-key=\"12\" data-wp-router-region=\"query-12\" class=\"wp-block-query is-layout-flow wp-block-query-is-layout-flow\"><ul class=\"wp-block-post-template is-content-justification-left is-layout-constrained wp-container-core-post-template-is-layout-92f3185c wp-block-post-template-is-layout-constrained\"><li data-wp-key=\"post-template-item-1645\" class=\"wp-block-post post-1645 post type-post status-publish format-standard has-post-thumbnail hentry category-aktuelles category-bezirksausschuss tag-bezirksausschuss tag-bodenpolitik tag-maxvorstadt\">\n\n<div class=\"wp-block-columns alignwide is-layout-flex wp-container-core-columns-is-layout-9d6595d7 wp-block-columns-is-layout-flex\">\n<div class=\"wp-block-column is-layout-flow wp-block-column-is-layout-flow\" style=\"flex-basis:30%\"><figure class=\"wp-block-post-featured-image\"><a href=\"https:\/\/florina-vilgertshofer.de\/?p=1645\" target=\"_self\"  ><img loading=\"lazy\" decoding=\"async\" width=\"951\" height=\"962\" src=\"https:\/\/florina-vilgertshofer.de\/wp-content\/uploads\/2025\/08\/Strafjustizzentrum.jpg\" class=\"attachment-post-thumbnail size-post-thumbnail wp-post-image\" alt=\"STRAFJUSTIZZENTRUM &#8211; MEINE ANTR\u00c4GE IM BEZIKRSAUSSCHUSS\" style=\"object-fit:cover;\" srcset=\"https:\/\/florina-vilgertshofer.de\/wp-content\/uploads\/2025\/08\/Strafjustizzentrum.jpg 951w, https:\/\/florina-vilgertshofer.de\/wp-content\/uploads\/2025\/08\/Strafjustizzentrum-297x300.jpg 297w, https:\/\/florina-vilgertshofer.de\/wp-content\/uploads\/2025\/08\/Strafjustizzentrum-768x777.jpg 768w\" sizes=\"auto, (max-width: 951px) 100vw, 951px\" \/><\/a><\/figure><\/div>\n\n\n\n<div class=\"wp-block-column is-layout-flow wp-block-column-is-layout-flow\" style=\"flex-basis:70%\"><h2 class=\"wp-block-post-title\"><a href=\"https:\/\/florina-vilgertshofer.de\/?p=1645\" target=\"_self\" >STRAFJUSTIZZENTRUM &#8211; MEINE ANTR\u00c4GE IM BEZIKRSAUSSCHUSS<\/a><\/h2>\n\n<div class=\"wp-block-post-excerpt\"><p class=\"wp-block-post-excerpt__excerpt\">11. November 2025 &#8211; Nachdem auf Grund der Petition &#8222;Wohnraum statt Rendite &#8211; Verkauf des Justizzentrums stoppen&#8220; Bewegung in die Debatte um die k\u00fcnftige Nutzung des Areals des Strafjustizzentrums kommt und es von Seiten der Regierungsfraktionen im Landtag ein Angebot an die Stadt gibt, habe ich f\u00fcr meine Fraktion im Bezirksausschuss Forderungen formuliert.<\/p><p class=\"wp-block-post-excerpt__more-text\"><a class=\"wp-block-post-excerpt__more-link\" href=\"https:\/\/florina-vilgertshofer.de\/?p=1645\">mehr<\/a><\/p><\/div><\/div>\n<\/div>\n\n\n\n<div style=\"height:21px\" aria-hidden=\"true\" class=\"wp-block-spacer\"><\/div>\n\n\n\n<div style=\"height:23px\" aria-hidden=\"true\" class=\"wp-block-spacer\"><\/div>\n\n<\/li><li data-wp-key=\"post-template-item-1618\" class=\"wp-block-post post-1618 post type-post status-publish format-standard has-post-thumbnail hentry category-aktuelles category-bezirksausschuss category-presse tag-bezirksausschuss tag-bodenpolitik tag-maxvorstadt\">\n\n<div class=\"wp-block-columns alignwide is-layout-flex wp-container-core-columns-is-layout-9d6595d7 wp-block-columns-is-layout-flex\">\n<div class=\"wp-block-column is-layout-flow wp-block-column-is-layout-flow\" style=\"flex-basis:30%\"><figure class=\"wp-block-post-featured-image\"><a href=\"https:\/\/florina-vilgertshofer.de\/?p=1618\" target=\"_self\"  ><img loading=\"lazy\" decoding=\"async\" width=\"951\" height=\"962\" src=\"https:\/\/florina-vilgertshofer.de\/wp-content\/uploads\/2025\/08\/Strafjustizzentrum.jpg\" class=\"attachment-post-thumbnail size-post-thumbnail wp-post-image\" alt=\"Kein Verkauf des Strafjustizzentrums!\" style=\"object-fit:cover;\" srcset=\"https:\/\/florina-vilgertshofer.de\/wp-content\/uploads\/2025\/08\/Strafjustizzentrum.jpg 951w, https:\/\/florina-vilgertshofer.de\/wp-content\/uploads\/2025\/08\/Strafjustizzentrum-297x300.jpg 297w, https:\/\/florina-vilgertshofer.de\/wp-content\/uploads\/2025\/08\/Strafjustizzentrum-768x777.jpg 768w\" sizes=\"auto, (max-width: 951px) 100vw, 951px\" \/><\/a><\/figure><\/div>\n\n\n\n<div class=\"wp-block-column is-layout-flow wp-block-column-is-layout-flow\" style=\"flex-basis:70%\"><h2 class=\"wp-block-post-title\"><a href=\"https:\/\/florina-vilgertshofer.de\/?p=1618\" target=\"_self\" >Kein Verkauf des Strafjustizzentrums!<\/a><\/h2>\n\n<div class=\"wp-block-post-excerpt\"><p class=\"wp-block-post-excerpt__excerpt\">14. August 2025 \u2022Die Gr\u00fcnen im Bezirksausschuss Maxvorstadt lehnen den laut SZ-Bericht geplanten verkauf des Strafjustizzentrums in der Standstra\u00dfe ab. \u201eDie Chance, in einem der dichtesten und teuersten Viertel in Mu\u0308nchen bezahlbaren Wohnraum zu schaffen, darf nicht verspielt werden!\u201c<\/p><p class=\"wp-block-post-excerpt__more-text\"><a class=\"wp-block-post-excerpt__more-link\" href=\"https:\/\/florina-vilgertshofer.de\/?p=1618\">mehr<\/a><\/p><\/div><\/div>\n<\/div>\n\n\n\n<div style=\"height:21px\" aria-hidden=\"true\" class=\"wp-block-spacer\"><\/div>\n\n\n\n<div style=\"height:23px\" aria-hidden=\"true\" class=\"wp-block-spacer\"><\/div>\n\n<\/li><li data-wp-key=\"post-template-item-1585\" class=\"wp-block-post post-1585 post type-post status-publish format-standard has-post-thumbnail hentry category-aktuelles category-bezirkstag tag-bezirkstag tag-johanneskirchen tag-schulen tag-schwimmen\">\n\n<div class=\"wp-block-columns alignwide is-layout-flex wp-container-core-columns-is-layout-9d6595d7 wp-block-columns-is-layout-flex\">\n<div class=\"wp-block-column is-layout-flow wp-block-column-is-layout-flow\" style=\"flex-basis:30%\"><figure class=\"wp-block-post-featured-image\"><a href=\"https:\/\/florina-vilgertshofer.de\/?p=1585\" target=\"_self\"  ><img loading=\"lazy\" decoding=\"async\" width=\"420\" height=\"200\" src=\"https:\/\/florina-vilgertshofer.de\/wp-content\/uploads\/2025\/08\/swimming-pool-4638912_1280-420x200-1.jpg\" class=\"attachment-post-thumbnail size-post-thumbnail wp-post-image\" alt=\"Anfrage zur Nutzung des Schwimmbads im Schulzentrum Johanneskirchen\" style=\"object-fit:cover;\" srcset=\"https:\/\/florina-vilgertshofer.de\/wp-content\/uploads\/2025\/08\/swimming-pool-4638912_1280-420x200-1.jpg 420w, https:\/\/florina-vilgertshofer.de\/wp-content\/uploads\/2025\/08\/swimming-pool-4638912_1280-420x200-1-300x143.jpg 300w\" sizes=\"auto, (max-width: 420px) 100vw, 420px\" \/><\/a><\/figure><\/div>\n\n\n\n<div class=\"wp-block-column is-layout-flow wp-block-column-is-layout-flow\" style=\"flex-basis:70%\"><h2 class=\"wp-block-post-title\"><a href=\"https:\/\/florina-vilgertshofer.de\/?p=1585\" target=\"_self\" >Anfrage zur Nutzung des Schwimmbads im Schulzentrum Johanneskirchen<\/a><\/h2>\n\n<div class=\"wp-block-post-excerpt\"><p class=\"wp-block-post-excerpt__excerpt\">14. Juli 2025 \u2022 Aktuell besch\u00e4ftigt sich der Bezirk mit der Frage, ob das Schwimmbad im Schulzentrum Johanneskirchen saniert werden soll. Die Kosten fu\u0308r eine Sanierung sind erheblich, doch Schwimmb\u00e4der fehlen an allen Ecken und Enden.<\/p><p class=\"wp-block-post-excerpt__more-text\"><a class=\"wp-block-post-excerpt__more-link\" href=\"https:\/\/florina-vilgertshofer.de\/?p=1585\">mehr<\/a><\/p><\/div><\/div>\n<\/div>\n\n\n\n<div style=\"height:21px\" aria-hidden=\"true\" class=\"wp-block-spacer\"><\/div>\n\n\n\n<div style=\"height:23px\" aria-hidden=\"true\" class=\"wp-block-spacer\"><\/div>\n\n<\/li><li data-wp-key=\"post-template-item-1577\" class=\"wp-block-post post-1577 post type-post status-publish format-standard has-post-thumbnail hentry category-aktuelles category-bezirksausschuss tag-bezirksausschuss tag-fahrradfahren tag-gruene tag-maxvorstadt tag-mobilitaet tag-radentscheid\">\n\n<div class=\"wp-block-columns alignwide is-layout-flex wp-container-core-columns-is-layout-9d6595d7 wp-block-columns-is-layout-flex\">\n<div class=\"wp-block-column is-layout-flow wp-block-column-is-layout-flow\" style=\"flex-basis:30%\"><figure class=\"wp-block-post-featured-image\"><a href=\"https:\/\/florina-vilgertshofer.de\/?p=1577\" target=\"_self\"  ><img loading=\"lazy\" decoding=\"async\" width=\"2560\" height=\"1707\" src=\"https:\/\/florina-vilgertshofer.de\/wp-content\/uploads\/2025\/08\/radweg-nahaufnahme-auf-der-strasse-scaled.jpg\" class=\"attachment-post-thumbnail size-post-thumbnail wp-post-image\" alt=\"Umsetzung des Radentscheids In der Arcisstra\u00dfe\" style=\"object-fit:cover;\" srcset=\"https:\/\/florina-vilgertshofer.de\/wp-content\/uploads\/2025\/08\/radweg-nahaufnahme-auf-der-strasse-scaled.jpg 2560w, https:\/\/florina-vilgertshofer.de\/wp-content\/uploads\/2025\/08\/radweg-nahaufnahme-auf-der-strasse-300x200.jpg 300w, https:\/\/florina-vilgertshofer.de\/wp-content\/uploads\/2025\/08\/radweg-nahaufnahme-auf-der-strasse-1024x683.jpg 1024w, https:\/\/florina-vilgertshofer.de\/wp-content\/uploads\/2025\/08\/radweg-nahaufnahme-auf-der-strasse-768x512.jpg 768w, https:\/\/florina-vilgertshofer.de\/wp-content\/uploads\/2025\/08\/radweg-nahaufnahme-auf-der-strasse-1536x1024.jpg 1536w, https:\/\/florina-vilgertshofer.de\/wp-content\/uploads\/2025\/08\/radweg-nahaufnahme-auf-der-strasse-2048x1365.jpg 2048w\" sizes=\"auto, (max-width: 2560px) 100vw, 2560px\" \/><\/a><\/figure><\/div>\n\n\n\n<div class=\"wp-block-column is-layout-flow wp-block-column-is-layout-flow\" style=\"flex-basis:70%\"><h2 class=\"wp-block-post-title\"><a href=\"https:\/\/florina-vilgertshofer.de\/?p=1577\" target=\"_self\" >Umsetzung des Radentscheids In der Arcisstra\u00dfe<\/a><\/h2>\n\n<div class=\"wp-block-post-excerpt\"><p class=\"wp-block-post-excerpt__excerpt\">18. Juni 2025 \u2022 Der Antrag fordert die Landeshauptstadt M\u00fcnchen auf, den Bau der im Radentscheid vorgesehenen Radschnellverbindung in den M\u00fcnchner Nordwesten (Richtung Dachau) \u00fcber Sophienstra\u00dfe, Katharina-von-Bora-Stra\u00dfe und s\u00fcdliche Arcisstra\u00dfe schnellstm\u00f6glich zu starten.<\/p><p class=\"wp-block-post-excerpt__more-text\"><a class=\"wp-block-post-excerpt__more-link\" href=\"https:\/\/florina-vilgertshofer.de\/?p=1577\">mehr<\/a><\/p><\/div><\/div>\n<\/div>\n\n\n\n<div style=\"height:21px\" aria-hidden=\"true\" class=\"wp-block-spacer\"><\/div>\n\n\n\n<div style=\"height:23px\" aria-hidden=\"true\" class=\"wp-block-spacer\"><\/div>\n\n<\/li><li data-wp-key=\"post-template-item-1533\" class=\"wp-block-post post-1533 post type-post status-publish format-standard has-post-thumbnail hentry category-aktuelles category-bezirkstag tag-bezirkstag tag-gruene\">\n\n<div class=\"wp-block-columns alignwide is-layout-flex wp-container-core-columns-is-layout-9d6595d7 wp-block-columns-is-layout-flex\">\n<div class=\"wp-block-column is-layout-flow wp-block-column-is-layout-flow\" style=\"flex-basis:30%\"><figure class=\"wp-block-post-featured-image\"><a href=\"https:\/\/florina-vilgertshofer.de\/?p=1533\" target=\"_self\"  ><img loading=\"lazy\" decoding=\"async\" width=\"1080\" height=\"1080\" src=\"https:\/\/florina-vilgertshofer.de\/wp-content\/uploads\/2025\/04\/250430_Bezirkstag_NSRaubkunst-Schiedsgericht.png\" class=\"attachment-post-thumbnail size-post-thumbnail wp-post-image\" alt=\"Restitution von NS-Raubgut auch in Oberbayern erm\u00f6glichen!\" style=\"object-fit:cover;\" srcset=\"https:\/\/florina-vilgertshofer.de\/wp-content\/uploads\/2025\/04\/250430_Bezirkstag_NSRaubkunst-Schiedsgericht.png 1080w, https:\/\/florina-vilgertshofer.de\/wp-content\/uploads\/2025\/04\/250430_Bezirkstag_NSRaubkunst-Schiedsgericht-300x300.png 300w, https:\/\/florina-vilgertshofer.de\/wp-content\/uploads\/2025\/04\/250430_Bezirkstag_NSRaubkunst-Schiedsgericht-1024x1024.png 1024w, https:\/\/florina-vilgertshofer.de\/wp-content\/uploads\/2025\/04\/250430_Bezirkstag_NSRaubkunst-Schiedsgericht-150x150.png 150w, https:\/\/florina-vilgertshofer.de\/wp-content\/uploads\/2025\/04\/250430_Bezirkstag_NSRaubkunst-Schiedsgericht-768x768.png 768w\" sizes=\"auto, (max-width: 1080px) 100vw, 1080px\" \/><\/a><\/figure><\/div>\n\n\n\n<div class=\"wp-block-column is-layout-flow wp-block-column-is-layout-flow\" style=\"flex-basis:70%\"><h2 class=\"wp-block-post-title\"><a href=\"https:\/\/florina-vilgertshofer.de\/?p=1533\" target=\"_self\" >Restitution von NS-Raubgut auch in Oberbayern erm\u00f6glichen!<\/a><\/h2>\n\n<div class=\"wp-block-post-excerpt\"><p class=\"wp-block-post-excerpt__excerpt\">30. April 2025 \u2022 Die Debatte um NS-Raubgut ist auch heute, knapp 80 Jahre nach Ende des zweiten Weltkrieges, nicht vorbei. Noch immer gibt es in den Sammlungen und Archiven deutscher Kulturinstitutionen Kulturgut, dessen Herkunft nicht einwandfrei gekl\u00e4rt ist oder auch Werke, die eindeutig als NS-Raubkunst zu bewerten sind.<\/p><p class=\"wp-block-post-excerpt__more-text\"><a class=\"wp-block-post-excerpt__more-link\" href=\"https:\/\/florina-vilgertshofer.de\/?p=1533\">mehr<\/a><\/p><\/div><\/div>\n<\/div>\n\n\n\n<div style=\"height:21px\" aria-hidden=\"true\" class=\"wp-block-spacer\"><\/div>\n\n\n\n<div style=\"height:23px\" aria-hidden=\"true\" class=\"wp-block-spacer\"><\/div>\n\n<\/li><li data-wp-key=\"post-template-item-1528\" class=\"wp-block-post post-1528 post type-post status-publish format-standard has-post-thumbnail hentry category-aktuelles category-bezirksausschuss tag-gruene\">\n\n<div class=\"wp-block-columns alignwide is-layout-flex wp-container-core-columns-is-layout-9d6595d7 wp-block-columns-is-layout-flex\">\n<div class=\"wp-block-column is-layout-flow wp-block-column-is-layout-flow\" style=\"flex-basis:30%\"><figure class=\"wp-block-post-featured-image\"><a href=\"https:\/\/florina-vilgertshofer.de\/?p=1528\" target=\"_self\"  ><img loading=\"lazy\" decoding=\"async\" width=\"1080\" height=\"1350\" src=\"https:\/\/florina-vilgertshofer.de\/wp-content\/uploads\/2025\/03\/Vilgertshofer_Florina_Pilotbezirk_Streetart.jpg\" class=\"attachment-post-thumbnail size-post-thumbnail wp-post-image\" alt=\"Die Maxvorstadt wird Street-Art-Pilotbezirk!\" style=\"object-fit:cover;\" srcset=\"https:\/\/florina-vilgertshofer.de\/wp-content\/uploads\/2025\/03\/Vilgertshofer_Florina_Pilotbezirk_Streetart.jpg 1080w, https:\/\/florina-vilgertshofer.de\/wp-content\/uploads\/2025\/03\/Vilgertshofer_Florina_Pilotbezirk_Streetart-240x300.jpg 240w, https:\/\/florina-vilgertshofer.de\/wp-content\/uploads\/2025\/03\/Vilgertshofer_Florina_Pilotbezirk_Streetart-819x1024.jpg 819w, https:\/\/florina-vilgertshofer.de\/wp-content\/uploads\/2025\/03\/Vilgertshofer_Florina_Pilotbezirk_Streetart-768x960.jpg 768w\" sizes=\"auto, (max-width: 1080px) 100vw, 1080px\" \/><\/a><\/figure><\/div>\n\n\n\n<div class=\"wp-block-column is-layout-flow wp-block-column-is-layout-flow\" style=\"flex-basis:70%\"><h2 class=\"wp-block-post-title\"><a href=\"https:\/\/florina-vilgertshofer.de\/?p=1528\" target=\"_self\" >Die Maxvorstadt wird Street-Art-Pilotbezirk!<\/a><\/h2>\n\n<div class=\"wp-block-post-excerpt\"><p class=\"wp-block-post-excerpt__excerpt\">30. M\u00e4rz 2025 \u2022 Ich habe eine gute Nachricht f\u00fcr die Street-Art-Szene in der Maxvorstadt: Der Stadtbezirk wurde als offizieller Street-Art-Pilotbezirk M\u00fcnchens ausgew\u00e4hlt. Dank meiner erfolgreichen Bewerbung f\u00fcr den Bezirksausschusses soll die Genehmigung neuer Fl\u00e4chen f\u00fcr k\u00fcnstlerische Gestaltung bei uns im Viertel k\u00fcnftig schneller gehen.<\/p><p class=\"wp-block-post-excerpt__more-text\"><a class=\"wp-block-post-excerpt__more-link\" href=\"https:\/\/florina-vilgertshofer.de\/?p=1528\">mehr<\/a><\/p><\/div><\/div>\n<\/div>\n\n\n\n<div style=\"height:21px\" aria-hidden=\"true\" class=\"wp-block-spacer\"><\/div>\n\n\n\n<div style=\"height:23px\" aria-hidden=\"true\" class=\"wp-block-spacer\"><\/div>\n\n<\/li><li data-wp-key=\"post-template-item-1582\" class=\"wp-block-post post-1582 post type-post status-publish format-standard has-post-thumbnail hentry category-aktuelles category-bezirksausschuss tag-bezirksausschuss tag-maxvorstadt tag-schulwegsicherheit tag-verkehr\">\n\n<div class=\"wp-block-columns alignwide is-layout-flex wp-container-core-columns-is-layout-9d6595d7 wp-block-columns-is-layout-flex\">\n<div class=\"wp-block-column is-layout-flow wp-block-column-is-layout-flow\" style=\"flex-basis:30%\"><figure class=\"wp-block-post-featured-image\"><a href=\"https:\/\/florina-vilgertshofer.de\/?p=1582\" target=\"_self\"  ><img loading=\"lazy\" decoding=\"async\" width=\"2560\" height=\"1707\" src=\"https:\/\/florina-vilgertshofer.de\/wp-content\/uploads\/2025\/08\/verschwommene-stadtansicht-scaled.jpg\" class=\"attachment-post-thumbnail size-post-thumbnail wp-post-image\" alt=\"Dialogdisplays in den Stadtvierteln erm\u00f6glichen\" style=\"object-fit:cover;\" srcset=\"https:\/\/florina-vilgertshofer.de\/wp-content\/uploads\/2025\/08\/verschwommene-stadtansicht-scaled.jpg 2560w, https:\/\/florina-vilgertshofer.de\/wp-content\/uploads\/2025\/08\/verschwommene-stadtansicht-300x200.jpg 300w, https:\/\/florina-vilgertshofer.de\/wp-content\/uploads\/2025\/08\/verschwommene-stadtansicht-1024x683.jpg 1024w, https:\/\/florina-vilgertshofer.de\/wp-content\/uploads\/2025\/08\/verschwommene-stadtansicht-768x512.jpg 768w, https:\/\/florina-vilgertshofer.de\/wp-content\/uploads\/2025\/08\/verschwommene-stadtansicht-1536x1024.jpg 1536w, https:\/\/florina-vilgertshofer.de\/wp-content\/uploads\/2025\/08\/verschwommene-stadtansicht-2048x1365.jpg 2048w\" sizes=\"auto, (max-width: 2560px) 100vw, 2560px\" \/><\/a><\/figure><\/div>\n\n\n\n<div class=\"wp-block-column is-layout-flow wp-block-column-is-layout-flow\" style=\"flex-basis:70%\"><h2 class=\"wp-block-post-title\"><a href=\"https:\/\/florina-vilgertshofer.de\/?p=1582\" target=\"_self\" >Dialogdisplays in den Stadtvierteln erm\u00f6glichen<\/a><\/h2>\n\n<div class=\"wp-block-post-excerpt\"><p class=\"wp-block-post-excerpt__excerpt\">20. M\u00e4rz 2025 \u2022 Schulwegsicherheit ist ein sehr brisantes Thema in der Maxvorstadt. Mit drei Grundschulen in unseren dichtem Viertel mit teils hohem Verkehrsaufkommen ist es f\u00fcr die Sch\u00fclerinnen und Sch\u00fcler manchmal eine Herausforderung, den \u00dcberblick \u00fcber das Verkehrsgeschehen zu behalten.<\/p><p class=\"wp-block-post-excerpt__more-text\"><a class=\"wp-block-post-excerpt__more-link\" href=\"https:\/\/florina-vilgertshofer.de\/?p=1582\">mehr<\/a><\/p><\/div><\/div>\n<\/div>\n\n\n\n<div style=\"height:21px\" aria-hidden=\"true\" class=\"wp-block-spacer\"><\/div>\n\n\n\n<div style=\"height:23px\" aria-hidden=\"true\" class=\"wp-block-spacer\"><\/div>\n\n<\/li><li data-wp-key=\"post-template-item-1589\" class=\"wp-block-post post-1589 post type-post status-publish format-standard has-post-thumbnail hentry category-aktuelles category-bezirkstag tag-bezirkstag tag-musik tag-popularmusik\">\n\n<div class=\"wp-block-columns alignwide is-layout-flex wp-container-core-columns-is-layout-9d6595d7 wp-block-columns-is-layout-flex\">\n<div class=\"wp-block-column is-layout-flow wp-block-column-is-layout-flow\" style=\"flex-basis:30%\"><figure class=\"wp-block-post-featured-image\"><a href=\"https:\/\/florina-vilgertshofer.de\/?p=1589\" target=\"_self\"  ><img loading=\"lazy\" decoding=\"async\" width=\"420\" height=\"200\" src=\"https:\/\/florina-vilgertshofer.de\/wp-content\/uploads\/2025\/08\/IMG_0165-420x200-1.jpg\" class=\"attachment-post-thumbnail size-post-thumbnail wp-post-image\" alt=\"Anfrage zu Dienstort und Fahrzeiten des Popularmusikbeauftragten des Bezirks Oberbayern\" style=\"object-fit:cover;\" srcset=\"https:\/\/florina-vilgertshofer.de\/wp-content\/uploads\/2025\/08\/IMG_0165-420x200-1.jpg 420w, https:\/\/florina-vilgertshofer.de\/wp-content\/uploads\/2025\/08\/IMG_0165-420x200-1-300x143.jpg 300w\" sizes=\"auto, (max-width: 420px) 100vw, 420px\" \/><\/a><\/figure><\/div>\n\n\n\n<div class=\"wp-block-column is-layout-flow wp-block-column-is-layout-flow\" style=\"flex-basis:70%\"><h2 class=\"wp-block-post-title\"><a href=\"https:\/\/florina-vilgertshofer.de\/?p=1589\" target=\"_self\" >Anfrage zu Dienstort und Fahrzeiten des Popularmusikbeauftragten des Bezirks Oberbayern<\/a><\/h2>\n\n<div class=\"wp-block-post-excerpt\"><p class=\"wp-block-post-excerpt__excerpt\">27. Februar 2025 \u2022 Der Popularmusikbeauftragte im Bezirk Oberbayern ist zentrale Ansprechperson f\u00fcr Musiker*innen der Popularmusik. Er ber\u00e4t zur Profilentwicklung, zu rechtlichen Fragen wie GEMA, Vertragsgestaltung und Kulturf\u00f6rderung.<\/p><p class=\"wp-block-post-excerpt__more-text\"><a class=\"wp-block-post-excerpt__more-link\" href=\"https:\/\/florina-vilgertshofer.de\/?p=1589\">mehr<\/a><\/p><\/div><\/div>\n<\/div>\n\n\n\n<div style=\"height:21px\" aria-hidden=\"true\" class=\"wp-block-spacer\"><\/div>\n\n\n\n<div style=\"height:23px\" aria-hidden=\"true\" class=\"wp-block-spacer\"><\/div>\n\n<\/li><li data-wp-key=\"post-template-item-1494\" class=\"wp-block-post post-1494 post type-post status-publish format-standard has-post-thumbnail hentry category-aktuelles category-bezirksausschuss tag-bezirksausschuss tag-gruene tag-maxvorstadt\">\n\n<div class=\"wp-block-columns alignwide is-layout-flex wp-container-core-columns-is-layout-9d6595d7 wp-block-columns-is-layout-flex\">\n<div class=\"wp-block-column is-layout-flow wp-block-column-is-layout-flow\" style=\"flex-basis:30%\"><figure class=\"wp-block-post-featured-image\"><a href=\"https:\/\/florina-vilgertshofer.de\/?p=1494\" target=\"_self\"  ><img loading=\"lazy\" decoding=\"async\" width=\"516\" height=\"590\" src=\"https:\/\/florina-vilgertshofer.de\/wp-content\/uploads\/2024\/12\/Kunstareal_Karte_Muenchen_Maxvorstadt.jpg\" class=\"attachment-post-thumbnail size-post-thumbnail wp-post-image\" alt=\"Umsetzung des Ideenwettbewerbs OPEN KUNSTAREAL\" style=\"object-fit:cover;\" srcset=\"https:\/\/florina-vilgertshofer.de\/wp-content\/uploads\/2024\/12\/Kunstareal_Karte_Muenchen_Maxvorstadt.jpg 516w, https:\/\/florina-vilgertshofer.de\/wp-content\/uploads\/2024\/12\/Kunstareal_Karte_Muenchen_Maxvorstadt-262x300.jpg 262w\" sizes=\"auto, (max-width: 516px) 100vw, 516px\" \/><\/a><\/figure><\/div>\n\n\n\n<div class=\"wp-block-column is-layout-flow wp-block-column-is-layout-flow\" style=\"flex-basis:70%\"><h2 class=\"wp-block-post-title\"><a href=\"https:\/\/florina-vilgertshofer.de\/?p=1494\" target=\"_self\" >Umsetzung des Ideenwettbewerbs OPEN KUNSTAREAL<\/a><\/h2>\n\n<div class=\"wp-block-post-excerpt\"><p class=\"wp-block-post-excerpt__excerpt\">10. Dezember 2024 \u2022 Seit u\u0308ber 12 Jahren wird die Idee der Weiterentwicklung des Kunstareals zu einem zusammenh\u00e4ngenden Quartier auf verschiedenen politischen Ebenen diskutiert&#8230;<\/p><p class=\"wp-block-post-excerpt__more-text\"><a class=\"wp-block-post-excerpt__more-link\" href=\"https:\/\/florina-vilgertshofer.de\/?p=1494\">mehr<\/a><\/p><\/div><\/div>\n<\/div>\n\n\n\n<div style=\"height:21px\" aria-hidden=\"true\" class=\"wp-block-spacer\"><\/div>\n\n\n\n<div style=\"height:23px\" aria-hidden=\"true\" class=\"wp-block-spacer\"><\/div>\n\n<\/li><li data-wp-key=\"post-template-item-1480\" class=\"wp-block-post post-1480 post type-post status-publish format-standard has-post-thumbnail hentry category-aktuelles category-bezirksausschuss tag-bezirksausschuss tag-gruene tag-maxvorstadt\">\n\n<div class=\"wp-block-columns alignwide is-layout-flex wp-container-core-columns-is-layout-9d6595d7 wp-block-columns-is-layout-flex\">\n<div class=\"wp-block-column is-layout-flow wp-block-column-is-layout-flow\" style=\"flex-basis:30%\"><figure class=\"wp-block-post-featured-image\"><a href=\"https:\/\/florina-vilgertshofer.de\/?p=1480\" target=\"_self\"  ><img loading=\"lazy\" decoding=\"async\" width=\"2560\" height=\"1440\" src=\"https:\/\/florina-vilgertshofer.de\/wp-content\/uploads\/2024\/12\/Maxvorstadt_Muell_Bezirksausschus-scaled.jpeg\" class=\"attachment-post-thumbnail size-post-thumbnail wp-post-image\" alt=\"M\u00fcllflut in der Maxvorstadt eind\u00e4mmen!\" style=\"object-fit:cover;\" srcset=\"https:\/\/florina-vilgertshofer.de\/wp-content\/uploads\/2024\/12\/Maxvorstadt_Muell_Bezirksausschus-scaled.jpeg 2560w, https:\/\/florina-vilgertshofer.de\/wp-content\/uploads\/2024\/12\/Maxvorstadt_Muell_Bezirksausschus-300x169.jpeg 300w, https:\/\/florina-vilgertshofer.de\/wp-content\/uploads\/2024\/12\/Maxvorstadt_Muell_Bezirksausschus-1024x576.jpeg 1024w, https:\/\/florina-vilgertshofer.de\/wp-content\/uploads\/2024\/12\/Maxvorstadt_Muell_Bezirksausschus-768x432.jpeg 768w, https:\/\/florina-vilgertshofer.de\/wp-content\/uploads\/2024\/12\/Maxvorstadt_Muell_Bezirksausschus-1536x864.jpeg 1536w, https:\/\/florina-vilgertshofer.de\/wp-content\/uploads\/2024\/12\/Maxvorstadt_Muell_Bezirksausschus-2048x1152.jpeg 2048w\" sizes=\"auto, (max-width: 2560px) 100vw, 2560px\" \/><\/a><\/figure><\/div>\n\n\n\n<div class=\"wp-block-column is-layout-flow wp-block-column-is-layout-flow\" style=\"flex-basis:70%\"><h2 class=\"wp-block-post-title\"><a href=\"https:\/\/florina-vilgertshofer.de\/?p=1480\" target=\"_self\" >M\u00fcllflut in der Maxvorstadt eind\u00e4mmen!<\/a><\/h2>\n\n<div class=\"wp-block-post-excerpt\"><p class=\"wp-block-post-excerpt__excerpt\">4. Dezember 2024 \u2022 Um M\u00fcll von Einwegverpackungen zu reduzieren, gibt es seit Januar 2023 eine Pflicht f\u00fcr Gastronomiebetriebe, Mehrwegverpackungen anzubieten &#8211; jedenfalls ab einer gewissen Gr\u00f6\u00dfe.<\/p><p class=\"wp-block-post-excerpt__more-text\"><a class=\"wp-block-post-excerpt__more-link\" href=\"https:\/\/florina-vilgertshofer.de\/?p=1480\">mehr<\/a><\/p><\/div><\/div>\n<\/div>\n\n\n\n<div style=\"height:21px\" aria-hidden=\"true\" class=\"wp-block-spacer\"><\/div>\n\n\n\n<div style=\"height:23px\" aria-hidden=\"true\" class=\"wp-block-spacer\"><\/div>\n\n<\/li><\/ul><\/div>\n","protected":false},"excerpt":{"rendered":"<p>Als Sprecherin des Ortsverbandes M\u00fcnchen Schwabing und der Arbeitskreis Kultur bringe ich mit in meiner Partei mit politischen Impulsen ein. Im Bezirksausschuss der Maxvorstadt (BA 3) setzte ich als Unterausschussvorsitzende [&hellip;]<\/p>\n","protected":false},"author":1,"featured_media":0,"parent":0,"menu_order":0,"comment_status":"closed","ping_status":"closed","template":"","meta":{"footnotes":""},"class_list":["post-416","page","type-page","status-publish","hentry"],"yoast_head":"<!-- This site is optimized with the Yoast SEO plugin v25.7 - https:\/\/yoast.com\/wordpress\/plugins\/seo\/ -->\n<title>Meine politische Arbeit - Florina Vilgertshofer<\/title>\n<meta name=\"robots\" content=\"index, follow, max-snippet:-1, max-image-preview:large, max-video-preview:-1\" \/>\n<link rel=\"canonical\" href=\"https:\/\/florina-vilgertshofer.de\/?page_id=416\" \/>\n<meta property=\"og:locale\" content=\"de_DE\" \/>\n<meta property=\"og:type\" content=\"article\" \/>\n<meta property=\"og:title\" content=\"Meine politische Arbeit - Florina Vilgertshofer\" \/>\n<meta property=\"og:description\" content=\"Als Sprecherin des Ortsverbandes M\u00fcnchen Schwabing und der Arbeitskreis Kultur bringe ich mit in meiner Partei mit politischen Impulsen ein. Im Bezirksausschuss der Maxvorstadt (BA 3) setzte ich als Unterausschussvorsitzende [&hellip;]\" \/>\n<meta property=\"og:url\" content=\"https:\/\/florina-vilgertshofer.de\/?page_id=416\" \/>\n<meta property=\"og:site_name\" content=\"Florina Vilgertshofer\" \/>\n<meta property=\"article:publisher\" content=\"https:\/\/www.facebook.com\/minny.cooper.9\" \/>\n<meta property=\"article:modified_time\" content=\"2024-09-06T15:31:12+00:00\" \/>\n<meta property=\"og:image\" content=\"http:\/\/florina-vilgertshofer.de\/wp-content\/uploads\/2023\/08\/LDK_Gruene_Bayern_Team-BAyern-mit-Dir.jpg\" \/>\n<meta name=\"twitter:card\" content=\"summary_large_image\" \/>\n<meta name=\"twitter:label1\" content=\"Gesch\u00e4tzte Lesezeit\" \/>\n\t<meta name=\"twitter:data1\" content=\"1\u00a0Minute\" \/>\n<script type=\"application\/ld+json\" class=\"yoast-schema-graph\">{\"@context\":\"https:\/\/schema.org\",\"@graph\":[{\"@type\":\"WebPage\",\"@id\":\"https:\/\/florina-vilgertshofer.de\/?page_id=416\",\"url\":\"https:\/\/florina-vilgertshofer.de\/?page_id=416\",\"name\":\"Meine politische Arbeit - Florina Vilgertshofer\",\"isPartOf\":{\"@id\":\"https:\/\/florina-vilgertshofer.de\/#website\"},\"primaryImageOfPage\":{\"@id\":\"https:\/\/florina-vilgertshofer.de\/?page_id=416#primaryimage\"},\"image\":{\"@id\":\"https:\/\/florina-vilgertshofer.de\/?page_id=416#primaryimage\"},\"thumbnailUrl\":\"http:\/\/florina-vilgertshofer.de\/wp-content\/uploads\/2023\/08\/LDK_Gruene_Bayern_Team-BAyern-mit-Dir.jpg\",\"datePublished\":\"2023-05-02T21:56:00+00:00\",\"dateModified\":\"2024-09-06T15:31:12+00:00\",\"breadcrumb\":{\"@id\":\"https:\/\/florina-vilgertshofer.de\/?page_id=416#breadcrumb\"},\"inLanguage\":\"de\",\"potentialAction\":[{\"@type\":\"ReadAction\",\"target\":[\"https:\/\/florina-vilgertshofer.de\/?page_id=416\"]}]},{\"@type\":\"ImageObject\",\"inLanguage\":\"de\",\"@id\":\"https:\/\/florina-vilgertshofer.de\/?page_id=416#primaryimage\",\"url\":\"http:\/\/florina-vilgertshofer.de\/wp-content\/uploads\/2023\/08\/LDK_Gruene_Bayern_Team-BAyern-mit-Dir.jpg\",\"contentUrl\":\"http:\/\/florina-vilgertshofer.de\/wp-content\/uploads\/2023\/08\/LDK_Gruene_Bayern_Team-BAyern-mit-Dir.jpg\"},{\"@type\":\"BreadcrumbList\",\"@id\":\"https:\/\/florina-vilgertshofer.de\/?page_id=416#breadcrumb\",\"itemListElement\":[{\"@type\":\"ListItem\",\"position\":1,\"name\":\"Startseite\",\"item\":\"https:\/\/florina-vilgertshofer.de\/\"},{\"@type\":\"ListItem\",\"position\":2,\"name\":\"Meine politische Arbeit\"}]},{\"@type\":\"WebSite\",\"@id\":\"https:\/\/florina-vilgertshofer.de\/#website\",\"url\":\"https:\/\/florina-vilgertshofer.de\/\",\"name\":\"Florina Vilgertshofer\",\"description\":\"Bezirksr\u00e4tin I Kulturpolitikerin\",\"publisher\":{\"@id\":\"https:\/\/florina-vilgertshofer.de\/#\/schema\/person\/c634068ffbadf5345d5be6795bfe2fe7\"},\"alternateName\":\"Fina Vilgertshofer\",\"potentialAction\":[{\"@type\":\"SearchAction\",\"target\":{\"@type\":\"EntryPoint\",\"urlTemplate\":\"https:\/\/florina-vilgertshofer.de\/?s={search_term_string}\"},\"query-input\":{\"@type\":\"PropertyValueSpecification\",\"valueRequired\":true,\"valueName\":\"search_term_string\"}}],\"inLanguage\":\"de\"},{\"@type\":[\"Person\",\"Organization\"],\"@id\":\"https:\/\/florina-vilgertshofer.de\/#\/schema\/person\/c634068ffbadf5345d5be6795bfe2fe7\",\"name\":\"admin\",\"image\":{\"@type\":\"ImageObject\",\"inLanguage\":\"de\",\"@id\":\"https:\/\/florina-vilgertshofer.de\/#\/schema\/person\/image\/\",\"url\":\"http:\/\/florina-vilgertshofer.de\/wp-content\/uploads\/2023\/02\/florina-vilgertshofer-gruene-muenchen-schwabing-kandidatin-bezirkstag_breit-scaled.jpg\",\"contentUrl\":\"http:\/\/florina-vilgertshofer.de\/wp-content\/uploads\/2023\/02\/florina-vilgertshofer-gruene-muenchen-schwabing-kandidatin-bezirkstag_breit-scaled.jpg\",\"width\":2560,\"height\":1209,\"caption\":\"admin\"},\"logo\":{\"@id\":\"https:\/\/florina-vilgertshofer.de\/#\/schema\/person\/image\/\"},\"sameAs\":[\"http:\/\/florina-vilgertshofer.de\",\"https:\/\/www.facebook.com\/minny.cooper.9\",\"https:\/\/www.instagram.com\/finafinch\/\",\"https:\/\/www.linkedin.com\/in\/florina-fina-vilgertshofer-a5320093\/\"]}]}<\/script>\n<!-- \/ Yoast SEO plugin. -->","yoast_head_json":{"title":"Meine politische Arbeit - Florina Vilgertshofer","robots":{"index":"index","follow":"follow","max-snippet":"max-snippet:-1","max-image-preview":"max-image-preview:large","max-video-preview":"max-video-preview:-1"},"canonical":"https:\/\/florina-vilgertshofer.de\/?page_id=416","og_locale":"de_DE","og_type":"article","og_title":"Meine politische Arbeit - Florina Vilgertshofer","og_description":"Als Sprecherin des Ortsverbandes M\u00fcnchen Schwabing und der Arbeitskreis Kultur bringe ich mit in meiner Partei mit politischen Impulsen ein. Im Bezirksausschuss der Maxvorstadt (BA 3) setzte ich als Unterausschussvorsitzende [&hellip;]","og_url":"https:\/\/florina-vilgertshofer.de\/?page_id=416","og_site_name":"Florina Vilgertshofer","article_publisher":"https:\/\/www.facebook.com\/minny.cooper.9","article_modified_time":"2024-09-06T15:31:12+00:00","og_image":[{"url":"http:\/\/florina-vilgertshofer.de\/wp-content\/uploads\/2023\/08\/LDK_Gruene_Bayern_Team-BAyern-mit-Dir.jpg","type":"","width":"","height":""}],"twitter_card":"summary_large_image","twitter_misc":{"Gesch\u00e4tzte Lesezeit":"1\u00a0Minute"},"schema":{"@context":"https:\/\/schema.org","@graph":[{"@type":"WebPage","@id":"https:\/\/florina-vilgertshofer.de\/?page_id=416","url":"https:\/\/florina-vilgertshofer.de\/?page_id=416","name":"Meine politische Arbeit - Florina Vilgertshofer","isPartOf":{"@id":"https:\/\/florina-vilgertshofer.de\/#website"},"primaryImageOfPage":{"@id":"https:\/\/florina-vilgertshofer.de\/?page_id=416#primaryimage"},"image":{"@id":"https:\/\/florina-vilgertshofer.de\/?page_id=416#primaryimage"},"thumbnailUrl":"http:\/\/florina-vilgertshofer.de\/wp-content\/uploads\/2023\/08\/LDK_Gruene_Bayern_Team-BAyern-mit-Dir.jpg","datePublished":"2023-05-02T21:56:00+00:00","dateModified":"2024-09-06T15:31:12+00:00","breadcrumb":{"@id":"https:\/\/florina-vilgertshofer.de\/?page_id=416#breadcrumb"},"inLanguage":"de","potentialAction":[{"@type":"ReadAction","target":["https:\/\/florina-vilgertshofer.de\/?page_id=416"]}]},{"@type":"ImageObject","inLanguage":"de","@id":"https:\/\/florina-vilgertshofer.de\/?page_id=416#primaryimage","url":"http:\/\/florina-vilgertshofer.de\/wp-content\/uploads\/2023\/08\/LDK_Gruene_Bayern_Team-BAyern-mit-Dir.jpg","contentUrl":"http:\/\/florina-vilgertshofer.de\/wp-content\/uploads\/2023\/08\/LDK_Gruene_Bayern_Team-BAyern-mit-Dir.jpg"},{"@type":"BreadcrumbList","@id":"https:\/\/florina-vilgertshofer.de\/?page_id=416#breadcrumb","itemListElement":[{"@type":"ListItem","position":1,"name":"Startseite","item":"https:\/\/florina-vilgertshofer.de\/"},{"@type":"ListItem","position":2,"name":"Meine politische Arbeit"}]},{"@type":"WebSite","@id":"https:\/\/florina-vilgertshofer.de\/#website","url":"https:\/\/florina-vilgertshofer.de\/","name":"Florina Vilgertshofer","description":"Bezirksr\u00e4tin I Kulturpolitikerin","publisher":{"@id":"https:\/\/florina-vilgertshofer.de\/#\/schema\/person\/c634068ffbadf5345d5be6795bfe2fe7"},"alternateName":"Fina Vilgertshofer","potentialAction":[{"@type":"SearchAction","target":{"@type":"EntryPoint","urlTemplate":"https:\/\/florina-vilgertshofer.de\/?s={search_term_string}"},"query-input":{"@type":"PropertyValueSpecification","valueRequired":true,"valueName":"search_term_string"}}],"inLanguage":"de"},{"@type":["Person","Organization"],"@id":"https:\/\/florina-vilgertshofer.de\/#\/schema\/person\/c634068ffbadf5345d5be6795bfe2fe7","name":"admin","image":{"@type":"ImageObject","inLanguage":"de","@id":"https:\/\/florina-vilgertshofer.de\/#\/schema\/person\/image\/","url":"http:\/\/florina-vilgertshofer.de\/wp-content\/uploads\/2023\/02\/florina-vilgertshofer-gruene-muenchen-schwabing-kandidatin-bezirkstag_breit-scaled.jpg","contentUrl":"http:\/\/florina-vilgertshofer.de\/wp-content\/uploads\/2023\/02\/florina-vilgertshofer-gruene-muenchen-schwabing-kandidatin-bezirkstag_breit-scaled.jpg","width":2560,"height":1209,"caption":"admin"},"logo":{"@id":"https:\/\/florina-vilgertshofer.de\/#\/schema\/person\/image\/"},"sameAs":["http:\/\/florina-vilgertshofer.de","https:\/\/www.facebook.com\/minny.cooper.9","https:\/\/www.instagram.com\/finafinch\/","https:\/\/www.linkedin.com\/in\/florina-fina-vilgertshofer-a5320093\/"]}]}},"_links":{"self":[{"href":"https:\/\/florina-vilgertshofer.de\/index.php?rest_route=\/wp\/v2\/pages\/416","targetHints":{"allow":["GET"]}}],"collection":[{"href":"https:\/\/florina-vilgertshofer.de\/index.php?rest_route=\/wp\/v2\/pages"}],"about":[{"href":"https:\/\/florina-vilgertshofer.de\/index.php?rest_route=\/wp\/v2\/types\/page"}],"author":[{"embeddable":true,"href":"https:\/\/florina-vilgertshofer.de\/index.php?rest_route=\/wp\/v2\/users\/1"}],"replies":[{"embeddable":true,"href":"https:\/\/florina-vilgertshofer.de\/index.php?rest_route=%2Fwp%2Fv2%2Fcomments&post=416"}],"version-history":[{"count":30,"href":"https:\/\/florina-vilgertshofer.de\/index.php?rest_route=\/wp\/v2\/pages\/416\/revisions"}],"predecessor-version":[{"id":1459,"href":"https:\/\/florina-vilgertshofer.de\/index.php?rest_route=\/wp\/v2\/pages\/416\/revisions\/1459"}],"wp:attachment":[{"href":"https:\/\/florina-vilgertshofer.de\/index.php?rest_route=%2Fwp%2Fv2%2Fmedia&parent=416"}],"curies":[{"name":"wp","href":"https:\/\/api.w.org\/{rel}","templated":true}]}}