{"id":297,"date":"2023-03-04T18:49:05","date_gmt":"2023-03-04T18:49:05","guid":{"rendered":"https:\/\/florina-vilgertshofer.de\/?page_id=297"},"modified":"2026-08-28T19:14:15","modified_gmt":"2026-08-28T19:14:15","slug":"ueber-mich","status":"publish","type":"page","link":"https:\/\/florina-vilgertshofer.de\/?page_id=297","title":{"rendered":"\u00dcber mich"},"content":{"rendered":"\n<div class=\"wp-block-cover\" style=\"min-height:550px;aspect-ratio:unset;\"><img loading=\"lazy\" decoding=\"async\" width=\"1024\" height=\"683\" class=\"wp-block-cover__image-background wp-image-1654 size-large\" alt=\"\" src=\"http:\/\/florina-vilgertshofer.de\/wp-content\/uploads\/2026\/02\/signal-2026-02-08-230838_002-1024x683.jpeg\" style=\"object-position:45% 13%\" data-object-fit=\"cover\" data-object-position=\"45% 13%\" srcset=\"https:\/\/florina-vilgertshofer.de\/wp-content\/uploads\/2026\/02\/signal-2026-02-08-230838_002-1024x683.jpeg 1024w, https:\/\/florina-vilgertshofer.de\/wp-content\/uploads\/2026\/02\/signal-2026-02-08-230838_002-300x200.jpeg 300w, https:\/\/florina-vilgertshofer.de\/wp-content\/uploads\/2026\/02\/signal-2026-02-08-230838_002-768x512.jpeg 768w, https:\/\/florina-vilgertshofer.de\/wp-content\/uploads\/2026\/02\/signal-2026-02-08-230838_002-1536x1025.jpeg 1536w, https:\/\/florina-vilgertshofer.de\/wp-content\/uploads\/2026\/02\/signal-2026-02-08-230838_002.jpeg 2048w\" sizes=\"auto, (max-width: 1024px) 100vw, 1024px\" \/><span aria-hidden=\"true\" class=\"wp-block-cover__background has-background-dim-0 has-background-dim\" style=\"background-color:#4f3a2c\"><\/span><div class=\"wp-block-cover__inner-container is-layout-flow wp-block-cover-is-layout-flow\">\n<h4 class=\"wp-block-heading has-text-align-left has-pt-sans-font-family\" style=\"font-size:clamp(28.836px, 1.802rem + ((1vw - 3.2px) * 2.405), 50px);font-style:normal;font-weight:400;text-transform:uppercase\">\u00dcBER MICH<\/h4>\n<\/div><\/div>\n\n\n\n<hr class=\"wp-block-separator has-alpha-channel-opacity\"\/>\n\n\n\n<p class=\"has-text-align-center has-pt-sans-font-family wp-block-paragraph\" style=\"font-size:clamp(17.905px, 1.119rem + ((1vw - 3.2px) * 1.147), 28px);font-style:normal;font-weight:400;letter-spacing:0px;text-transform:uppercase\">Bezirksr\u00e4tin I Kulturmanagerin I Feministin <\/p>\n\n\n\n<hr class=\"wp-block-separator has-alpha-channel-opacity\"\/>\n\n\n\n<div class=\"wp-block-columns is-layout-flex wp-container-core-columns-is-layout-8f761849 wp-block-columns-is-layout-flex\">\n<div class=\"wp-block-column is-layout-flow wp-block-column-is-layout-flow\" style=\"flex-basis:100%\">\n<div class=\"wp-block-columns is-layout-flex wp-container-core-columns-is-layout-8f761849 wp-block-columns-is-layout-flex\">\n<div class=\"wp-block-column is-layout-flow wp-block-column-is-layout-flow\" style=\"flex-basis:30px\"><\/div>\n\n\n\n<div class=\"wp-block-column is-layout-flow wp-block-column-is-layout-flow\" style=\"flex-basis:70%\">\n<p class=\"has-klee-color has-text-color has-link-color has-pt-sans-font-family has-medium-font-size wp-elements-1 wp-block-paragraph\" style=\"font-style:normal;font-weight:400\">WAS MICH ANTREIBT<\/p>\n\n\n\n<p class=\"wp-block-paragraph\">Politik machen bedeutet f\u00fcr mich, sich in Debatten einzumischen, sie mitzugestalten und mitzubestimmen. Denn unser Land und unsere Kommunen stehen vor tiefgreifenden Ver\u00e4nderungen, damit wir hier auch in Zukunft gut und gern leben k\u00f6nnen. Der Austausch mit der Zivilgesellschaft, der Dialog mit den Menschen \u2013 online wie offline \u2013 sind ein wichtiger Teil meiner politischen Arbeit. Denn es ist die Aufgabe unserer Mandatstr\u00e4ger*innen, verschiedene Perspektiven zusammenzuf\u00fchren. Mir ist es wichtig, dass Debatten sachlich gef\u00fchrt werden \u2013 ich will Menschen f\u00fcr unsere Positionen gewinnen, nicht sie belehren oder abwerten. So entsteht das gegenseitige Verst\u00e4ndnis, das unsere demokratische Gesellschaft zusammenh\u00e4lt.<\/p>\n\n\n\n<p class=\"wp-block-paragraph\">Bei den Gr\u00fcnen bin ich, weil Nachhaltigkeit auf allen Ebenen f\u00fcr mich die Grundlage politischen Handelns ist \u2013 und wir sind die Partei, die dieses Verst\u00e4ndnis verinnerlicht hat, ohne dabei ideologisch zu werden. Genauso wichtig ist mir, dass wir uns als Partei wandeln und weiterentwickeln k\u00f6nnen, wenn sich die Welt ver\u00e4ndert: Das zeigt sich daran, wie wir die Klimakrise von einem Nischenthema zum gesellschaftlichen Konsens gemacht haben, aber auch daran, wie wir unser Verst\u00e4ndnis von Verteidigung und Sicherheit angesichts des Angriffskriegs auf die Ukraine neu bewertet und diskutiert haben. Diese F\u00e4higkeit, uns weiterzuentwickeln, ohne unsere Grundwerte zu verlieren, macht f\u00fcr mich verantwortungsvolles politisches Handeln erst m\u00f6glich.<\/p>\n\n\n\n<p class=\"wp-block-paragraph\">Die gr\u00f6\u00dfte Gefahr f\u00fcr unsere freiheitliche und liberale Gesellschaft ist in meinen Augen die Polarisierung der politischen Debatte und der damit einhergehende Rechtsruck. Diese Entwicklung macht deutlich, dass Demokratie nicht nur von Wahlen lebt, sondern davon, dass Menschen tats\u00e4chlich teilhaben k\u00f6nnen und sich im politischen und gesellschaftlichen Diskurs wiederfinden \u2013 kulturell genauso wie wirtschaftlich. Dazu will ich mit meiner politischen Arbeit und mit meinen Schwerpunktthemen, Wohnungs- und Kulturpolitik, einen Beitrag leisten.<\/p>\n\n\n\n<p class=\"wp-block-paragraph\">Um bezahlbaren Wohnraum langfristig zu sichern, gibt es eine lange Liste an kleinen Stellschrauben, die L\u00e4nder, Kommunen oder der Bund drehen k\u00f6nnen: F\u00f6rderung von Sozialwohnungsbau, Umnutzungsf\u00f6rderung, Mietpreisbremsen und Unterst\u00fctzung von Genossenschaften und vieles mehr. All diese Instrumente sind in meinen Augen wichtig, doch einer der gr\u00f6\u00dften Hebel, wenn es um bezahlbaren Wohnraum geht, sind die derzeitigen Bodenpreise, die massive Auswirkungen auf Kauf- und Mietpreise haben, sowohl bei Neubau wie auch im Bestand. Deshalb fokussiere ich mich auf eine aktive Bodenpolitik, um die \u00f6ffentliche Hand wieder zum echten Player zu machen. Nat\u00fcrlich m\u00fcssen auch \u00f6kologische Aspekte beim Thema Wohnen mitgedacht werden, denn wer beim Bauen und Sanieren an der \u00d6kologie spart, zahlt morgen doppelt: in der Nebenkostenabrechnung.<\/p>\n\n\n\n<p class=\"wp-block-paragraph\">In der Kulturpolitik geht es mir darum, den Kulturbegriff weiter zu fassen, als er heute oft verstanden wird: Menschen und Gruppen, die bisher wenig sichtbar sind, m\u00fcssen ganz selbstverst\u00e4ndlich Teil unserer kulturellen Infrastruktur werden. Wenn das hei\u00dft, die Verteilung von Mitteln und Ressourcen auf den Pr\u00fcfstand zu stellen, dann ist das Arbeit, die sich in meinen Augen lohnt, um unser kulturelles Kapital langfristig auf solide F\u00fc\u00dfe zu stellen, mit breitem R\u00fcckhalt aus der Bev\u00f6lkerung. Kultur ist f\u00fcr mich nicht nur Auftrag, sondern auch Unterhaltung, Zerstreuung und Inspiration \u2013 die Formen, in denen wir erz\u00e4hlen, ausdr\u00fccken und Emotionen teilen, machen uns als Gesellschaft aus, und Politik darf das ruhig auch als das begreifen, was es ist: bereichernd.<\/p>\n\n\n\n<div style=\"height:25px\" aria-hidden=\"true\" class=\"wp-block-spacer\"><\/div>\n\n\n\n<p class=\"has-klee-color has-text-color has-link-color has-pt-sans-font-family wp-elements-2 wp-block-paragraph\">MEINE WURZELN<\/p>\n\n\n\n<p class=\"wp-block-paragraph\">Als echtes M\u00fcnchner Kindl bin ich im S\u00fcden unserer Stadt aufgewachsen und habe nicht erst durch mein Studium im Norden gelernt, warum M\u00fcnchen mit seinen Kinos, Theatern und Kneipen, der wundersch\u00f6nen renaturierten Isar, den umliegenden Badeseen und der N\u00e4he zu den Bergen so lebenswert ist. Meine Liebe zur Natur wurde stark durch mein Elternhaus gepr\u00e4gt: Dort war es normal, regional und wenn m\u00f6glich Bio einzukaufen, M\u00fcll zu vermeiden und auch bei nicht grandiosem Wetter mit dem Fahrrad zu fahren. Die Sommer meiner Kindheit habe ich dank der Diplomarbeit meiner Eltern in den oberbayerischen Mooren verbracht. Meine Faszination f\u00fcr unsere Natur und Umwelt und der unbedingte Wunsch, diese zu sch\u00fctzen, entspringt dieser Zeit.<\/p>\n\n\n\n<p class=\"wp-block-paragraph\">Doch auch Film und Musik haben mich fr\u00fch begeistert und meinen Berufsweg gepr\u00e4gt: Als Kulturmanagerin war ich lange in der freien Theaterszene unterwegs und habe f\u00fcr verschiedene internationale Filmfestivals gearbeitet, bis ich 2021 als Referentin f\u00fcr Kultur und Medien der Gr\u00fcnen Landtagsfraktion meine beiden Leidenschaften \u2013 Kultur und Politik \u2013 auch beruflich vereinen konnte.<\/p>\n\n\n\n<p class=\"wp-block-paragraph\">Im Herbst 2025 wurde mein privates Leben durch die Geburt meiner Tochter bereichert. Seitdem erlebe ich tagt\u00e4glich die Herausforderungen, die die Vereinbarkeit von politischem Engagement, Job und Sorgearbeit mit sich bringt. Dabei bin ich dankbar daf\u00fcr, dass unsere Partei mir hier so viele Role Models an die Hand gibt \u2013 das gibt Kraft und Mut, und beides ist f\u00fcr das oftmals raue politische Gesch\u00e4ft ein echtes Pfund.<\/p>\n<\/div>\n\n\n\n<div class=\"wp-block-column is-layout-flow wp-block-column-is-layout-flow\" style=\"flex-basis:40%\">\n<div style=\"height:37px\" aria-hidden=\"true\" class=\"wp-block-spacer\"><\/div>\n\n\n\n<figure class=\"wp-block-image size-large\"><img loading=\"lazy\" decoding=\"async\" width=\"1280\" height=\"1280\" src=\"https:\/\/florina-vilgertshofer.de\/wp-content\/uploads\/2026\/08\/IMG_5432_hd-edited.jpg\" alt=\"\" class=\"wp-image-1841\" style=\"aspect-ratio:1;object-fit:cover\" srcset=\"https:\/\/florina-vilgertshofer.de\/wp-content\/uploads\/2026\/08\/IMG_5432_hd-edited.jpg 1280w, https:\/\/florina-vilgertshofer.de\/wp-content\/uploads\/2026\/08\/IMG_5432_hd-edited-300x300.jpg 300w, https:\/\/florina-vilgertshofer.de\/wp-content\/uploads\/2026\/08\/IMG_5432_hd-edited-1024x1024.jpg 1024w, https:\/\/florina-vilgertshofer.de\/wp-content\/uploads\/2026\/08\/IMG_5432_hd-edited-150x150.jpg 150w, https:\/\/florina-vilgertshofer.de\/wp-content\/uploads\/2026\/08\/IMG_5432_hd-edited-768x768.jpg 768w\" sizes=\"auto, (max-width: 1280px) 100vw, 1280px\" \/><\/figure>\n\n\n\n<div style=\"height:25px\" aria-hidden=\"true\" class=\"wp-block-spacer\"><\/div>\n\n\n\n<figure class=\"wp-block-image size-large\"><img loading=\"lazy\" decoding=\"async\" width=\"1530\" height=\"1530\" src=\"https:\/\/florina-vilgertshofer.de\/wp-content\/uploads\/2026\/08\/Hierneis-Christian-Florina-Vilgertshofer-Direktkandidaten-Gruene-Schwabing-LTW-2023-edited.jpg\" alt=\"\" class=\"wp-image-1844\" srcset=\"https:\/\/florina-vilgertshofer.de\/wp-content\/uploads\/2026\/08\/Hierneis-Christian-Florina-Vilgertshofer-Direktkandidaten-Gruene-Schwabing-LTW-2023-edited.jpg 1530w, https:\/\/florina-vilgertshofer.de\/wp-content\/uploads\/2026\/08\/Hierneis-Christian-Florina-Vilgertshofer-Direktkandidaten-Gruene-Schwabing-LTW-2023-edited-300x300.jpg 300w, https:\/\/florina-vilgertshofer.de\/wp-content\/uploads\/2026\/08\/Hierneis-Christian-Florina-Vilgertshofer-Direktkandidaten-Gruene-Schwabing-LTW-2023-edited-1024x1024.jpg 1024w, https:\/\/florina-vilgertshofer.de\/wp-content\/uploads\/2026\/08\/Hierneis-Christian-Florina-Vilgertshofer-Direktkandidaten-Gruene-Schwabing-LTW-2023-edited-150x150.jpg 150w, https:\/\/florina-vilgertshofer.de\/wp-content\/uploads\/2026\/08\/Hierneis-Christian-Florina-Vilgertshofer-Direktkandidaten-Gruene-Schwabing-LTW-2023-edited-768x768.jpg 768w\" sizes=\"auto, (max-width: 1530px) 100vw, 1530px\" \/><\/figure>\n\n\n\n<div style=\"height:25px\" aria-hidden=\"true\" class=\"wp-block-spacer\"><\/div>\n\n\n\n<figure class=\"wp-block-image size-full\"><img loading=\"lazy\" decoding=\"async\" width=\"1536\" height=\"1536\" src=\"https:\/\/florina-vilgertshofer.de\/wp-content\/uploads\/2026\/08\/IMG_4788-edited.jpg\" alt=\"\" class=\"wp-image-1848\" srcset=\"https:\/\/florina-vilgertshofer.de\/wp-content\/uploads\/2026\/08\/IMG_4788-edited.jpg 1536w, https:\/\/florina-vilgertshofer.de\/wp-content\/uploads\/2026\/08\/IMG_4788-edited-300x300.jpg 300w, https:\/\/florina-vilgertshofer.de\/wp-content\/uploads\/2026\/08\/IMG_4788-edited-1024x1024.jpg 1024w, https:\/\/florina-vilgertshofer.de\/wp-content\/uploads\/2026\/08\/IMG_4788-edited-150x150.jpg 150w, https:\/\/florina-vilgertshofer.de\/wp-content\/uploads\/2026\/08\/IMG_4788-edited-768x768.jpg 768w\" sizes=\"auto, (max-width: 1536px) 100vw, 1536px\" \/><\/figure>\n\n\n\n<div style=\"height:25px\" aria-hidden=\"true\" class=\"wp-block-spacer\"><\/div>\n\n\n\n<figure class=\"wp-block-image size-large\"><img loading=\"lazy\" decoding=\"async\" width=\"1024\" height=\"1024\" src=\"https:\/\/florina-vilgertshofer.de\/wp-content\/uploads\/2026\/08\/IMG_6157-1024x1024.jpg\" alt=\"\" class=\"wp-image-1849\" srcset=\"https:\/\/florina-vilgertshofer.de\/wp-content\/uploads\/2026\/08\/IMG_6157-1024x1024.jpg 1024w, https:\/\/florina-vilgertshofer.de\/wp-content\/uploads\/2026\/08\/IMG_6157-300x300.jpg 300w, https:\/\/florina-vilgertshofer.de\/wp-content\/uploads\/2026\/08\/IMG_6157-150x150.jpg 150w, https:\/\/florina-vilgertshofer.de\/wp-content\/uploads\/2026\/08\/IMG_6157-768x768.jpg 768w, https:\/\/florina-vilgertshofer.de\/wp-content\/uploads\/2026\/08\/IMG_6157-1536x1536.jpg 1536w, https:\/\/florina-vilgertshofer.de\/wp-content\/uploads\/2026\/08\/IMG_6157.jpg 2048w\" sizes=\"auto, (max-width: 1024px) 100vw, 1024px\" \/><\/figure>\n\n\n\n<div style=\"height:25px\" aria-hidden=\"true\" class=\"wp-block-spacer\"><\/div>\n\n\n\n<figure class=\"wp-block-image size-large\"><img loading=\"lazy\" decoding=\"async\" width=\"1536\" height=\"1536\" src=\"https:\/\/florina-vilgertshofer.de\/wp-content\/uploads\/2026\/08\/Haustuerwahlkampf-Gruene-Florina-Vilgertshofer-Lehel-Treppenhaus-edited.jpeg\" alt=\"\" class=\"wp-image-1842\" srcset=\"https:\/\/florina-vilgertshofer.de\/wp-content\/uploads\/2026\/08\/Haustuerwahlkampf-Gruene-Florina-Vilgertshofer-Lehel-Treppenhaus-edited.jpeg 1536w, https:\/\/florina-vilgertshofer.de\/wp-content\/uploads\/2026\/08\/Haustuerwahlkampf-Gruene-Florina-Vilgertshofer-Lehel-Treppenhaus-edited-300x300.jpeg 300w, https:\/\/florina-vilgertshofer.de\/wp-content\/uploads\/2026\/08\/Haustuerwahlkampf-Gruene-Florina-Vilgertshofer-Lehel-Treppenhaus-edited-1024x1024.jpeg 1024w, https:\/\/florina-vilgertshofer.de\/wp-content\/uploads\/2026\/08\/Haustuerwahlkampf-Gruene-Florina-Vilgertshofer-Lehel-Treppenhaus-edited-150x150.jpeg 150w, https:\/\/florina-vilgertshofer.de\/wp-content\/uploads\/2026\/08\/Haustuerwahlkampf-Gruene-Florina-Vilgertshofer-Lehel-Treppenhaus-edited-768x768.jpeg 768w\" sizes=\"auto, (max-width: 1536px) 100vw, 1536px\" \/><\/figure>\n<\/div>\n<\/div>\n<\/div>\n<\/div>\n\n\n\n<hr class=\"wp-block-separator has-alpha-channel-opacity\"\/>\n\n\n\n<div class=\"wp-block-columns is-layout-flex wp-container-core-columns-is-layout-8f761849 wp-block-columns-is-layout-flex\">\n<div class=\"wp-block-column is-layout-flow wp-block-column-is-layout-flow\" style=\"flex-basis:100%\">\n<div class=\"wp-block-columns is-layout-flex wp-container-core-columns-is-layout-8f761849 wp-block-columns-is-layout-flex\">\n<div class=\"wp-block-column is-layout-flow wp-block-column-is-layout-flow\" style=\"flex-basis:30px\">\n<p class=\"has-klee-color has-text-color has-link-color has-pt-sans-font-family wp-elements-3 wp-block-paragraph\"><\/p>\n<\/div>\n\n\n\n<div class=\"wp-block-column is-layout-flow wp-block-column-is-layout-flow\">\n<p class=\"has-klee-color has-text-color has-link-color has-pt-sans-font-family wp-elements-4 wp-block-paragraph\">KURZ &amp; KNAPP<\/p>\n\n\n\n<p class=\"wp-block-paragraph\"><img loading=\"lazy\" decoding=\"async\" width=\"25\" height=\"25\" class=\"wp-image-538\" style=\"width: 25px;\" src=\"http:\/\/florina-vilgertshofer.de\/wp-content\/uploads\/2023\/05\/Star_Born-1.png\" alt=\"\" srcset=\"https:\/\/florina-vilgertshofer.de\/wp-content\/uploads\/2023\/05\/Star_Born-1.png 573w, https:\/\/florina-vilgertshofer.de\/wp-content\/uploads\/2023\/05\/Star_Born-1-300x300.png 300w, https:\/\/florina-vilgertshofer.de\/wp-content\/uploads\/2023\/05\/Star_Born-1-150x150.png 150w, https:\/\/florina-vilgertshofer.de\/wp-content\/uploads\/2023\/05\/Star_Born-1-144x144.png 144w\" sizes=\"auto, (max-width: 25px) 100vw, 25px\" \/>&nbsp;&nbsp;&nbsp;&nbsp;08. Dezember 1990<\/p>\n\n\n\n<p class=\"wp-block-paragraph\"><img loading=\"lazy\" decoding=\"async\" width=\"25\" height=\"15\" class=\"wp-image-536\" style=\"width: 25px;\" src=\"http:\/\/florina-vilgertshofer.de\/wp-content\/uploads\/2023\/05\/Studium_Gruene_Florina-1.png\" alt=\"\">&nbsp;&nbsp;&nbsp;&nbsp;Kultur- und Medienmanagerin<\/p>\n\n\n\n<p class=\"wp-block-paragraph\"><img loading=\"lazy\" decoding=\"async\" width=\"25\" height=\"23\" class=\"wp-image-548\" style=\"width: 25px;\" src=\"http:\/\/florina-vilgertshofer.de\/wp-content\/uploads\/2023\/05\/Parlament_Florina-Vilgertshofer.png\" alt=\"\" srcset=\"https:\/\/florina-vilgertshofer.de\/wp-content\/uploads\/2023\/05\/Parlament_Florina-Vilgertshofer.png 673w, https:\/\/florina-vilgertshofer.de\/wp-content\/uploads\/2023\/05\/Parlament_Florina-Vilgertshofer-300x273.png 300w\" sizes=\"auto, (max-width: 25px) 100vw, 25px\" \/>&nbsp;&nbsp;&nbsp;&nbsp;Bezirksr\u00e4tin &amp; stellvertretende Fraktionsvorsitzenden im Bezirkstag Oberbayern <\/p>\n\n\n\n<p class=\"wp-block-paragraph\"><img loading=\"lazy\" decoding=\"async\" width=\"25\" height=\"25\" class=\"wp-image-553\" style=\"width: 25px;\" src=\"http:\/\/florina-vilgertshofer.de\/wp-content\/uploads\/2023\/05\/Giesskanne_Gaertner-1.png\" alt=\"\" srcset=\"https:\/\/florina-vilgertshofer.de\/wp-content\/uploads\/2023\/05\/Giesskanne_Gaertner-1.png 512w, https:\/\/florina-vilgertshofer.de\/wp-content\/uploads\/2023\/05\/Giesskanne_Gaertner-1-300x300.png 300w, https:\/\/florina-vilgertshofer.de\/wp-content\/uploads\/2023\/05\/Giesskanne_Gaertner-1-150x150.png 150w, https:\/\/florina-vilgertshofer.de\/wp-content\/uploads\/2023\/05\/Giesskanne_Gaertner-1-144x144.png 144w\" sizes=\"auto, (max-width: 25px) 100vw, 25px\" \/>&nbsp;&nbsp;&nbsp;&nbsp;eifrige Tomateng\u00e4rtnerin<\/p>\n\n\n\n<p class=\"wp-block-paragraph\"><img loading=\"lazy\" decoding=\"async\" width=\"25\" height=\"25\" class=\"wp-image-557\" style=\"width: 25px;\" src=\"http:\/\/florina-vilgertshofer.de\/wp-content\/uploads\/2023\/05\/shoes.png\" alt=\"\" srcset=\"https:\/\/florina-vilgertshofer.de\/wp-content\/uploads\/2023\/05\/shoes.png 512w, https:\/\/florina-vilgertshofer.de\/wp-content\/uploads\/2023\/05\/shoes-300x300.png 300w, https:\/\/florina-vilgertshofer.de\/wp-content\/uploads\/2023\/05\/shoes-150x150.png 150w, https:\/\/florina-vilgertshofer.de\/wp-content\/uploads\/2023\/05\/shoes-144x144.png 144w\" sizes=\"auto, (max-width: 25px) 100vw, 25px\" \/>\u00a0\u00a0\u00a0\u00a0passionierte L\u00e4uferin &amp; gerne in den Bergen unterwegs<\/p>\n\n\n\n<p class=\"wp-block-paragraph\"><img loading=\"lazy\" decoding=\"async\" width=\"25\" height=\"26\" class=\"wp-image-1653\" style=\"width: 25px;\" src=\"http:\/\/florina-vilgertshofer.de\/wp-content\/uploads\/2026\/02\/grafik-2.png\" alt=\"\">&nbsp;&nbsp;&nbsp;&nbsp;Mutter einer 2025 geborenen Tochter<\/p>\n<\/div>\n<\/div>\n<\/div>\n<\/div>\n\n\n\n<hr class=\"wp-block-separator has-alpha-channel-opacity\"\/>\n\n\n\n<div class=\"wp-block-columns is-layout-flex wp-container-core-columns-is-layout-8f761849 wp-block-columns-is-layout-flex\">\n<div class=\"wp-block-column is-layout-flow wp-block-column-is-layout-flow\" style=\"flex-basis:100%\">\n<div class=\"wp-block-columns is-layout-flex wp-container-core-columns-is-layout-8f761849 wp-block-columns-is-layout-flex\">\n<div class=\"wp-block-column is-layout-flow wp-block-column-is-layout-flow\" style=\"flex-basis:30px\"><\/div>\n\n\n\n<div class=\"wp-block-column is-layout-flow wp-block-column-is-layout-flow\" style=\"flex-basis:40%\">\n<div style=\"height:80px\" aria-hidden=\"true\" class=\"wp-block-spacer\"><\/div>\n<\/div>\n<\/div>\n\n\n\n<div style=\"height:71px\" aria-hidden=\"true\" class=\"wp-block-spacer\"><\/div>\n<\/div>\n<\/div>\n","protected":false},"excerpt":{"rendered":"<p>Bezirksr\u00e4tin I Kulturmanagerin I Feministin WAS MICH ANTREIBT Politik machen bedeutet f\u00fcr mich, sich in Debatten einzumischen, sie mitzugestalten und mitzubestimmen. Denn unser Land und unsere Kommunen stehen vor tiefgreifenden [&hellip;]<\/p>\n","protected":false},"author":1,"featured_media":0,"parent":0,"menu_order":0,"comment_status":"closed","ping_status":"closed","template":"","meta":{"footnotes":""},"class_list":["post-297","page","type-page","status-publish","hentry"],"yoast_head":"<!-- This site is optimized with the Yoast SEO plugin v28.3 - https:\/\/yoast.com\/product\/yoast-seo-wordpress\/ -->\n<title>Florina Vilgertshofer I \u00dcber mich I Kandidatin I Bezirkstag I Gr\u00fcne<\/title>\n<meta name=\"description\" content=\"Florina Vilgertshofer I Direktkandidatin Gr\u00fcne Bezirkstag I \u00dcber mich und meinen poltischen Werdegang I Erfahre mehr!\" \/>\n<meta name=\"robots\" content=\"index, follow, max-snippet:-1, max-image-preview:large, max-video-preview:-1\" \/>\n<link rel=\"canonical\" href=\"https:\/\/florina-vilgertshofer.de\/?page_id=297\" \/>\n<meta property=\"og:locale\" content=\"de_DE\" \/>\n<meta property=\"og:type\" content=\"article\" \/>\n<meta property=\"og:title\" content=\"Florina Vilgertshofer I \u00dcber mich I Kandidatin I Bezirkstag I Gr\u00fcne\" \/>\n<meta property=\"og:description\" content=\"Florina Vilgertshofer I Direktkandidatin Gr\u00fcne Bezirkstag I \u00dcber mich und meinen poltischen Werdegang I Erfahre mehr!\" \/>\n<meta property=\"og:url\" content=\"https:\/\/florina-vilgertshofer.de\/?page_id=297\" \/>\n<meta property=\"og:site_name\" content=\"Florina Vilgertshofer\" \/>\n<meta property=\"article:publisher\" content=\"https:\/\/www.facebook.com\/minny.cooper.9\" \/>\n<meta property=\"article:modified_time\" content=\"2026-08-28T19:14:15+00:00\" \/>\n<meta property=\"og:image\" content=\"https:\/\/florina-vilgertshofer.de\/wp-content\/uploads\/2026\/02\/signal-2026-02-08-230838_002.jpeg\" \/>\n\t<meta property=\"og:image:width\" content=\"2048\" \/>\n\t<meta property=\"og:image:height\" content=\"1366\" \/>\n\t<meta property=\"og:image:type\" content=\"image\/jpeg\" \/>\n<meta name=\"twitter:card\" content=\"summary_large_image\" \/>\n<meta name=\"twitter:label1\" content=\"Gesch\u00e4tzte Lesezeit\" \/>\n\t<meta name=\"twitter:data1\" content=\"7\u00a0Minuten\" \/>\n<script type=\"application\/ld+json\" class=\"yoast-schema-graph\">{\"@context\":\"https:\\\/\\\/schema.org\",\"@graph\":[{\"@type\":\"WebPage\",\"@id\":\"https:\\\/\\\/florina-vilgertshofer.de\\\/?page_id=297\",\"url\":\"https:\\\/\\\/florina-vilgertshofer.de\\\/?page_id=297\",\"name\":\"Florina Vilgertshofer I \u00dcber mich I Kandidatin I Bezirkstag I Gr\u00fcne\",\"isPartOf\":{\"@id\":\"https:\\\/\\\/florina-vilgertshofer.de\\\/#website\"},\"primaryImageOfPage\":{\"@id\":\"https:\\\/\\\/florina-vilgertshofer.de\\\/?page_id=297#primaryimage\"},\"image\":{\"@id\":\"https:\\\/\\\/florina-vilgertshofer.de\\\/?page_id=297#primaryimage\"},\"thumbnailUrl\":\"http:\\\/\\\/florina-vilgertshofer.de\\\/wp-content\\\/uploads\\\/2026\\\/02\\\/signal-2026-02-08-230838_002-1024x683.jpeg\",\"datePublished\":\"2023-03-04T18:49:05+00:00\",\"dateModified\":\"2026-08-28T19:14:15+00:00\",\"description\":\"Florina Vilgertshofer I Direktkandidatin Gr\u00fcne Bezirkstag I \u00dcber mich und meinen poltischen Werdegang I Erfahre mehr!\",\"breadcrumb\":{\"@id\":\"https:\\\/\\\/florina-vilgertshofer.de\\\/?page_id=297#breadcrumb\"},\"inLanguage\":\"de\",\"potentialAction\":[{\"@type\":\"ReadAction\",\"target\":[\"https:\\\/\\\/florina-vilgertshofer.de\\\/?page_id=297\"]}]},{\"@type\":\"ImageObject\",\"inLanguage\":\"de\",\"@id\":\"https:\\\/\\\/florina-vilgertshofer.de\\\/?page_id=297#primaryimage\",\"url\":\"https:\\\/\\\/florina-vilgertshofer.de\\\/wp-content\\\/uploads\\\/2026\\\/02\\\/signal-2026-02-08-230838_002.jpeg\",\"contentUrl\":\"https:\\\/\\\/florina-vilgertshofer.de\\\/wp-content\\\/uploads\\\/2026\\\/02\\\/signal-2026-02-08-230838_002.jpeg\",\"width\":2048,\"height\":1366},{\"@type\":\"BreadcrumbList\",\"@id\":\"https:\\\/\\\/florina-vilgertshofer.de\\\/?page_id=297#breadcrumb\",\"itemListElement\":[{\"@type\":\"ListItem\",\"position\":1,\"name\":\"Startseite\",\"item\":\"https:\\\/\\\/florina-vilgertshofer.de\\\/\"},{\"@type\":\"ListItem\",\"position\":2,\"name\":\"\u00dcber mich\"}]},{\"@type\":\"WebSite\",\"@id\":\"https:\\\/\\\/florina-vilgertshofer.de\\\/#website\",\"url\":\"https:\\\/\\\/florina-vilgertshofer.de\\\/\",\"name\":\"Florina Vilgertshofer\",\"description\":\"Bezirksr\u00e4tin I Kulturpolitikerin\",\"publisher\":{\"@id\":\"https:\\\/\\\/florina-vilgertshofer.de\\\/#\\\/schema\\\/person\\\/c634068ffbadf5345d5be6795bfe2fe7\"},\"alternateName\":\"Fina Vilgertshofer\",\"potentialAction\":[{\"@type\":\"SearchAction\",\"target\":{\"@type\":\"EntryPoint\",\"urlTemplate\":\"https:\\\/\\\/florina-vilgertshofer.de\\\/?s={search_term_string}\"},\"query-input\":{\"@type\":\"PropertyValueSpecification\",\"valueRequired\":true,\"valueName\":\"search_term_string\"}}],\"inLanguage\":\"de\"},{\"@type\":[\"Person\",\"Organization\"],\"@id\":\"https:\\\/\\\/florina-vilgertshofer.de\\\/#\\\/schema\\\/person\\\/c634068ffbadf5345d5be6795bfe2fe7\",\"name\":\"admin\",\"image\":{\"@type\":\"ImageObject\",\"inLanguage\":\"de\",\"@id\":\"http:\\\/\\\/florina-vilgertshofer.de\\\/wp-content\\\/uploads\\\/2023\\\/02\\\/florina-vilgertshofer-gruene-muenchen-schwabing-kandidatin-bezirkstag_breit-scaled.jpg\",\"url\":\"http:\\\/\\\/florina-vilgertshofer.de\\\/wp-content\\\/uploads\\\/2023\\\/02\\\/florina-vilgertshofer-gruene-muenchen-schwabing-kandidatin-bezirkstag_breit-scaled.jpg\",\"contentUrl\":\"http:\\\/\\\/florina-vilgertshofer.de\\\/wp-content\\\/uploads\\\/2023\\\/02\\\/florina-vilgertshofer-gruene-muenchen-schwabing-kandidatin-bezirkstag_breit-scaled.jpg\",\"width\":2560,\"height\":1209,\"caption\":\"admin\"},\"logo\":{\"@id\":\"http:\\\/\\\/florina-vilgertshofer.de\\\/wp-content\\\/uploads\\\/2023\\\/02\\\/florina-vilgertshofer-gruene-muenchen-schwabing-kandidatin-bezirkstag_breit-scaled.jpg\"},\"sameAs\":[\"http:\\\/\\\/florina-vilgertshofer.de\",\"https:\\\/\\\/www.facebook.com\\\/minny.cooper.9\",\"https:\\\/\\\/www.instagram.com\\\/finafinch\\\/\",\"https:\\\/\\\/www.linkedin.com\\\/in\\\/florina-fina-vilgertshofer-a5320093\\\/\"]}]}<\/script>\n<!-- \/ Yoast SEO plugin. -->","yoast_head_json":{"title":"Florina Vilgertshofer I \u00dcber mich I Kandidatin I Bezirkstag I Gr\u00fcne","description":"Florina Vilgertshofer I Direktkandidatin Gr\u00fcne Bezirkstag I \u00dcber mich und meinen poltischen Werdegang I Erfahre mehr!","robots":{"index":"index","follow":"follow","max-snippet":"max-snippet:-1","max-image-preview":"max-image-preview:large","max-video-preview":"max-video-preview:-1"},"canonical":"https:\/\/florina-vilgertshofer.de\/?page_id=297","og_locale":"de_DE","og_type":"article","og_title":"Florina Vilgertshofer I \u00dcber mich I Kandidatin I Bezirkstag I Gr\u00fcne","og_description":"Florina Vilgertshofer I Direktkandidatin Gr\u00fcne Bezirkstag I \u00dcber mich und meinen poltischen Werdegang I Erfahre mehr!","og_url":"https:\/\/florina-vilgertshofer.de\/?page_id=297","og_site_name":"Florina Vilgertshofer","article_publisher":"https:\/\/www.facebook.com\/minny.cooper.9","article_modified_time":"2026-08-28T19:14:15+00:00","og_image":[{"width":2048,"height":1366,"url":"https:\/\/florina-vilgertshofer.de\/wp-content\/uploads\/2026\/02\/signal-2026-02-08-230838_002.jpeg","type":"image\/jpeg"}],"twitter_card":"summary_large_image","twitter_misc":{"Gesch\u00e4tzte Lesezeit":"7\u00a0Minuten"},"schema":{"@context":"https:\/\/schema.org","@graph":[{"@type":"WebPage","@id":"https:\/\/florina-vilgertshofer.de\/?page_id=297","url":"https:\/\/florina-vilgertshofer.de\/?page_id=297","name":"Florina Vilgertshofer I \u00dcber mich I Kandidatin I Bezirkstag I Gr\u00fcne","isPartOf":{"@id":"https:\/\/florina-vilgertshofer.de\/#website"},"primaryImageOfPage":{"@id":"https:\/\/florina-vilgertshofer.de\/?page_id=297#primaryimage"},"image":{"@id":"https:\/\/florina-vilgertshofer.de\/?page_id=297#primaryimage"},"thumbnailUrl":"http:\/\/florina-vilgertshofer.de\/wp-content\/uploads\/2026\/02\/signal-2026-02-08-230838_002-1024x683.jpeg","datePublished":"2023-03-04T18:49:05+00:00","dateModified":"2026-08-28T19:14:15+00:00","description":"Florina Vilgertshofer I Direktkandidatin Gr\u00fcne Bezirkstag I \u00dcber mich und meinen poltischen Werdegang I Erfahre mehr!","breadcrumb":{"@id":"https:\/\/florina-vilgertshofer.de\/?page_id=297#breadcrumb"},"inLanguage":"de","potentialAction":[{"@type":"ReadAction","target":["https:\/\/florina-vilgertshofer.de\/?page_id=297"]}]},{"@type":"ImageObject","inLanguage":"de","@id":"https:\/\/florina-vilgertshofer.de\/?page_id=297#primaryimage","url":"https:\/\/florina-vilgertshofer.de\/wp-content\/uploads\/2026\/02\/signal-2026-02-08-230838_002.jpeg","contentUrl":"https:\/\/florina-vilgertshofer.de\/wp-content\/uploads\/2026\/02\/signal-2026-02-08-230838_002.jpeg","width":2048,"height":1366},{"@type":"BreadcrumbList","@id":"https:\/\/florina-vilgertshofer.de\/?page_id=297#breadcrumb","itemListElement":[{"@type":"ListItem","position":1,"name":"Startseite","item":"https:\/\/florina-vilgertshofer.de\/"},{"@type":"ListItem","position":2,"name":"\u00dcber mich"}]},{"@type":"WebSite","@id":"https:\/\/florina-vilgertshofer.de\/#website","url":"https:\/\/florina-vilgertshofer.de\/","name":"Florina Vilgertshofer","description":"Bezirksr\u00e4tin I Kulturpolitikerin","publisher":{"@id":"https:\/\/florina-vilgertshofer.de\/#\/schema\/person\/c634068ffbadf5345d5be6795bfe2fe7"},"alternateName":"Fina Vilgertshofer","potentialAction":[{"@type":"SearchAction","target":{"@type":"EntryPoint","urlTemplate":"https:\/\/florina-vilgertshofer.de\/?s={search_term_string}"},"query-input":{"@type":"PropertyValueSpecification","valueRequired":true,"valueName":"search_term_string"}}],"inLanguage":"de"},{"@type":["Person","Organization"],"@id":"https:\/\/florina-vilgertshofer.de\/#\/schema\/person\/c634068ffbadf5345d5be6795bfe2fe7","name":"admin","image":{"@type":"ImageObject","inLanguage":"de","@id":"http:\/\/florina-vilgertshofer.de\/wp-content\/uploads\/2023\/02\/florina-vilgertshofer-gruene-muenchen-schwabing-kandidatin-bezirkstag_breit-scaled.jpg","url":"http:\/\/florina-vilgertshofer.de\/wp-content\/uploads\/2023\/02\/florina-vilgertshofer-gruene-muenchen-schwabing-kandidatin-bezirkstag_breit-scaled.jpg","contentUrl":"http:\/\/florina-vilgertshofer.de\/wp-content\/uploads\/2023\/02\/florina-vilgertshofer-gruene-muenchen-schwabing-kandidatin-bezirkstag_breit-scaled.jpg","width":2560,"height":1209,"caption":"admin"},"logo":{"@id":"http:\/\/florina-vilgertshofer.de\/wp-content\/uploads\/2023\/02\/florina-vilgertshofer-gruene-muenchen-schwabing-kandidatin-bezirkstag_breit-scaled.jpg"},"sameAs":["http:\/\/florina-vilgertshofer.de","https:\/\/www.facebook.com\/minny.cooper.9","https:\/\/www.instagram.com\/finafinch\/","https:\/\/www.linkedin.com\/in\/florina-fina-vilgertshofer-a5320093\/"]}]}},"_links":{"self":[{"href":"https:\/\/florina-vilgertshofer.de\/index.php?rest_route=\/wp\/v2\/pages\/297","targetHints":{"allow":["GET"]}}],"collection":[{"href":"https:\/\/florina-vilgertshofer.de\/index.php?rest_route=\/wp\/v2\/pages"}],"about":[{"href":"https:\/\/florina-vilgertshofer.de\/index.php?rest_route=\/wp\/v2\/types\/page"}],"author":[{"embeddable":true,"href":"https:\/\/florina-vilgertshofer.de\/index.php?rest_route=\/wp\/v2\/users\/1"}],"replies":[{"embeddable":true,"href":"https:\/\/florina-vilgertshofer.de\/index.php?rest_route=%2Fwp%2Fv2%2Fcomments&post=297"}],"version-history":[{"count":124,"href":"https:\/\/florina-vilgertshofer.de\/index.php?rest_route=\/wp\/v2\/pages\/297\/revisions"}],"predecessor-version":[{"id":1856,"href":"https:\/\/florina-vilgertshofer.de\/index.php?rest_route=\/wp\/v2\/pages\/297\/revisions\/1856"}],"wp:attachment":[{"href":"https:\/\/florina-vilgertshofer.de\/index.php?rest_route=%2Fwp%2Fv2%2Fmedia&parent=297"}],"curies":[{"name":"wp","href":"https:\/\/api.w.org\/{rel}","templated":true}]}}