{"id":263,"date":"2023-05-15T18:38:53","date_gmt":"2023-05-15T18:38:53","guid":{"rendered":"https:\/\/florina-vilgertshofer.de\/?page_id=263"},"modified":"2025-04-30T14:41:15","modified_gmt":"2025-04-30T14:41:15","slug":"im-bezirksausschuss","status":"publish","type":"page","link":"https:\/\/florina-vilgertshofer.de\/?page_id=263","title":{"rendered":"Im Bezirksausschuss"},"content":{"rendered":"\n<div class=\"wp-block-cover is-light\" style=\"min-height:450px;aspect-ratio:unset;\"><span aria-hidden=\"true\" class=\"wp-block-cover__background has-black-500-background-color has-background-dim-40 has-background-dim\"><\/span><img loading=\"lazy\" decoding=\"async\" width=\"1717\" height=\"729\" class=\"wp-block-cover__image-background wp-image-853\" alt=\"\" src=\"https:\/\/florina-vilgertshofer.de\/wp-content\/uploads\/2023\/08\/Bezirksausschuss-Maxvorstadt-Gruene-Muenchen.jpg\" style=\"object-position:73% 75%\" data-object-fit=\"cover\" data-object-position=\"73% 75%\" srcset=\"https:\/\/florina-vilgertshofer.de\/wp-content\/uploads\/2023\/08\/Bezirksausschuss-Maxvorstadt-Gruene-Muenchen.jpg 1717w, https:\/\/florina-vilgertshofer.de\/wp-content\/uploads\/2023\/08\/Bezirksausschuss-Maxvorstadt-Gruene-Muenchen-300x127.jpg 300w, https:\/\/florina-vilgertshofer.de\/wp-content\/uploads\/2023\/08\/Bezirksausschuss-Maxvorstadt-Gruene-Muenchen-1024x435.jpg 1024w, https:\/\/florina-vilgertshofer.de\/wp-content\/uploads\/2023\/08\/Bezirksausschuss-Maxvorstadt-Gruene-Muenchen-768x326.jpg 768w, https:\/\/florina-vilgertshofer.de\/wp-content\/uploads\/2023\/08\/Bezirksausschuss-Maxvorstadt-Gruene-Muenchen-1536x652.jpg 1536w\" sizes=\"auto, (max-width: 1717px) 100vw, 1717px\" \/><div class=\"wp-block-cover__inner-container is-layout-flow wp-block-cover-is-layout-flow\">\n<h5 class=\"wp-block-heading has-text-align-right has-white-color has-text-color\" style=\"font-size:clamp(21.027px, 1.314rem + ((1vw - 3.2px) * 1.474), 34px);font-style:normal;font-weight:200;text-transform:uppercase\"> Im Bezirksausschuss<\/h5>\n<\/div><\/div>\n\n\n\n<div style=\"height:61px\" aria-hidden=\"true\" class=\"wp-block-spacer\"><\/div>\n\n\n\n<p>Seit 2020 sind wir Gr\u00fcnen die st\u00e4rkste Kraft in M\u00fcnchen. Auch in vielen Bezirksaussch\u00fcssen sind wir seit dem stark vertreten. Im BA 3 &#8211; in der Maxvorstadt &#8211; bin ich Vorsitzende des Unterausschuss Kultur und Demokratief\u00f6rderung und somit Ansprechpartnerin f\u00fcr alle Belange der Kreativen und K\u00fcnstler*innen in unserem Viertel. Als einziger BA betreiben wir eine eigene Galerie: im Zwischengeschoss der U-Bahn-Haltestelle Universit\u00e4t gibt es jeden Monat eine neue Ausstellung zu sehen &#8211; meist sind es K\u00fcnstler*innen aus der Maxvorstadt, die ihre Arbeit zeigen. Hier informiere ich euch \u00fcber meine Arbeit und die Arbeit meiner Fraktion im Bezirksausschuss. <\/p>\n\n\n\n<div style=\"height:61px\" aria-hidden=\"true\" class=\"wp-block-spacer\"><\/div>\n\n\n\n<div class=\"wp-block-query is-layout-flow wp-block-query-is-layout-flow\"><ul class=\"wp-block-post-template is-layout-flow wp-block-post-template-is-layout-flow\"><li class=\"wp-block-post post-1645 post type-post status-publish format-standard has-post-thumbnail hentry category-aktuelles category-bezirksausschuss tag-bezirksausschuss tag-bodenpolitik tag-maxvorstadt\">\n\n<div class=\"wp-block-columns alignwide is-layout-flex wp-container-core-columns-is-layout-9d6595d7 wp-block-columns-is-layout-flex\">\n<div class=\"wp-block-column is-layout-flow wp-block-column-is-layout-flow\" style=\"flex-basis:30%\"><figure style=\"width:250px;height:250px;\" class=\"aligncenter wp-block-post-featured-image\"><a href=\"https:\/\/florina-vilgertshofer.de\/?p=1645\" target=\"_self\"  style=\"height:250px\"><img loading=\"lazy\" decoding=\"async\" width=\"951\" height=\"962\" src=\"https:\/\/florina-vilgertshofer.de\/wp-content\/uploads\/2025\/08\/Strafjustizzentrum.jpg\" class=\"attachment-post-thumbnail size-post-thumbnail wp-post-image\" alt=\"STRAFJUSTIZZENTRUM &#8211; MEINE ANTR\u00c4GE IM BEZIKRSAUSSCHUSS\" style=\"height:250px;object-fit:cover;\" srcset=\"https:\/\/florina-vilgertshofer.de\/wp-content\/uploads\/2025\/08\/Strafjustizzentrum.jpg 951w, https:\/\/florina-vilgertshofer.de\/wp-content\/uploads\/2025\/08\/Strafjustizzentrum-297x300.jpg 297w, https:\/\/florina-vilgertshofer.de\/wp-content\/uploads\/2025\/08\/Strafjustizzentrum-768x777.jpg 768w\" sizes=\"auto, (max-width: 951px) 100vw, 951px\" \/><\/a><\/figure><\/div>\n\n\n\n<div class=\"wp-block-column is-layout-flow wp-block-column-is-layout-flow\" style=\"flex-basis:70%\"><h2 style=\"font-style:normal;font-weight:400;text-transform:uppercase;\" class=\"wp-block-post-title has-medium-font-size has-pt-sans-font-family\"><a href=\"https:\/\/florina-vilgertshofer.de\/?p=1645\" target=\"_self\" >STRAFJUSTIZZENTRUM &#8211; MEINE ANTR\u00c4GE IM BEZIKRSAUSSCHUSS<\/a><\/h2>\n\n<div class=\"wp-block-post-excerpt has-small-font-size\"><p class=\"wp-block-post-excerpt__excerpt\">11. November 2025 &#8211; Nachdem auf Grund der Petition &#8222;Wohnraum statt Rendite &#8211; Verkauf des Justizzentrums stoppen&#8220; Bewegung in die Debatte um die k\u00fcnftige Nutzung des Areals des Strafjustizzentrums kommt und es von Seiten der Regierungsfraktionen im Landtag ein Angebot an die Stadt gibt,&hellip;<\/p><p class=\"wp-block-post-excerpt__more-text\"><a class=\"wp-block-post-excerpt__more-link\" href=\"https:\/\/florina-vilgertshofer.de\/?p=1645\">Mehr&#8230;<\/a><\/p><\/div><\/div>\n<\/div>\n\n<\/li><li class=\"wp-block-post post-1618 post type-post status-publish format-standard has-post-thumbnail hentry category-aktuelles category-bezirksausschuss category-presse tag-bezirksausschuss tag-bodenpolitik tag-maxvorstadt\">\n\n<div class=\"wp-block-columns alignwide is-layout-flex wp-container-core-columns-is-layout-9d6595d7 wp-block-columns-is-layout-flex\">\n<div class=\"wp-block-column is-layout-flow wp-block-column-is-layout-flow\" style=\"flex-basis:30%\"><figure style=\"width:250px;height:250px;\" class=\"aligncenter wp-block-post-featured-image\"><a href=\"https:\/\/florina-vilgertshofer.de\/?p=1618\" target=\"_self\"  style=\"height:250px\"><img loading=\"lazy\" decoding=\"async\" width=\"951\" height=\"962\" src=\"https:\/\/florina-vilgertshofer.de\/wp-content\/uploads\/2025\/08\/Strafjustizzentrum.jpg\" class=\"attachment-post-thumbnail size-post-thumbnail wp-post-image\" alt=\"Kein Verkauf des Strafjustizzentrums!\" style=\"height:250px;object-fit:cover;\" srcset=\"https:\/\/florina-vilgertshofer.de\/wp-content\/uploads\/2025\/08\/Strafjustizzentrum.jpg 951w, https:\/\/florina-vilgertshofer.de\/wp-content\/uploads\/2025\/08\/Strafjustizzentrum-297x300.jpg 297w, https:\/\/florina-vilgertshofer.de\/wp-content\/uploads\/2025\/08\/Strafjustizzentrum-768x777.jpg 768w\" sizes=\"auto, (max-width: 951px) 100vw, 951px\" \/><\/a><\/figure><\/div>\n\n\n\n<div class=\"wp-block-column is-layout-flow wp-block-column-is-layout-flow\" style=\"flex-basis:70%\"><h2 style=\"font-style:normal;font-weight:400;text-transform:uppercase;\" class=\"wp-block-post-title has-medium-font-size has-pt-sans-font-family\"><a href=\"https:\/\/florina-vilgertshofer.de\/?p=1618\" target=\"_self\" >Kein Verkauf des Strafjustizzentrums!<\/a><\/h2>\n\n<div class=\"wp-block-post-excerpt has-small-font-size\"><p class=\"wp-block-post-excerpt__excerpt\">14. August 2025 \u2022Die Gr\u00fcnen im Bezirksausschuss Maxvorstadt lehnen den laut SZ-Bericht geplanten verkauf des Strafjustizzentrums in der Standstra\u00dfe ab. \u201eDie Chance, in einem der dichtesten und teuersten Viertel in Mu\u0308nchen bezahlbaren Wohnraum zu schaffen, darf nicht verspielt werden!\u201c<\/p><p class=\"wp-block-post-excerpt__more-text\"><a class=\"wp-block-post-excerpt__more-link\" href=\"https:\/\/florina-vilgertshofer.de\/?p=1618\">Mehr&#8230;<\/a><\/p><\/div><\/div>\n<\/div>\n\n<\/li><li class=\"wp-block-post post-1577 post type-post status-publish format-standard has-post-thumbnail hentry category-aktuelles category-bezirksausschuss tag-bezirksausschuss tag-fahrradfahren tag-gruene tag-maxvorstadt tag-mobilitaet tag-radentscheid\">\n\n<div class=\"wp-block-columns alignwide is-layout-flex wp-container-core-columns-is-layout-9d6595d7 wp-block-columns-is-layout-flex\">\n<div class=\"wp-block-column is-layout-flow wp-block-column-is-layout-flow\" style=\"flex-basis:30%\"><figure style=\"width:250px;height:250px;\" class=\"aligncenter wp-block-post-featured-image\"><a href=\"https:\/\/florina-vilgertshofer.de\/?p=1577\" target=\"_self\"  style=\"height:250px\"><img loading=\"lazy\" decoding=\"async\" width=\"2560\" height=\"1707\" src=\"https:\/\/florina-vilgertshofer.de\/wp-content\/uploads\/2025\/08\/radweg-nahaufnahme-auf-der-strasse-scaled.jpg\" class=\"attachment-post-thumbnail size-post-thumbnail wp-post-image\" alt=\"Umsetzung des Radentscheids In der Arcisstra\u00dfe\" style=\"height:250px;object-fit:cover;\" srcset=\"https:\/\/florina-vilgertshofer.de\/wp-content\/uploads\/2025\/08\/radweg-nahaufnahme-auf-der-strasse-scaled.jpg 2560w, https:\/\/florina-vilgertshofer.de\/wp-content\/uploads\/2025\/08\/radweg-nahaufnahme-auf-der-strasse-300x200.jpg 300w, https:\/\/florina-vilgertshofer.de\/wp-content\/uploads\/2025\/08\/radweg-nahaufnahme-auf-der-strasse-1024x683.jpg 1024w, https:\/\/florina-vilgertshofer.de\/wp-content\/uploads\/2025\/08\/radweg-nahaufnahme-auf-der-strasse-768x512.jpg 768w, https:\/\/florina-vilgertshofer.de\/wp-content\/uploads\/2025\/08\/radweg-nahaufnahme-auf-der-strasse-1536x1024.jpg 1536w, https:\/\/florina-vilgertshofer.de\/wp-content\/uploads\/2025\/08\/radweg-nahaufnahme-auf-der-strasse-2048x1365.jpg 2048w\" sizes=\"auto, (max-width: 2560px) 100vw, 2560px\" \/><\/a><\/figure><\/div>\n\n\n\n<div class=\"wp-block-column is-layout-flow wp-block-column-is-layout-flow\" style=\"flex-basis:70%\"><h2 style=\"font-style:normal;font-weight:400;text-transform:uppercase;\" class=\"wp-block-post-title has-medium-font-size has-pt-sans-font-family\"><a href=\"https:\/\/florina-vilgertshofer.de\/?p=1577\" target=\"_self\" >Umsetzung des Radentscheids In der Arcisstra\u00dfe<\/a><\/h2>\n\n<div class=\"wp-block-post-excerpt has-small-font-size\"><p class=\"wp-block-post-excerpt__excerpt\">18. Juni 2025 \u2022 Der Antrag fordert die Landeshauptstadt M\u00fcnchen auf, den Bau der im Radentscheid vorgesehenen Radschnellverbindung in den M\u00fcnchner Nordwesten (Richtung Dachau) \u00fcber Sophienstra\u00dfe, Katharina-von-Bora-Stra\u00dfe und s\u00fcdliche Arcisstra\u00dfe schnellstm\u00f6glich zu starten.<\/p><p class=\"wp-block-post-excerpt__more-text\"><a class=\"wp-block-post-excerpt__more-link\" href=\"https:\/\/florina-vilgertshofer.de\/?p=1577\">Mehr&#8230;<\/a><\/p><\/div><\/div>\n<\/div>\n\n<\/li><li class=\"wp-block-post post-1528 post type-post status-publish format-standard has-post-thumbnail hentry category-aktuelles category-bezirksausschuss tag-gruene\">\n\n<div class=\"wp-block-columns alignwide is-layout-flex wp-container-core-columns-is-layout-9d6595d7 wp-block-columns-is-layout-flex\">\n<div class=\"wp-block-column is-layout-flow wp-block-column-is-layout-flow\" style=\"flex-basis:30%\"><figure style=\"width:250px;height:250px;\" class=\"aligncenter wp-block-post-featured-image\"><a href=\"https:\/\/florina-vilgertshofer.de\/?p=1528\" target=\"_self\"  style=\"height:250px\"><img loading=\"lazy\" decoding=\"async\" width=\"1080\" height=\"1350\" src=\"https:\/\/florina-vilgertshofer.de\/wp-content\/uploads\/2025\/03\/Vilgertshofer_Florina_Pilotbezirk_Streetart.jpg\" class=\"attachment-post-thumbnail size-post-thumbnail wp-post-image\" alt=\"Die Maxvorstadt wird Street-Art-Pilotbezirk!\" style=\"height:250px;object-fit:cover;\" srcset=\"https:\/\/florina-vilgertshofer.de\/wp-content\/uploads\/2025\/03\/Vilgertshofer_Florina_Pilotbezirk_Streetart.jpg 1080w, https:\/\/florina-vilgertshofer.de\/wp-content\/uploads\/2025\/03\/Vilgertshofer_Florina_Pilotbezirk_Streetart-240x300.jpg 240w, https:\/\/florina-vilgertshofer.de\/wp-content\/uploads\/2025\/03\/Vilgertshofer_Florina_Pilotbezirk_Streetart-819x1024.jpg 819w, https:\/\/florina-vilgertshofer.de\/wp-content\/uploads\/2025\/03\/Vilgertshofer_Florina_Pilotbezirk_Streetart-768x960.jpg 768w\" sizes=\"auto, (max-width: 1080px) 100vw, 1080px\" \/><\/a><\/figure><\/div>\n\n\n\n<div class=\"wp-block-column is-layout-flow wp-block-column-is-layout-flow\" style=\"flex-basis:70%\"><h2 style=\"font-style:normal;font-weight:400;text-transform:uppercase;\" class=\"wp-block-post-title has-medium-font-size has-pt-sans-font-family\"><a href=\"https:\/\/florina-vilgertshofer.de\/?p=1528\" target=\"_self\" >Die Maxvorstadt wird Street-Art-Pilotbezirk!<\/a><\/h2>\n\n<div class=\"wp-block-post-excerpt has-small-font-size\"><p class=\"wp-block-post-excerpt__excerpt\">30. M\u00e4rz 2025 \u2022 Ich habe eine gute Nachricht f\u00fcr die Street-Art-Szene in der Maxvorstadt: Der Stadtbezirk wurde als offizieller Street-Art-Pilotbezirk M\u00fcnchens ausgew\u00e4hlt. Dank meiner erfolgreichen Bewerbung f\u00fcr den Bezirksausschusses soll die Genehmigung neuer Fl\u00e4chen f\u00fcr k\u00fcnstlerische Gestaltung bei uns im Viertel k\u00fcnftig schneller&hellip;<\/p><p class=\"wp-block-post-excerpt__more-text\"><a class=\"wp-block-post-excerpt__more-link\" href=\"https:\/\/florina-vilgertshofer.de\/?p=1528\">Mehr&#8230;<\/a><\/p><\/div><\/div>\n<\/div>\n\n<\/li><li class=\"wp-block-post post-1582 post type-post status-publish format-standard has-post-thumbnail hentry category-aktuelles category-bezirksausschuss tag-bezirksausschuss tag-maxvorstadt tag-schulwegsicherheit tag-verkehr\">\n\n<div class=\"wp-block-columns alignwide is-layout-flex wp-container-core-columns-is-layout-9d6595d7 wp-block-columns-is-layout-flex\">\n<div class=\"wp-block-column is-layout-flow wp-block-column-is-layout-flow\" style=\"flex-basis:30%\"><figure style=\"width:250px;height:250px;\" class=\"aligncenter wp-block-post-featured-image\"><a href=\"https:\/\/florina-vilgertshofer.de\/?p=1582\" target=\"_self\"  style=\"height:250px\"><img loading=\"lazy\" decoding=\"async\" width=\"2560\" height=\"1707\" src=\"https:\/\/florina-vilgertshofer.de\/wp-content\/uploads\/2025\/08\/verschwommene-stadtansicht-scaled.jpg\" class=\"attachment-post-thumbnail size-post-thumbnail wp-post-image\" alt=\"Dialogdisplays in den Stadtvierteln erm\u00f6glichen\" style=\"height:250px;object-fit:cover;\" srcset=\"https:\/\/florina-vilgertshofer.de\/wp-content\/uploads\/2025\/08\/verschwommene-stadtansicht-scaled.jpg 2560w, https:\/\/florina-vilgertshofer.de\/wp-content\/uploads\/2025\/08\/verschwommene-stadtansicht-300x200.jpg 300w, https:\/\/florina-vilgertshofer.de\/wp-content\/uploads\/2025\/08\/verschwommene-stadtansicht-1024x683.jpg 1024w, https:\/\/florina-vilgertshofer.de\/wp-content\/uploads\/2025\/08\/verschwommene-stadtansicht-768x512.jpg 768w, https:\/\/florina-vilgertshofer.de\/wp-content\/uploads\/2025\/08\/verschwommene-stadtansicht-1536x1024.jpg 1536w, https:\/\/florina-vilgertshofer.de\/wp-content\/uploads\/2025\/08\/verschwommene-stadtansicht-2048x1365.jpg 2048w\" sizes=\"auto, (max-width: 2560px) 100vw, 2560px\" \/><\/a><\/figure><\/div>\n\n\n\n<div class=\"wp-block-column is-layout-flow wp-block-column-is-layout-flow\" style=\"flex-basis:70%\"><h2 style=\"font-style:normal;font-weight:400;text-transform:uppercase;\" class=\"wp-block-post-title has-medium-font-size has-pt-sans-font-family\"><a href=\"https:\/\/florina-vilgertshofer.de\/?p=1582\" target=\"_self\" >Dialogdisplays in den Stadtvierteln erm\u00f6glichen<\/a><\/h2>\n\n<div class=\"wp-block-post-excerpt has-small-font-size\"><p class=\"wp-block-post-excerpt__excerpt\">20. M\u00e4rz 2025 \u2022 Schulwegsicherheit ist ein sehr brisantes Thema in der Maxvorstadt. Mit drei Grundschulen in unseren dichtem Viertel mit teils hohem Verkehrsaufkommen ist es f\u00fcr die Sch\u00fclerinnen und Sch\u00fcler manchmal eine Herausforderung, den \u00dcberblick \u00fcber das Verkehrsgeschehen zu behalten.<\/p><p class=\"wp-block-post-excerpt__more-text\"><a class=\"wp-block-post-excerpt__more-link\" href=\"https:\/\/florina-vilgertshofer.de\/?p=1582\">Mehr&#8230;<\/a><\/p><\/div><\/div>\n<\/div>\n\n<\/li><li class=\"wp-block-post post-1494 post type-post status-publish format-standard has-post-thumbnail hentry category-aktuelles category-bezirksausschuss tag-bezirksausschuss tag-gruene tag-maxvorstadt\">\n\n<div class=\"wp-block-columns alignwide is-layout-flex wp-container-core-columns-is-layout-9d6595d7 wp-block-columns-is-layout-flex\">\n<div class=\"wp-block-column is-layout-flow wp-block-column-is-layout-flow\" style=\"flex-basis:30%\"><figure style=\"width:250px;height:250px;\" class=\"aligncenter wp-block-post-featured-image\"><a href=\"https:\/\/florina-vilgertshofer.de\/?p=1494\" target=\"_self\"  style=\"height:250px\"><img loading=\"lazy\" decoding=\"async\" width=\"516\" height=\"590\" src=\"https:\/\/florina-vilgertshofer.de\/wp-content\/uploads\/2024\/12\/Kunstareal_Karte_Muenchen_Maxvorstadt.jpg\" class=\"attachment-post-thumbnail size-post-thumbnail wp-post-image\" alt=\"Umsetzung des Ideenwettbewerbs OPEN KUNSTAREAL\" style=\"height:250px;object-fit:cover;\" srcset=\"https:\/\/florina-vilgertshofer.de\/wp-content\/uploads\/2024\/12\/Kunstareal_Karte_Muenchen_Maxvorstadt.jpg 516w, https:\/\/florina-vilgertshofer.de\/wp-content\/uploads\/2024\/12\/Kunstareal_Karte_Muenchen_Maxvorstadt-262x300.jpg 262w\" sizes=\"auto, (max-width: 516px) 100vw, 516px\" \/><\/a><\/figure><\/div>\n\n\n\n<div class=\"wp-block-column is-layout-flow wp-block-column-is-layout-flow\" style=\"flex-basis:70%\"><h2 style=\"font-style:normal;font-weight:400;text-transform:uppercase;\" class=\"wp-block-post-title has-medium-font-size has-pt-sans-font-family\"><a href=\"https:\/\/florina-vilgertshofer.de\/?p=1494\" target=\"_self\" >Umsetzung des Ideenwettbewerbs OPEN KUNSTAREAL<\/a><\/h2>\n\n<div class=\"wp-block-post-excerpt has-small-font-size\"><p class=\"wp-block-post-excerpt__excerpt\">10. Dezember 2024 \u2022 Seit u\u0308ber 12 Jahren wird die Idee der Weiterentwicklung des Kunstareals zu einem zusammenh\u00e4ngenden Quartier auf verschiedenen politischen Ebenen diskutiert&#8230;<\/p><p class=\"wp-block-post-excerpt__more-text\"><a class=\"wp-block-post-excerpt__more-link\" href=\"https:\/\/florina-vilgertshofer.de\/?p=1494\">Mehr&#8230;<\/a><\/p><\/div><\/div>\n<\/div>\n\n<\/li><li class=\"wp-block-post post-1480 post type-post status-publish format-standard has-post-thumbnail hentry category-aktuelles category-bezirksausschuss tag-bezirksausschuss tag-gruene tag-maxvorstadt\">\n\n<div class=\"wp-block-columns alignwide is-layout-flex wp-container-core-columns-is-layout-9d6595d7 wp-block-columns-is-layout-flex\">\n<div class=\"wp-block-column is-layout-flow wp-block-column-is-layout-flow\" style=\"flex-basis:30%\"><figure style=\"width:250px;height:250px;\" class=\"aligncenter wp-block-post-featured-image\"><a href=\"https:\/\/florina-vilgertshofer.de\/?p=1480\" target=\"_self\"  style=\"height:250px\"><img loading=\"lazy\" decoding=\"async\" width=\"2560\" height=\"1440\" src=\"https:\/\/florina-vilgertshofer.de\/wp-content\/uploads\/2024\/12\/Maxvorstadt_Muell_Bezirksausschus-scaled.jpeg\" class=\"attachment-post-thumbnail size-post-thumbnail wp-post-image\" alt=\"M\u00fcllflut in der Maxvorstadt eind\u00e4mmen!\" style=\"height:250px;object-fit:cover;\" srcset=\"https:\/\/florina-vilgertshofer.de\/wp-content\/uploads\/2024\/12\/Maxvorstadt_Muell_Bezirksausschus-scaled.jpeg 2560w, https:\/\/florina-vilgertshofer.de\/wp-content\/uploads\/2024\/12\/Maxvorstadt_Muell_Bezirksausschus-300x169.jpeg 300w, https:\/\/florina-vilgertshofer.de\/wp-content\/uploads\/2024\/12\/Maxvorstadt_Muell_Bezirksausschus-1024x576.jpeg 1024w, https:\/\/florina-vilgertshofer.de\/wp-content\/uploads\/2024\/12\/Maxvorstadt_Muell_Bezirksausschus-768x432.jpeg 768w, https:\/\/florina-vilgertshofer.de\/wp-content\/uploads\/2024\/12\/Maxvorstadt_Muell_Bezirksausschus-1536x864.jpeg 1536w, https:\/\/florina-vilgertshofer.de\/wp-content\/uploads\/2024\/12\/Maxvorstadt_Muell_Bezirksausschus-2048x1152.jpeg 2048w\" sizes=\"auto, (max-width: 2560px) 100vw, 2560px\" \/><\/a><\/figure><\/div>\n\n\n\n<div class=\"wp-block-column is-layout-flow wp-block-column-is-layout-flow\" style=\"flex-basis:70%\"><h2 style=\"font-style:normal;font-weight:400;text-transform:uppercase;\" class=\"wp-block-post-title has-medium-font-size has-pt-sans-font-family\"><a href=\"https:\/\/florina-vilgertshofer.de\/?p=1480\" target=\"_self\" >M\u00fcllflut in der Maxvorstadt eind\u00e4mmen!<\/a><\/h2>\n\n<div class=\"wp-block-post-excerpt has-small-font-size\"><p class=\"wp-block-post-excerpt__excerpt\">4. Dezember 2024 \u2022 Um M\u00fcll von Einwegverpackungen zu reduzieren, gibt es seit Januar 2023 eine Pflicht f\u00fcr Gastronomiebetriebe, Mehrwegverpackungen anzubieten &#8211; jedenfalls ab einer gewissen Gr\u00f6\u00dfe.<\/p><p class=\"wp-block-post-excerpt__more-text\"><a class=\"wp-block-post-excerpt__more-link\" href=\"https:\/\/florina-vilgertshofer.de\/?p=1480\">Mehr&#8230;<\/a><\/p><\/div><\/div>\n<\/div>\n\n<\/li><li class=\"wp-block-post post-1405 post type-post status-publish format-standard has-post-thumbnail hentry category-aktuelles category-bezirksausschuss tag-bezirksausschuss tag-bodenpolitik tag-maxvorstadt\">\n\n<div class=\"wp-block-columns alignwide is-layout-flex wp-container-core-columns-is-layout-9d6595d7 wp-block-columns-is-layout-flex\">\n<div class=\"wp-block-column is-layout-flow wp-block-column-is-layout-flow\" style=\"flex-basis:30%\"><figure style=\"width:250px;height:250px;\" class=\"aligncenter wp-block-post-featured-image\"><a href=\"https:\/\/florina-vilgertshofer.de\/?p=1405\" target=\"_self\"  style=\"height:250px\"><img loading=\"lazy\" decoding=\"async\" width=\"1623\" height=\"1207\" src=\"https:\/\/florina-vilgertshofer.de\/wp-content\/uploads\/2024\/06\/Funkhausareal-Verkauf-Maxvorstadt-Muenchen.jpg\" class=\"attachment-post-thumbnail size-post-thumbnail wp-post-image\" alt=\"Verkauf des Funkhausareals stoppen!\" style=\"height:250px;object-fit:cover;\" srcset=\"https:\/\/florina-vilgertshofer.de\/wp-content\/uploads\/2024\/06\/Funkhausareal-Verkauf-Maxvorstadt-Muenchen.jpg 1623w, https:\/\/florina-vilgertshofer.de\/wp-content\/uploads\/2024\/06\/Funkhausareal-Verkauf-Maxvorstadt-Muenchen-300x223.jpg 300w, https:\/\/florina-vilgertshofer.de\/wp-content\/uploads\/2024\/06\/Funkhausareal-Verkauf-Maxvorstadt-Muenchen-1024x762.jpg 1024w, https:\/\/florina-vilgertshofer.de\/wp-content\/uploads\/2024\/06\/Funkhausareal-Verkauf-Maxvorstadt-Muenchen-768x571.jpg 768w, https:\/\/florina-vilgertshofer.de\/wp-content\/uploads\/2024\/06\/Funkhausareal-Verkauf-Maxvorstadt-Muenchen-1536x1142.jpg 1536w\" sizes=\"auto, (max-width: 1623px) 100vw, 1623px\" \/><\/a><\/figure><\/div>\n\n\n\n<div class=\"wp-block-column is-layout-flow wp-block-column-is-layout-flow\" style=\"flex-basis:70%\"><h2 style=\"font-style:normal;font-weight:400;text-transform:uppercase;\" class=\"wp-block-post-title has-medium-font-size has-pt-sans-font-family\"><a href=\"https:\/\/florina-vilgertshofer.de\/?p=1405\" target=\"_self\" >Verkauf des Funkhausareals stoppen!<\/a><\/h2>\n\n<div class=\"wp-block-post-excerpt has-small-font-size\"><p class=\"wp-block-post-excerpt__excerpt\">7. Juni 2024 \u2022 Nicht nur der Freistaat, auch der Bayerischer Rundfunk plant den Verkauf eines Grundst\u00fccks in Bestlage. Ich kritisiere die Pl\u00e4ne des BR scharf und habe deshalb einen Antrag in den Bezirksausschuss eingebracht.<\/p><p class=\"wp-block-post-excerpt__more-text\"><a class=\"wp-block-post-excerpt__more-link\" href=\"https:\/\/florina-vilgertshofer.de\/?p=1405\">Mehr&#8230;<\/a><\/p><\/div><\/div>\n<\/div>\n\n<\/li><li class=\"wp-block-post post-1366 post type-post status-publish format-standard has-post-thumbnail hentry category-aktuelles category-bezirksausschuss tag-bezirksausschuss tag-bodenrecht tag-mieten\">\n\n<div class=\"wp-block-columns alignwide is-layout-flex wp-container-core-columns-is-layout-9d6595d7 wp-block-columns-is-layout-flex\">\n<div class=\"wp-block-column is-layout-flow wp-block-column-is-layout-flow\" style=\"flex-basis:30%\"><figure style=\"width:250px;height:250px;\" class=\"aligncenter wp-block-post-featured-image\"><a href=\"https:\/\/florina-vilgertshofer.de\/?p=1366\" target=\"_self\"  style=\"height:250px\"><img loading=\"lazy\" decoding=\"async\" width=\"1714\" height=\"1272\" src=\"https:\/\/florina-vilgertshofer.de\/wp-content\/uploads\/2024\/04\/Bebauungsplan_Maxvorstadt_Bezirksausschuss_Florina-Vilgertshofer_Gruene.jpg\" class=\"attachment-post-thumbnail size-post-thumbnail wp-post-image\" alt=\"Sektoraler Bebauungsplan f\u00fcr die Maxvorstadt\" style=\"height:250px;object-fit:cover;\" srcset=\"https:\/\/florina-vilgertshofer.de\/wp-content\/uploads\/2024\/04\/Bebauungsplan_Maxvorstadt_Bezirksausschuss_Florina-Vilgertshofer_Gruene.jpg 1714w, https:\/\/florina-vilgertshofer.de\/wp-content\/uploads\/2024\/04\/Bebauungsplan_Maxvorstadt_Bezirksausschuss_Florina-Vilgertshofer_Gruene-300x223.jpg 300w, https:\/\/florina-vilgertshofer.de\/wp-content\/uploads\/2024\/04\/Bebauungsplan_Maxvorstadt_Bezirksausschuss_Florina-Vilgertshofer_Gruene-1024x760.jpg 1024w, https:\/\/florina-vilgertshofer.de\/wp-content\/uploads\/2024\/04\/Bebauungsplan_Maxvorstadt_Bezirksausschuss_Florina-Vilgertshofer_Gruene-768x570.jpg 768w, https:\/\/florina-vilgertshofer.de\/wp-content\/uploads\/2024\/04\/Bebauungsplan_Maxvorstadt_Bezirksausschuss_Florina-Vilgertshofer_Gruene-1536x1140.jpg 1536w\" sizes=\"auto, (max-width: 1714px) 100vw, 1714px\" \/><\/a><\/figure><\/div>\n\n\n\n<div class=\"wp-block-column is-layout-flow wp-block-column-is-layout-flow\" style=\"flex-basis:70%\"><h2 style=\"font-style:normal;font-weight:400;text-transform:uppercase;\" class=\"wp-block-post-title has-medium-font-size has-pt-sans-font-family\"><a href=\"https:\/\/florina-vilgertshofer.de\/?p=1366\" target=\"_self\" >Sektoraler Bebauungsplan f\u00fcr die Maxvorstadt<\/a><\/h2>\n\n<div class=\"wp-block-post-excerpt has-small-font-size\"><p class=\"wp-block-post-excerpt__excerpt\">10. Mai 2024 \u2022 Bezahlbarer Wohnraum ist in der Maxvorstadt, einem der dichtesten Viertel in M\u00fcnchens, knapp. Das junge, lebendige Viertel ist sowohl f\u00fcr die alteingessesenen Bewohnerinnen und Bewohner wie auch f\u00fcr neue Maxvorst\u00e4dtet attraktiv.<\/p><p class=\"wp-block-post-excerpt__more-text\"><a class=\"wp-block-post-excerpt__more-link\" href=\"https:\/\/florina-vilgertshofer.de\/?p=1366\">Mehr&#8230;<\/a><\/p><\/div><\/div>\n<\/div>\n\n<\/li><li class=\"wp-block-post post-1340 post type-post status-publish format-standard has-post-thumbnail hentry category-aktuelles category-bezirksausschuss tag-bezirksausschuss tag-kunst tag-kunstareal tag-maxvorstadt tag-street-art\">\n\n<div class=\"wp-block-columns alignwide is-layout-flex wp-container-core-columns-is-layout-9d6595d7 wp-block-columns-is-layout-flex\">\n<div class=\"wp-block-column is-layout-flow wp-block-column-is-layout-flow\" style=\"flex-basis:30%\"><figure style=\"width:250px;height:250px;\" class=\"aligncenter wp-block-post-featured-image\"><a href=\"https:\/\/florina-vilgertshofer.de\/?p=1340\" target=\"_self\"  style=\"height:250px\"><img loading=\"lazy\" decoding=\"async\" width=\"2258\" height=\"2227\" src=\"https:\/\/florina-vilgertshofer.de\/wp-content\/uploads\/2024\/03\/Street-Art-Maxvorstadt.jpg\" class=\"attachment-post-thumbnail size-post-thumbnail wp-post-image\" alt=\"MAXVORSTADT SOLL STREET ART PILOT PROJEKT WERDEN!\" style=\"height:250px;object-fit:cover;\" srcset=\"https:\/\/florina-vilgertshofer.de\/wp-content\/uploads\/2024\/03\/Street-Art-Maxvorstadt.jpg 2258w, https:\/\/florina-vilgertshofer.de\/wp-content\/uploads\/2024\/03\/Street-Art-Maxvorstadt-300x296.jpg 300w, https:\/\/florina-vilgertshofer.de\/wp-content\/uploads\/2024\/03\/Street-Art-Maxvorstadt-1024x1010.jpg 1024w, https:\/\/florina-vilgertshofer.de\/wp-content\/uploads\/2024\/03\/Street-Art-Maxvorstadt-768x757.jpg 768w, https:\/\/florina-vilgertshofer.de\/wp-content\/uploads\/2024\/03\/Street-Art-Maxvorstadt-1536x1515.jpg 1536w, https:\/\/florina-vilgertshofer.de\/wp-content\/uploads\/2024\/03\/Street-Art-Maxvorstadt-2048x2020.jpg 2048w\" sizes=\"auto, (max-width: 2258px) 100vw, 2258px\" \/><\/a><\/figure><\/div>\n\n\n\n<div class=\"wp-block-column is-layout-flow wp-block-column-is-layout-flow\" style=\"flex-basis:70%\"><h2 style=\"font-style:normal;font-weight:400;text-transform:uppercase;\" class=\"wp-block-post-title has-medium-font-size has-pt-sans-font-family\"><a href=\"https:\/\/florina-vilgertshofer.de\/?p=1340\" target=\"_self\" >MAXVORSTADT SOLL STREET ART PILOT PROJEKT WERDEN!<\/a><\/h2>\n\n<div class=\"wp-block-post-excerpt has-small-font-size\"><p class=\"wp-block-post-excerpt__excerpt\">23. M\u00e4rz 2024 \u2022 Ein urbanes, lebendiges und junges Viertel, mitten im Herzen der Landeshauptstadt M\u00fcnchen \u2013 das ist die Maxvorstadt. Hier ist nicht nur das Kunstareal mit dem Lenbachhaus, der Bayerischen Staatsgem\u00e4ldesammlung und drei renommierten Kunsthochschulen beheimatet, auch eine lebendige und aktive Street-Art-Szene&hellip;<\/p><p class=\"wp-block-post-excerpt__more-text\"><a class=\"wp-block-post-excerpt__more-link\" href=\"https:\/\/florina-vilgertshofer.de\/?p=1340\">Mehr&#8230;<\/a><\/p><\/div><\/div>\n<\/div>\n\n<\/li><li class=\"wp-block-post post-1336 post type-post status-publish format-standard has-post-thumbnail hentry category-aktuelles category-bezirksausschuss tag-bezirksausschuss tag-maxvorstadt tag-verkehr\">\n\n<div class=\"wp-block-columns alignwide is-layout-flex wp-container-core-columns-is-layout-9d6595d7 wp-block-columns-is-layout-flex\">\n<div class=\"wp-block-column is-layout-flow wp-block-column-is-layout-flow\" style=\"flex-basis:30%\"><figure style=\"width:250px;height:250px;\" class=\"aligncenter wp-block-post-featured-image\"><a href=\"https:\/\/florina-vilgertshofer.de\/?p=1336\" target=\"_self\"  style=\"height:250px\"><img loading=\"lazy\" decoding=\"async\" width=\"741\" height=\"554\" src=\"https:\/\/florina-vilgertshofer.de\/wp-content\/uploads\/2024\/03\/Stachus-Querung-BA-Antrag-Fahrradfreundlich-Fussgaengerfreundlich.jpg\" class=\"attachment-post-thumbnail size-post-thumbnail wp-post-image\" alt=\"Antrag: Fu\u00dfg\u00e4ngerquerung Prielmayerstra\u00dfe\/Stachus vergr\u00f6\u00dfern\" style=\"height:250px;object-fit:cover;\" srcset=\"https:\/\/florina-vilgertshofer.de\/wp-content\/uploads\/2024\/03\/Stachus-Querung-BA-Antrag-Fahrradfreundlich-Fussgaengerfreundlich.jpg 741w, https:\/\/florina-vilgertshofer.de\/wp-content\/uploads\/2024\/03\/Stachus-Querung-BA-Antrag-Fahrradfreundlich-Fussgaengerfreundlich-300x224.jpg 300w\" sizes=\"auto, (max-width: 741px) 100vw, 741px\" \/><\/a><\/figure><\/div>\n\n\n\n<div class=\"wp-block-column is-layout-flow wp-block-column-is-layout-flow\" style=\"flex-basis:70%\"><h2 style=\"font-style:normal;font-weight:400;text-transform:uppercase;\" class=\"wp-block-post-title has-medium-font-size has-pt-sans-font-family\"><a href=\"https:\/\/florina-vilgertshofer.de\/?p=1336\" target=\"_self\" >Antrag: Fu\u00dfg\u00e4ngerquerung Prielmayerstra\u00dfe\/Stachus vergr\u00f6\u00dfern<\/a><\/h2>\n\n<div class=\"wp-block-post-excerpt has-small-font-size\"><p class=\"wp-block-post-excerpt__excerpt\">06. November 2023 \u2022 In diesem Sommer h\u00e4uften sich die Beschwerden von B\u00fcrger:innen \u00fcber die Nutzung des K\u00f6nigsplatzes: \u00dcber die IAA sowie \u00fcber die Zunahme von Konzerten und Veranstaltungen, die zur Sperrung des Platzes f\u00fcr die \u00d6ffentlichkeit f\u00fchrten.<\/p><p class=\"wp-block-post-excerpt__more-text\"><a class=\"wp-block-post-excerpt__more-link\" href=\"https:\/\/florina-vilgertshofer.de\/?p=1336\">Mehr&#8230;<\/a><\/p><\/div><\/div>\n<\/div>\n\n<\/li><li class=\"wp-block-post post-1311 post type-post status-publish format-standard has-post-thumbnail hentry category-bezirksausschuss tag-bezirksausschuss tag-kunst tag-kunstareal tag-maxvorstadt\">\n\n<div class=\"wp-block-columns alignwide is-layout-flex wp-container-core-columns-is-layout-9d6595d7 wp-block-columns-is-layout-flex\">\n<div class=\"wp-block-column is-layout-flow wp-block-column-is-layout-flow\" style=\"flex-basis:30%\"><figure style=\"width:250px;height:250px;\" class=\"aligncenter wp-block-post-featured-image\"><a href=\"https:\/\/florina-vilgertshofer.de\/?p=1311\" target=\"_self\"  style=\"height:250px\"><img loading=\"lazy\" decoding=\"async\" width=\"1404\" height=\"1402\" src=\"https:\/\/florina-vilgertshofer.de\/wp-content\/uploads\/2023\/11\/Koenigsplatz-Maxvorstadt-Nutzung-Oeffentlicher-Raum.jpg\" class=\"attachment-post-thumbnail size-post-thumbnail wp-post-image\" alt=\"Antrag: Anforderung einer Statistik zur Nutzung des K\u00f6nigsplatzes in den letzten zehn Jahren\" style=\"height:250px;object-fit:cover;\" srcset=\"https:\/\/florina-vilgertshofer.de\/wp-content\/uploads\/2023\/11\/Koenigsplatz-Maxvorstadt-Nutzung-Oeffentlicher-Raum.jpg 1404w, https:\/\/florina-vilgertshofer.de\/wp-content\/uploads\/2023\/11\/Koenigsplatz-Maxvorstadt-Nutzung-Oeffentlicher-Raum-300x300.jpg 300w, https:\/\/florina-vilgertshofer.de\/wp-content\/uploads\/2023\/11\/Koenigsplatz-Maxvorstadt-Nutzung-Oeffentlicher-Raum-1024x1024.jpg 1024w, https:\/\/florina-vilgertshofer.de\/wp-content\/uploads\/2023\/11\/Koenigsplatz-Maxvorstadt-Nutzung-Oeffentlicher-Raum-150x150.jpg 150w, https:\/\/florina-vilgertshofer.de\/wp-content\/uploads\/2023\/11\/Koenigsplatz-Maxvorstadt-Nutzung-Oeffentlicher-Raum-768x767.jpg 768w\" sizes=\"auto, (max-width: 1404px) 100vw, 1404px\" \/><\/a><\/figure><\/div>\n\n\n\n<div class=\"wp-block-column is-layout-flow wp-block-column-is-layout-flow\" style=\"flex-basis:70%\"><h2 style=\"font-style:normal;font-weight:400;text-transform:uppercase;\" class=\"wp-block-post-title has-medium-font-size has-pt-sans-font-family\"><a href=\"https:\/\/florina-vilgertshofer.de\/?p=1311\" target=\"_self\" >Antrag: Anforderung einer Statistik zur Nutzung des K\u00f6nigsplatzes in den letzten zehn Jahren<\/a><\/h2>\n\n<div class=\"wp-block-post-excerpt has-small-font-size\"><p class=\"wp-block-post-excerpt__excerpt\">06. November 2023 \u2022 In diesem Sommer h\u00e4uften sich die Beschwerden von B\u00fcrger:innen \u00fcber die Nutzung des K\u00f6nigsplatzes: \u00dcber die IAA sowie \u00fcber die Zunahme von Konzerten und Veranstaltungen, die zur Sperrung des Platzes f\u00fcr die \u00d6ffentlichkeit f\u00fchrten.<\/p><p class=\"wp-block-post-excerpt__more-text\"><a class=\"wp-block-post-excerpt__more-link\" href=\"https:\/\/florina-vilgertshofer.de\/?p=1311\">Mehr&#8230;<\/a><\/p><\/div><\/div>\n<\/div>\n\n<\/li><li class=\"wp-block-post post-998 post type-post status-publish format-standard has-post-thumbnail hentry category-aktuelles category-bezirksausschuss tag-bezirksausschuss tag-freie-szene tag-kunst tag-maxvorstadt\">\n\n<div class=\"wp-block-columns alignwide is-layout-flex wp-container-core-columns-is-layout-9d6595d7 wp-block-columns-is-layout-flex\">\n<div class=\"wp-block-column is-layout-flow wp-block-column-is-layout-flow\" style=\"flex-basis:30%\"><figure style=\"width:250px;height:250px;\" class=\"aligncenter wp-block-post-featured-image\"><a href=\"https:\/\/florina-vilgertshofer.de\/?p=998\" target=\"_self\"  style=\"height:250px\"><img loading=\"lazy\" decoding=\"async\" width=\"1600\" height=\"1200\" src=\"https:\/\/florina-vilgertshofer.de\/wp-content\/uploads\/2023\/10\/Hochschule-fuer-Musik-und-Theater-Muenchen-Wiki-Commons.jpg\" class=\"attachment-post-thumbnail size-post-thumbnail wp-post-image\" alt=\"Antrag: Sanierung Hochschule f\u00fcr Musik und Theater \u2013 Beteiligung des BA\" style=\"height:250px;object-fit:cover;\" srcset=\"https:\/\/florina-vilgertshofer.de\/wp-content\/uploads\/2023\/10\/Hochschule-fuer-Musik-und-Theater-Muenchen-Wiki-Commons.jpg 1600w, https:\/\/florina-vilgertshofer.de\/wp-content\/uploads\/2023\/10\/Hochschule-fuer-Musik-und-Theater-Muenchen-Wiki-Commons-300x225.jpg 300w, https:\/\/florina-vilgertshofer.de\/wp-content\/uploads\/2023\/10\/Hochschule-fuer-Musik-und-Theater-Muenchen-Wiki-Commons-1024x768.jpg 1024w, https:\/\/florina-vilgertshofer.de\/wp-content\/uploads\/2023\/10\/Hochschule-fuer-Musik-und-Theater-Muenchen-Wiki-Commons-768x576.jpg 768w, https:\/\/florina-vilgertshofer.de\/wp-content\/uploads\/2023\/10\/Hochschule-fuer-Musik-und-Theater-Muenchen-Wiki-Commons-1536x1152.jpg 1536w\" sizes=\"auto, (max-width: 1600px) 100vw, 1600px\" \/><\/a><\/figure><\/div>\n\n\n\n<div class=\"wp-block-column is-layout-flow wp-block-column-is-layout-flow\" style=\"flex-basis:70%\"><h2 style=\"font-style:normal;font-weight:400;text-transform:uppercase;\" class=\"wp-block-post-title has-medium-font-size has-pt-sans-font-family\"><a href=\"https:\/\/florina-vilgertshofer.de\/?p=998\" target=\"_self\" >Antrag: Sanierung Hochschule f\u00fcr Musik und Theater \u2013 Beteiligung des BA<\/a><\/h2>\n\n<div class=\"wp-block-post-excerpt has-small-font-size\"><p class=\"wp-block-post-excerpt__excerpt\">Sanierung Hochschule f\u00fcr Musik und Theater \u2013 Beteiligung des BA \u2022 Die Hochschule f\u00fcr Musik und Theater M\u00fcnchen muss dringend saniert werden. Nun hat der Freistaat Bayern den Planungsauftrag erteil: [&hellip;]<\/p><p class=\"wp-block-post-excerpt__more-text\"><a class=\"wp-block-post-excerpt__more-link\" href=\"https:\/\/florina-vilgertshofer.de\/?p=998\">Mehr&#8230;<\/a><\/p><\/div><\/div>\n<\/div>\n\n<\/li><li class=\"wp-block-post post-1331 post type-post status-publish format-standard has-post-thumbnail hentry category-aktuelles category-bezirksausschuss tag-bezirksausschuss tag-kunst tag-kunstareal tag-maxvorstadt tag-street-art\">\n\n<div class=\"wp-block-columns alignwide is-layout-flex wp-container-core-columns-is-layout-9d6595d7 wp-block-columns-is-layout-flex\">\n<div class=\"wp-block-column is-layout-flow wp-block-column-is-layout-flow\" style=\"flex-basis:30%\"><figure style=\"width:250px;height:250px;\" class=\"aligncenter wp-block-post-featured-image\"><a href=\"https:\/\/florina-vilgertshofer.de\/?p=1331\" target=\"_self\"  style=\"height:250px\"><img loading=\"lazy\" decoding=\"async\" width=\"1488\" height=\"1488\" src=\"https:\/\/florina-vilgertshofer.de\/wp-content\/uploads\/2024\/02\/Maxvorstadt-Street-Art-Pilotbezirk.jpg\" class=\"attachment-post-thumbnail size-post-thumbnail wp-post-image\" alt=\"Antrag: Bewerbung der Maxvorstadt als Street-Art-Pilotbezirk\" style=\"height:250px;object-fit:cover;\" srcset=\"https:\/\/florina-vilgertshofer.de\/wp-content\/uploads\/2024\/02\/Maxvorstadt-Street-Art-Pilotbezirk.jpg 1488w, https:\/\/florina-vilgertshofer.de\/wp-content\/uploads\/2024\/02\/Maxvorstadt-Street-Art-Pilotbezirk-300x300.jpg 300w, https:\/\/florina-vilgertshofer.de\/wp-content\/uploads\/2024\/02\/Maxvorstadt-Street-Art-Pilotbezirk-1024x1024.jpg 1024w, https:\/\/florina-vilgertshofer.de\/wp-content\/uploads\/2024\/02\/Maxvorstadt-Street-Art-Pilotbezirk-150x150.jpg 150w, https:\/\/florina-vilgertshofer.de\/wp-content\/uploads\/2024\/02\/Maxvorstadt-Street-Art-Pilotbezirk-768x768.jpg 768w\" sizes=\"auto, (max-width: 1488px) 100vw, 1488px\" \/><\/a><\/figure><\/div>\n\n\n\n<div class=\"wp-block-column is-layout-flow wp-block-column-is-layout-flow\" style=\"flex-basis:70%\"><h2 style=\"font-style:normal;font-weight:400;text-transform:uppercase;\" class=\"wp-block-post-title has-medium-font-size has-pt-sans-font-family\"><a href=\"https:\/\/florina-vilgertshofer.de\/?p=1331\" target=\"_self\" >Antrag: Bewerbung der Maxvorstadt als Street-Art-Pilotbezirk<\/a><\/h2>\n\n<div class=\"wp-block-post-excerpt has-small-font-size\"><p class=\"wp-block-post-excerpt__excerpt\">06. November 2023 \u2022 In diesem Sommer h\u00e4uften sich die Beschwerden von B\u00fcrger:innen \u00fcber die Nutzung des K\u00f6nigsplatzes: \u00dcber die IAA sowie \u00fcber die Zunahme von Konzerten und Veranstaltungen, die zur Sperrung des Platzes f\u00fcr die \u00d6ffentlichkeit f\u00fchrten.<\/p><p class=\"wp-block-post-excerpt__more-text\"><a class=\"wp-block-post-excerpt__more-link\" href=\"https:\/\/florina-vilgertshofer.de\/?p=1331\">Mehr&#8230;<\/a><\/p><\/div><\/div>\n<\/div>\n\n<\/li><li class=\"wp-block-post post-950 post type-post status-publish format-standard has-post-thumbnail hentry category-aktuelles category-bezirksausschuss tag-bezirksausschuss tag-freie-szene tag-kunst tag-maxvorstadt\">\n\n<div class=\"wp-block-columns alignwide is-layout-flex wp-container-core-columns-is-layout-9d6595d7 wp-block-columns-is-layout-flex\">\n<div class=\"wp-block-column is-layout-flow wp-block-column-is-layout-flow\" style=\"flex-basis:30%\"><figure style=\"width:250px;height:250px;\" class=\"aligncenter wp-block-post-featured-image\"><a href=\"https:\/\/florina-vilgertshofer.de\/?p=950\" target=\"_self\"  style=\"height:250px\"><img loading=\"lazy\" decoding=\"async\" width=\"1393\" height=\"1391\" src=\"https:\/\/florina-vilgertshofer.de\/wp-content\/uploads\/2023\/08\/Mavorstadt-Gruene-Kultur-Raum-Freie-Szene-Antrag.png\" class=\"attachment-post-thumbnail size-post-thumbnail wp-post-image\" alt=\"Ein Kulturprojektraum f\u00fcr die Maxvorstadt &#8211; Freie Szene und etablierte Einrichtungen vernetzen\" style=\"height:250px;object-fit:cover;\" srcset=\"https:\/\/florina-vilgertshofer.de\/wp-content\/uploads\/2023\/08\/Mavorstadt-Gruene-Kultur-Raum-Freie-Szene-Antrag.png 1393w, https:\/\/florina-vilgertshofer.de\/wp-content\/uploads\/2023\/08\/Mavorstadt-Gruene-Kultur-Raum-Freie-Szene-Antrag-300x300.png 300w, https:\/\/florina-vilgertshofer.de\/wp-content\/uploads\/2023\/08\/Mavorstadt-Gruene-Kultur-Raum-Freie-Szene-Antrag-1024x1024.png 1024w, https:\/\/florina-vilgertshofer.de\/wp-content\/uploads\/2023\/08\/Mavorstadt-Gruene-Kultur-Raum-Freie-Szene-Antrag-150x150.png 150w, https:\/\/florina-vilgertshofer.de\/wp-content\/uploads\/2023\/08\/Mavorstadt-Gruene-Kultur-Raum-Freie-Szene-Antrag-768x767.png 768w\" sizes=\"auto, (max-width: 1393px) 100vw, 1393px\" \/><\/a><\/figure><\/div>\n\n\n\n<div class=\"wp-block-column is-layout-flow wp-block-column-is-layout-flow\" style=\"flex-basis:70%\"><h2 style=\"font-style:normal;font-weight:400;text-transform:uppercase;\" class=\"wp-block-post-title has-medium-font-size has-pt-sans-font-family\"><a href=\"https:\/\/florina-vilgertshofer.de\/?p=950\" target=\"_self\" >Ein Kulturprojektraum f\u00fcr die Maxvorstadt &#8211; Freie Szene und etablierte Einrichtungen vernetzen<\/a><\/h2>\n\n<div class=\"wp-block-post-excerpt has-small-font-size\"><p class=\"wp-block-post-excerpt__excerpt\">M\u00e4rz 2023 Ein Kulturprojektraum f\u00fcr die Maxvorstadt &#8211; Freie Szene und etablierte Einrichtungen vernetzen. Die Maxvorstadt ist eines der dicht besiedeltsten Viertel in M\u00fcnchen. Mit dem Kunstareal sind hier einige [&hellip;]<\/p><p class=\"wp-block-post-excerpt__more-text\"><a class=\"wp-block-post-excerpt__more-link\" href=\"https:\/\/florina-vilgertshofer.de\/?p=950\">Mehr&#8230;<\/a><\/p><\/div><\/div>\n<\/div>\n\n<\/li><li class=\"wp-block-post post-908 post type-post status-publish format-standard has-post-thumbnail hentry category-aktuelles category-bezirksausschuss tag-bezirksausschuss tag-kultur tag-maxvorstadt tag-zwischennutzung\">\n\n<div class=\"wp-block-columns alignwide is-layout-flex wp-container-core-columns-is-layout-9d6595d7 wp-block-columns-is-layout-flex\">\n<div class=\"wp-block-column is-layout-flow wp-block-column-is-layout-flow\" style=\"flex-basis:30%\"><figure style=\"width:250px;height:250px;\" class=\"aligncenter wp-block-post-featured-image\"><a href=\"https:\/\/florina-vilgertshofer.de\/?p=908\" target=\"_self\"  style=\"height:250px\"><img loading=\"lazy\" decoding=\"async\" width=\"1386\" height=\"1391\" src=\"https:\/\/florina-vilgertshofer.de\/wp-content\/uploads\/2023\/08\/MUCA_Gesundheitshaus-Dachauerstr-90-Maxvorstadt-Muenchen-Zwischennutzung.png\" class=\"attachment-post-thumbnail size-post-thumbnail wp-post-image\" alt=\"Antrag: Quo vadis Gesundheitshaus\" style=\"height:250px;object-fit:cover;\" srcset=\"https:\/\/florina-vilgertshofer.de\/wp-content\/uploads\/2023\/08\/MUCA_Gesundheitshaus-Dachauerstr-90-Maxvorstadt-Muenchen-Zwischennutzung.png 1386w, https:\/\/florina-vilgertshofer.de\/wp-content\/uploads\/2023\/08\/MUCA_Gesundheitshaus-Dachauerstr-90-Maxvorstadt-Muenchen-Zwischennutzung-300x300.png 300w, https:\/\/florina-vilgertshofer.de\/wp-content\/uploads\/2023\/08\/MUCA_Gesundheitshaus-Dachauerstr-90-Maxvorstadt-Muenchen-Zwischennutzung-1020x1024.png 1020w, https:\/\/florina-vilgertshofer.de\/wp-content\/uploads\/2023\/08\/MUCA_Gesundheitshaus-Dachauerstr-90-Maxvorstadt-Muenchen-Zwischennutzung-150x150.png 150w, https:\/\/florina-vilgertshofer.de\/wp-content\/uploads\/2023\/08\/MUCA_Gesundheitshaus-Dachauerstr-90-Maxvorstadt-Muenchen-Zwischennutzung-768x771.png 768w\" sizes=\"auto, (max-width: 1386px) 100vw, 1386px\" \/><\/a><\/figure><\/div>\n\n\n\n<div class=\"wp-block-column is-layout-flow wp-block-column-is-layout-flow\" style=\"flex-basis:70%\"><h2 style=\"font-style:normal;font-weight:400;text-transform:uppercase;\" class=\"wp-block-post-title has-medium-font-size has-pt-sans-font-family\"><a href=\"https:\/\/florina-vilgertshofer.de\/?p=908\" target=\"_self\" >Antrag: Quo vadis Gesundheitshaus<\/a><\/h2>\n\n<div class=\"wp-block-post-excerpt has-small-font-size\"><p class=\"wp-block-post-excerpt__excerpt\">M\u00e4rz 2023 Antrag: Quo vadis Gesundheitshaus? Vor gut 3 Jahren zogen die Nutzerinnen und Nutzer in das leerstehende Geb\u00e4ude an der Dachauerstra\u00dfe 90, besser bekannt als Gesundheitshaus. Muca, die Ateliergemeinschaft [&hellip;]<\/p><p class=\"wp-block-post-excerpt__more-text\"><a class=\"wp-block-post-excerpt__more-link\" href=\"https:\/\/florina-vilgertshofer.de\/?p=908\">Mehr&#8230;<\/a><\/p><\/div><\/div>\n<\/div>\n\n<\/li><li class=\"wp-block-post post-1288 post type-post status-publish format-standard has-post-thumbnail hentry category-aktuelles category-bezirksausschuss tag-direktmandat tag-gruene tag-muenchen tag-schwabing\">\n\n<div class=\"wp-block-columns alignwide is-layout-flex wp-container-core-columns-is-layout-9d6595d7 wp-block-columns-is-layout-flex\">\n<div class=\"wp-block-column is-layout-flow wp-block-column-is-layout-flow\" style=\"flex-basis:30%\"><figure style=\"width:250px;height:250px;\" class=\"aligncenter wp-block-post-featured-image\"><a href=\"https:\/\/florina-vilgertshofer.de\/?p=1288\" target=\"_self\"  style=\"height:250px\"><img loading=\"lazy\" decoding=\"async\" width=\"1429\" height=\"1422\" src=\"https:\/\/florina-vilgertshofer.de\/wp-content\/uploads\/2023\/04\/230420_BA_Maxvorstadt_Beschluesse_Gruene_Muenchen_Kommunalpolitik_Baumschutz_Radverkehr.png\" class=\"attachment-post-thumbnail size-post-thumbnail wp-post-image\" alt=\"Gr\u00fcne Erfolge im Bezirksauschuss!\" style=\"height:250px;object-fit:cover;\" srcset=\"https:\/\/florina-vilgertshofer.de\/wp-content\/uploads\/2023\/04\/230420_BA_Maxvorstadt_Beschluesse_Gruene_Muenchen_Kommunalpolitik_Baumschutz_Radverkehr.png 1429w, https:\/\/florina-vilgertshofer.de\/wp-content\/uploads\/2023\/04\/230420_BA_Maxvorstadt_Beschluesse_Gruene_Muenchen_Kommunalpolitik_Baumschutz_Radverkehr-300x300.png 300w, https:\/\/florina-vilgertshofer.de\/wp-content\/uploads\/2023\/04\/230420_BA_Maxvorstadt_Beschluesse_Gruene_Muenchen_Kommunalpolitik_Baumschutz_Radverkehr-1024x1019.png 1024w, https:\/\/florina-vilgertshofer.de\/wp-content\/uploads\/2023\/04\/230420_BA_Maxvorstadt_Beschluesse_Gruene_Muenchen_Kommunalpolitik_Baumschutz_Radverkehr-150x150.png 150w, https:\/\/florina-vilgertshofer.de\/wp-content\/uploads\/2023\/04\/230420_BA_Maxvorstadt_Beschluesse_Gruene_Muenchen_Kommunalpolitik_Baumschutz_Radverkehr-768x764.png 768w\" sizes=\"auto, (max-width: 1429px) 100vw, 1429px\" \/><\/a><\/figure><\/div>\n\n\n\n<div class=\"wp-block-column is-layout-flow wp-block-column-is-layout-flow\" style=\"flex-basis:70%\"><h2 style=\"font-style:normal;font-weight:400;text-transform:uppercase;\" class=\"wp-block-post-title has-medium-font-size has-pt-sans-font-family\"><a href=\"https:\/\/florina-vilgertshofer.de\/?p=1288\" target=\"_self\" >Gr\u00fcne Erfolge im Bezirksauschuss!<\/a><\/h2>\n\n<div class=\"wp-block-post-excerpt has-small-font-size\"><p class=\"wp-block-post-excerpt__excerpt\">Gr\u00fcne Erfolge im Bezirksauschuss! \u2022 Die Maxvorstadt ist ein lebendiges und lebenswerte Viertel &#8211; aber auch einer der Stadtteile in M\u00fcnchen mit dem wenigsten Gr\u00fcn. Au\u00dferdem ist aus einem Ortstermin [&hellip;]<\/p><p class=\"wp-block-post-excerpt__more-text\"><a class=\"wp-block-post-excerpt__more-link\" href=\"https:\/\/florina-vilgertshofer.de\/?p=1288\">Mehr&#8230;<\/a><\/p><\/div><\/div>\n<\/div>\n\n<\/li><li class=\"wp-block-post post-1231 post type-post status-publish format-standard has-post-thumbnail hentry category-aktuelles category-bezirksausschuss tag-bezirksausschuss tag-freie-szene tag-kunst tag-maxvorstadt\">\n\n<div class=\"wp-block-columns alignwide is-layout-flex wp-container-core-columns-is-layout-9d6595d7 wp-block-columns-is-layout-flex\">\n<div class=\"wp-block-column is-layout-flow wp-block-column-is-layout-flow\" style=\"flex-basis:30%\"><figure style=\"width:250px;height:250px;\" class=\"aligncenter wp-block-post-featured-image\"><a href=\"https:\/\/florina-vilgertshofer.de\/?p=1231\" target=\"_self\"  style=\"height:250px\"><img loading=\"lazy\" decoding=\"async\" width=\"1390\" height=\"1379\" src=\"https:\/\/florina-vilgertshofer.de\/wp-content\/uploads\/2023\/02\/Maxvorstadt-Gruene-Kiosk-U-Bahn-Kunst-Kultur-Zwischennutzung.png\" class=\"attachment-post-thumbnail size-post-thumbnail wp-post-image\" alt=\"Antrag: Wiederbelebung von leerstehenden Kiosk-Fl\u00e4chen in den U-Bahnh\u00f6fen der Maxvorstadt\" style=\"height:250px;object-fit:cover;\" srcset=\"https:\/\/florina-vilgertshofer.de\/wp-content\/uploads\/2023\/02\/Maxvorstadt-Gruene-Kiosk-U-Bahn-Kunst-Kultur-Zwischennutzung.png 1390w, https:\/\/florina-vilgertshofer.de\/wp-content\/uploads\/2023\/02\/Maxvorstadt-Gruene-Kiosk-U-Bahn-Kunst-Kultur-Zwischennutzung-300x298.png 300w, https:\/\/florina-vilgertshofer.de\/wp-content\/uploads\/2023\/02\/Maxvorstadt-Gruene-Kiosk-U-Bahn-Kunst-Kultur-Zwischennutzung-1024x1016.png 1024w, https:\/\/florina-vilgertshofer.de\/wp-content\/uploads\/2023\/02\/Maxvorstadt-Gruene-Kiosk-U-Bahn-Kunst-Kultur-Zwischennutzung-150x150.png 150w, https:\/\/florina-vilgertshofer.de\/wp-content\/uploads\/2023\/02\/Maxvorstadt-Gruene-Kiosk-U-Bahn-Kunst-Kultur-Zwischennutzung-768x762.png 768w\" sizes=\"auto, (max-width: 1390px) 100vw, 1390px\" \/><\/a><\/figure><\/div>\n\n\n\n<div class=\"wp-block-column is-layout-flow wp-block-column-is-layout-flow\" style=\"flex-basis:70%\"><h2 style=\"font-style:normal;font-weight:400;text-transform:uppercase;\" class=\"wp-block-post-title has-medium-font-size has-pt-sans-font-family\"><a href=\"https:\/\/florina-vilgertshofer.de\/?p=1231\" target=\"_self\" >Antrag: Wiederbelebung von leerstehenden Kiosk-Fl\u00e4chen in den U-Bahnh\u00f6fen der Maxvorstadt<\/a><\/h2>\n\n<div class=\"wp-block-post-excerpt has-small-font-size\"><p class=\"wp-block-post-excerpt__excerpt\">Wiederbelebung von leerstehenden Kiosk-Fl\u00e4chen in den U-Bahnh\u00f6fen der Maxvorstadt \u2022 In der Maxvorstadt&nbsp;stehen einige&nbsp;U-Bahn-Kioske wie z.B. am Josephsplatz seit langer Zeit leer. Da die&nbsp;U-Bahn-H\u00f6fe aufgrund der&nbsp;Innenstadtlage stark frequentiert sind, bietet [&hellip;]<\/p><p class=\"wp-block-post-excerpt__more-text\"><a class=\"wp-block-post-excerpt__more-link\" href=\"https:\/\/florina-vilgertshofer.de\/?p=1231\">Mehr&#8230;<\/a><\/p><\/div><\/div>\n<\/div>\n\n<\/li><\/ul>\n\n\n<div style=\"height:100px\" aria-hidden=\"true\" class=\"wp-block-spacer\"><\/div>\n<\/div>\n","protected":false},"excerpt":{"rendered":"<p>Seit 2020 sind wir Gr\u00fcnen die st\u00e4rkste Kraft in M\u00fcnchen. Auch in vielen Bezirksaussch\u00fcssen sind wir seit dem stark vertreten. Im BA 3 &#8211; in der Maxvorstadt &#8211; bin ich [&hellip;]<\/p>\n","protected":false},"author":1,"featured_media":0,"parent":0,"menu_order":3,"comment_status":"closed","ping_status":"closed","template":"","meta":{"footnotes":""},"class_list":["post-263","page","type-page","status-publish","hentry"],"yoast_head":"<!-- This site is optimized with the Yoast SEO plugin v25.7 - https:\/\/yoast.com\/wordpress\/plugins\/seo\/ -->\n<title>Im Bezirksausschuss - Florina Vilgertshofer<\/title>\n<meta name=\"robots\" content=\"index, follow, max-snippet:-1, max-image-preview:large, max-video-preview:-1\" \/>\n<link rel=\"canonical\" href=\"https:\/\/florina-vilgertshofer.de\/?page_id=263\" \/>\n<meta property=\"og:locale\" content=\"de_DE\" \/>\n<meta property=\"og:type\" content=\"article\" \/>\n<meta property=\"og:title\" content=\"Im Bezirksausschuss - Florina Vilgertshofer\" \/>\n<meta property=\"og:description\" content=\"Seit 2020 sind wir Gr\u00fcnen die st\u00e4rkste Kraft in M\u00fcnchen. Auch in vielen Bezirksaussch\u00fcssen sind wir seit dem stark vertreten. Im BA 3 &#8211; in der Maxvorstadt &#8211; bin ich [&hellip;]\" \/>\n<meta property=\"og:url\" content=\"https:\/\/florina-vilgertshofer.de\/?page_id=263\" \/>\n<meta property=\"og:site_name\" content=\"Florina Vilgertshofer\" \/>\n<meta property=\"article:publisher\" content=\"https:\/\/www.facebook.com\/minny.cooper.9\" \/>\n<meta property=\"article:modified_time\" content=\"2025-04-30T14:41:15+00:00\" \/>\n<meta property=\"og:image\" content=\"https:\/\/florina-vilgertshofer.de\/wp-content\/uploads\/2023\/08\/Bezirksausschuss-Maxvorstadt-Gruene-Muenchen.jpg\" \/>\n\t<meta property=\"og:image:width\" content=\"1717\" \/>\n\t<meta property=\"og:image:height\" content=\"729\" \/>\n\t<meta property=\"og:image:type\" content=\"image\/jpeg\" \/>\n<meta name=\"twitter:card\" content=\"summary_large_image\" \/>\n<meta name=\"twitter:label1\" content=\"Gesch\u00e4tzte Lesezeit\" \/>\n\t<meta name=\"twitter:data1\" content=\"1\u00a0Minute\" \/>\n<script type=\"application\/ld+json\" class=\"yoast-schema-graph\">{\"@context\":\"https:\/\/schema.org\",\"@graph\":[{\"@type\":\"WebPage\",\"@id\":\"https:\/\/florina-vilgertshofer.de\/?page_id=263\",\"url\":\"https:\/\/florina-vilgertshofer.de\/?page_id=263\",\"name\":\"Im Bezirksausschuss - Florina Vilgertshofer\",\"isPartOf\":{\"@id\":\"https:\/\/florina-vilgertshofer.de\/#website\"},\"primaryImageOfPage\":{\"@id\":\"https:\/\/florina-vilgertshofer.de\/?page_id=263#primaryimage\"},\"image\":{\"@id\":\"https:\/\/florina-vilgertshofer.de\/?page_id=263#primaryimage\"},\"thumbnailUrl\":\"https:\/\/florina-vilgertshofer.de\/wp-content\/uploads\/2023\/08\/Bezirksausschuss-Maxvorstadt-Gruene-Muenchen.jpg\",\"datePublished\":\"2023-05-15T18:38:53+00:00\",\"dateModified\":\"2025-04-30T14:41:15+00:00\",\"breadcrumb\":{\"@id\":\"https:\/\/florina-vilgertshofer.de\/?page_id=263#breadcrumb\"},\"inLanguage\":\"de\",\"potentialAction\":[{\"@type\":\"ReadAction\",\"target\":[\"https:\/\/florina-vilgertshofer.de\/?page_id=263\"]}]},{\"@type\":\"ImageObject\",\"inLanguage\":\"de\",\"@id\":\"https:\/\/florina-vilgertshofer.de\/?page_id=263#primaryimage\",\"url\":\"https:\/\/florina-vilgertshofer.de\/wp-content\/uploads\/2023\/08\/Bezirksausschuss-Maxvorstadt-Gruene-Muenchen.jpg\",\"contentUrl\":\"https:\/\/florina-vilgertshofer.de\/wp-content\/uploads\/2023\/08\/Bezirksausschuss-Maxvorstadt-Gruene-Muenchen.jpg\"},{\"@type\":\"BreadcrumbList\",\"@id\":\"https:\/\/florina-vilgertshofer.de\/?page_id=263#breadcrumb\",\"itemListElement\":[{\"@type\":\"ListItem\",\"position\":1,\"name\":\"Startseite\",\"item\":\"https:\/\/florina-vilgertshofer.de\/\"},{\"@type\":\"ListItem\",\"position\":2,\"name\":\"Im Bezirksausschuss\"}]},{\"@type\":\"WebSite\",\"@id\":\"https:\/\/florina-vilgertshofer.de\/#website\",\"url\":\"https:\/\/florina-vilgertshofer.de\/\",\"name\":\"Florina Vilgertshofer\",\"description\":\"Bezirksr\u00e4tin I Kulturpolitikerin\",\"publisher\":{\"@id\":\"https:\/\/florina-vilgertshofer.de\/#\/schema\/person\/c634068ffbadf5345d5be6795bfe2fe7\"},\"alternateName\":\"Fina Vilgertshofer\",\"potentialAction\":[{\"@type\":\"SearchAction\",\"target\":{\"@type\":\"EntryPoint\",\"urlTemplate\":\"https:\/\/florina-vilgertshofer.de\/?s={search_term_string}\"},\"query-input\":{\"@type\":\"PropertyValueSpecification\",\"valueRequired\":true,\"valueName\":\"search_term_string\"}}],\"inLanguage\":\"de\"},{\"@type\":[\"Person\",\"Organization\"],\"@id\":\"https:\/\/florina-vilgertshofer.de\/#\/schema\/person\/c634068ffbadf5345d5be6795bfe2fe7\",\"name\":\"admin\",\"image\":{\"@type\":\"ImageObject\",\"inLanguage\":\"de\",\"@id\":\"https:\/\/florina-vilgertshofer.de\/#\/schema\/person\/image\/\",\"url\":\"http:\/\/florina-vilgertshofer.de\/wp-content\/uploads\/2023\/02\/florina-vilgertshofer-gruene-muenchen-schwabing-kandidatin-bezirkstag_breit-scaled.jpg\",\"contentUrl\":\"http:\/\/florina-vilgertshofer.de\/wp-content\/uploads\/2023\/02\/florina-vilgertshofer-gruene-muenchen-schwabing-kandidatin-bezirkstag_breit-scaled.jpg\",\"width\":2560,\"height\":1209,\"caption\":\"admin\"},\"logo\":{\"@id\":\"https:\/\/florina-vilgertshofer.de\/#\/schema\/person\/image\/\"},\"sameAs\":[\"http:\/\/florina-vilgertshofer.de\",\"https:\/\/www.facebook.com\/minny.cooper.9\",\"https:\/\/www.instagram.com\/finafinch\/\",\"https:\/\/www.linkedin.com\/in\/florina-fina-vilgertshofer-a5320093\/\"]}]}<\/script>\n<!-- \/ Yoast SEO plugin. -->","yoast_head_json":{"title":"Im Bezirksausschuss - Florina Vilgertshofer","robots":{"index":"index","follow":"follow","max-snippet":"max-snippet:-1","max-image-preview":"max-image-preview:large","max-video-preview":"max-video-preview:-1"},"canonical":"https:\/\/florina-vilgertshofer.de\/?page_id=263","og_locale":"de_DE","og_type":"article","og_title":"Im Bezirksausschuss - Florina Vilgertshofer","og_description":"Seit 2020 sind wir Gr\u00fcnen die st\u00e4rkste Kraft in M\u00fcnchen. Auch in vielen Bezirksaussch\u00fcssen sind wir seit dem stark vertreten. Im BA 3 &#8211; in der Maxvorstadt &#8211; bin ich [&hellip;]","og_url":"https:\/\/florina-vilgertshofer.de\/?page_id=263","og_site_name":"Florina Vilgertshofer","article_publisher":"https:\/\/www.facebook.com\/minny.cooper.9","article_modified_time":"2025-04-30T14:41:15+00:00","og_image":[{"width":1717,"height":729,"url":"https:\/\/florina-vilgertshofer.de\/wp-content\/uploads\/2023\/08\/Bezirksausschuss-Maxvorstadt-Gruene-Muenchen.jpg","type":"image\/jpeg"}],"twitter_card":"summary_large_image","twitter_misc":{"Gesch\u00e4tzte Lesezeit":"1\u00a0Minute"},"schema":{"@context":"https:\/\/schema.org","@graph":[{"@type":"WebPage","@id":"https:\/\/florina-vilgertshofer.de\/?page_id=263","url":"https:\/\/florina-vilgertshofer.de\/?page_id=263","name":"Im Bezirksausschuss - Florina Vilgertshofer","isPartOf":{"@id":"https:\/\/florina-vilgertshofer.de\/#website"},"primaryImageOfPage":{"@id":"https:\/\/florina-vilgertshofer.de\/?page_id=263#primaryimage"},"image":{"@id":"https:\/\/florina-vilgertshofer.de\/?page_id=263#primaryimage"},"thumbnailUrl":"https:\/\/florina-vilgertshofer.de\/wp-content\/uploads\/2023\/08\/Bezirksausschuss-Maxvorstadt-Gruene-Muenchen.jpg","datePublished":"2023-05-15T18:38:53+00:00","dateModified":"2025-04-30T14:41:15+00:00","breadcrumb":{"@id":"https:\/\/florina-vilgertshofer.de\/?page_id=263#breadcrumb"},"inLanguage":"de","potentialAction":[{"@type":"ReadAction","target":["https:\/\/florina-vilgertshofer.de\/?page_id=263"]}]},{"@type":"ImageObject","inLanguage":"de","@id":"https:\/\/florina-vilgertshofer.de\/?page_id=263#primaryimage","url":"https:\/\/florina-vilgertshofer.de\/wp-content\/uploads\/2023\/08\/Bezirksausschuss-Maxvorstadt-Gruene-Muenchen.jpg","contentUrl":"https:\/\/florina-vilgertshofer.de\/wp-content\/uploads\/2023\/08\/Bezirksausschuss-Maxvorstadt-Gruene-Muenchen.jpg"},{"@type":"BreadcrumbList","@id":"https:\/\/florina-vilgertshofer.de\/?page_id=263#breadcrumb","itemListElement":[{"@type":"ListItem","position":1,"name":"Startseite","item":"https:\/\/florina-vilgertshofer.de\/"},{"@type":"ListItem","position":2,"name":"Im Bezirksausschuss"}]},{"@type":"WebSite","@id":"https:\/\/florina-vilgertshofer.de\/#website","url":"https:\/\/florina-vilgertshofer.de\/","name":"Florina Vilgertshofer","description":"Bezirksr\u00e4tin I Kulturpolitikerin","publisher":{"@id":"https:\/\/florina-vilgertshofer.de\/#\/schema\/person\/c634068ffbadf5345d5be6795bfe2fe7"},"alternateName":"Fina Vilgertshofer","potentialAction":[{"@type":"SearchAction","target":{"@type":"EntryPoint","urlTemplate":"https:\/\/florina-vilgertshofer.de\/?s={search_term_string}"},"query-input":{"@type":"PropertyValueSpecification","valueRequired":true,"valueName":"search_term_string"}}],"inLanguage":"de"},{"@type":["Person","Organization"],"@id":"https:\/\/florina-vilgertshofer.de\/#\/schema\/person\/c634068ffbadf5345d5be6795bfe2fe7","name":"admin","image":{"@type":"ImageObject","inLanguage":"de","@id":"https:\/\/florina-vilgertshofer.de\/#\/schema\/person\/image\/","url":"http:\/\/florina-vilgertshofer.de\/wp-content\/uploads\/2023\/02\/florina-vilgertshofer-gruene-muenchen-schwabing-kandidatin-bezirkstag_breit-scaled.jpg","contentUrl":"http:\/\/florina-vilgertshofer.de\/wp-content\/uploads\/2023\/02\/florina-vilgertshofer-gruene-muenchen-schwabing-kandidatin-bezirkstag_breit-scaled.jpg","width":2560,"height":1209,"caption":"admin"},"logo":{"@id":"https:\/\/florina-vilgertshofer.de\/#\/schema\/person\/image\/"},"sameAs":["http:\/\/florina-vilgertshofer.de","https:\/\/www.facebook.com\/minny.cooper.9","https:\/\/www.instagram.com\/finafinch\/","https:\/\/www.linkedin.com\/in\/florina-fina-vilgertshofer-a5320093\/"]}]}},"_links":{"self":[{"href":"https:\/\/florina-vilgertshofer.de\/index.php?rest_route=\/wp\/v2\/pages\/263","targetHints":{"allow":["GET"]}}],"collection":[{"href":"https:\/\/florina-vilgertshofer.de\/index.php?rest_route=\/wp\/v2\/pages"}],"about":[{"href":"https:\/\/florina-vilgertshofer.de\/index.php?rest_route=\/wp\/v2\/types\/page"}],"author":[{"embeddable":true,"href":"https:\/\/florina-vilgertshofer.de\/index.php?rest_route=\/wp\/v2\/users\/1"}],"replies":[{"embeddable":true,"href":"https:\/\/florina-vilgertshofer.de\/index.php?rest_route=%2Fwp%2Fv2%2Fcomments&post=263"}],"version-history":[{"count":77,"href":"https:\/\/florina-vilgertshofer.de\/index.php?rest_route=\/wp\/v2\/pages\/263\/revisions"}],"predecessor-version":[{"id":1555,"href":"https:\/\/florina-vilgertshofer.de\/index.php?rest_route=\/wp\/v2\/pages\/263\/revisions\/1555"}],"wp:attachment":[{"href":"https:\/\/florina-vilgertshofer.de\/index.php?rest_route=%2Fwp%2Fv2%2Fmedia&parent=263"}],"curies":[{"name":"wp","href":"https:\/\/api.w.org\/{rel}","templated":true}]}}