{"id":1868,"date":"2026-09-02T09:47:36","date_gmt":"2026-09-02T09:47:36","guid":{"rendered":"https:\/\/florina-vilgertshofer.de\/?page_id=1868"},"modified":"2026-09-02T09:48:54","modified_gmt":"2026-09-02T09:48:54","slug":"in-der-partei","status":"publish","type":"page","link":"https:\/\/florina-vilgertshofer.de\/?page_id=1868","title":{"rendered":"In der Partei"},"content":{"rendered":"\n<div class=\"wp-block-cover is-light\" style=\"min-height:454px;aspect-ratio:unset;\"><img loading=\"lazy\" decoding=\"async\" width=\"1024\" height=\"683\" class=\"wp-block-cover__image-background wp-image-820 size-large\" alt=\"\" src=\"http:\/\/florina-vilgertshofer.de\/wp-content\/uploads\/2023\/08\/Gruene-Muenchen-Nord-Schwabing-Neuhausen-Nymphenburg-Wahlkampfauftakt-1024x683.jpg\" style=\"object-position:58% 100%\" data-object-fit=\"cover\" data-object-position=\"58% 100%\" srcset=\"https:\/\/florina-vilgertshofer.de\/wp-content\/uploads\/2023\/08\/Gruene-Muenchen-Nord-Schwabing-Neuhausen-Nymphenburg-Wahlkampfauftakt-1024x683.jpg 1024w, https:\/\/florina-vilgertshofer.de\/wp-content\/uploads\/2023\/08\/Gruene-Muenchen-Nord-Schwabing-Neuhausen-Nymphenburg-Wahlkampfauftakt-300x200.jpg 300w, https:\/\/florina-vilgertshofer.de\/wp-content\/uploads\/2023\/08\/Gruene-Muenchen-Nord-Schwabing-Neuhausen-Nymphenburg-Wahlkampfauftakt-768x512.jpg 768w, https:\/\/florina-vilgertshofer.de\/wp-content\/uploads\/2023\/08\/Gruene-Muenchen-Nord-Schwabing-Neuhausen-Nymphenburg-Wahlkampfauftakt-1536x1024.jpg 1536w, https:\/\/florina-vilgertshofer.de\/wp-content\/uploads\/2023\/08\/Gruene-Muenchen-Nord-Schwabing-Neuhausen-Nymphenburg-Wahlkampfauftakt-2048x1365.jpg 2048w\" sizes=\"auto, (max-width: 1024px) 100vw, 1024px\" \/><span aria-hidden=\"true\" class=\"wp-block-cover__background has-background-dim-40 has-background-dim\" style=\"background-color:#808c91\"><\/span><div class=\"wp-block-cover__inner-container is-layout-flow wp-block-cover-is-layout-flow\">\n<div style=\"height:185px\" aria-hidden=\"true\" class=\"wp-block-spacer\"><\/div>\n\n\n\n<h5 class=\"wp-block-heading has-text-align-right has-white-500-color has-white-color has-text-color has-pt-sans-font-family\" style=\"font-size:clamp(26.465px, 1.654rem + ((1vw - 3.2px) * 2.106), 45px);font-style:normal;font-weight:400;text-transform:uppercase\">In der PArtei<\/h5>\n<\/div><\/div>\n\n\n\n<div style=\"height:100px\" aria-hidden=\"true\" class=\"wp-block-spacer\"><\/div>\n\n\n\n<p class=\"wp-block-paragraph\">Politik lebt davon, dass Menschen sich einbringen \u2013 mit ihrer Zeit, ihren Ideen und ihrer Haltung. Genau daf\u00fcr engagiere ich mich: in meinen Mandaten und \u00c4mtern, aber genauso in der allt\u00e4glichen Parteiarbeit vor Ort.<\/p>\n\n\n\n<p class=\"wp-block-paragraph\">Im Bezirkstag Oberbayern vertrete ich als direkt gew\u00e4hlte Bezirksr\u00e4tin den Stimmkreis M\u00fcnchen-Schwabing und bin dort stellvertretende Fraktionsvorsitzende. Als Ko-Sprecherin des Ortsverbands Schwabing\/Maxvorstadt\/Freimann trage ich Verantwortung f\u00fcr einen der gr\u00f6\u00dften Ortsverb\u00e4nde M\u00fcnchens mit knapp 1.000 Mitgliedern. Au\u00dferdem bin ich Mitglied im Vorstand des Bezirksverbands Oberbayern sowie im Landesausschuss der bayerischen Gr\u00fcnen.<\/p>\n\n\n\n<p class=\"wp-block-paragraph\">In der Partei setze ich mich besonders daf\u00fcr ein, dass Familie und politisches Engagement vereinbar sind, damit auch Menschen mit Sorgeverantwortung aktiv sein k\u00f6nnen \u2013 ein Anliegen, das mir seit der Geburt meiner Tochter noch wichtiger geworden ist. Genauso wichtig ist mir, neue Mitglieder gut einzubinden, ihre Ideen aufzunehmen und ihnen die M\u00f6glichkeit zu bieten, sich einzubringen und mitzugestalten.<\/p>\n\n\n\n<p class=\"wp-block-paragraph\"><br>Hier findest du Informationen zu meiner Arbeit und meinen Initiativen in der Partei.<\/p>\n\n\n\n<div style=\"height:67px\" aria-hidden=\"true\" class=\"wp-block-spacer\"><\/div>\n\n\n\n<div class=\"wp-block-query is-layout-constrained wp-block-query-is-layout-constrained\"><ul class=\"wp-block-post-template is-layout-flow wp-block-post-template-is-layout-flow\"><li class=\"wp-block-post post-1864 post type-post status-publish format-standard has-post-thumbnail hentry category-aktuelles category-partei tag-bodenpolitik tag-muenchner-forum\">\n\n<div class=\"wp-block-columns alignwide is-layout-flex wp-container-core-columns-is-layout-8f761849 wp-block-columns-is-layout-flex\">\n<div class=\"wp-block-column is-layout-flow wp-block-column-is-layout-flow\" style=\"flex-basis:30%\"><figure class=\"wp-block-post-featured-image\"><a href=\"https:\/\/florina-vilgertshofer.de\/?p=1864\" target=\"_self\" ><img loading=\"lazy\" decoding=\"async\" width=\"2560\" height=\"2560\" src=\"https:\/\/florina-vilgertshofer.de\/wp-content\/uploads\/2026\/09\/Vilgertshofer-Florina-Bezirksversammlung-Germerin-Wahl-Landesausschuss-edited-scaled.jpg\" class=\"attachment-post-thumbnail size-post-thumbnail wp-post-image\" alt=\"Wahl in den Landesausschuss\" style=\"width:100%;height:250px;width:250px;object-fit:cover;\" srcset=\"https:\/\/florina-vilgertshofer.de\/wp-content\/uploads\/2026\/09\/Vilgertshofer-Florina-Bezirksversammlung-Germerin-Wahl-Landesausschuss-edited-scaled.jpg 2560w, https:\/\/florina-vilgertshofer.de\/wp-content\/uploads\/2026\/09\/Vilgertshofer-Florina-Bezirksversammlung-Germerin-Wahl-Landesausschuss-edited-300x300.jpg 300w, https:\/\/florina-vilgertshofer.de\/wp-content\/uploads\/2026\/09\/Vilgertshofer-Florina-Bezirksversammlung-Germerin-Wahl-Landesausschuss-edited-1024x1024.jpg 1024w, https:\/\/florina-vilgertshofer.de\/wp-content\/uploads\/2026\/09\/Vilgertshofer-Florina-Bezirksversammlung-Germerin-Wahl-Landesausschuss-edited-150x150.jpg 150w, https:\/\/florina-vilgertshofer.de\/wp-content\/uploads\/2026\/09\/Vilgertshofer-Florina-Bezirksversammlung-Germerin-Wahl-Landesausschuss-edited-768x768.jpg 768w, https:\/\/florina-vilgertshofer.de\/wp-content\/uploads\/2026\/09\/Vilgertshofer-Florina-Bezirksversammlung-Germerin-Wahl-Landesausschuss-edited-1536x1536.jpg 1536w, https:\/\/florina-vilgertshofer.de\/wp-content\/uploads\/2026\/09\/Vilgertshofer-Florina-Bezirksversammlung-Germerin-Wahl-Landesausschuss-edited-2048x2048.jpg 2048w\" sizes=\"auto, (max-width: 2560px) 100vw, 2560px\" \/><\/a><\/figure><\/div>\n\n\n\n<div class=\"wp-block-column is-layout-flow wp-block-column-is-layout-flow\" style=\"flex-basis:70%\"><h2 style=\"font-style:normal;font-weight:400;text-transform:uppercase\" class=\"wp-block-post-title has-medium-font-size has-pt-sans-font-family\"><a href=\"https:\/\/florina-vilgertshofer.de\/?p=1864\" target=\"_blank\" >Wahl in den Landesausschuss<\/a><\/h2>\n\n<div class=\"wp-block-post-excerpt has-small-font-size\"><p class=\"wp-block-post-excerpt__excerpt\">9. Mai 2026 &#8211; Ich freue mich sehr \u00fcber das gro\u00dfe Vertrauen der Bezirksversammlung und meine Wahl in den Landesausschuss der Bayerischen Gr\u00fcnen. K\u00fcnftig darf ich dort den Bezirksverband Oberbayern vertreten und gemeinsam mit anderen an den strategischen Fragen unserer Partei arbeiten. <\/p><\/div><\/div>\n<\/div>\n\n<\/li><li class=\"wp-block-post post-1857 post type-post status-publish format-standard has-post-thumbnail hentry category-aktuelles category-partei tag-gruene tag-kommunalpolitik tag-muenchen\">\n\n<div class=\"wp-block-columns alignwide is-layout-flex wp-container-core-columns-is-layout-8f761849 wp-block-columns-is-layout-flex\">\n<div class=\"wp-block-column is-layout-flow wp-block-column-is-layout-flow\" style=\"flex-basis:30%\"><figure class=\"wp-block-post-featured-image\"><a href=\"https:\/\/florina-vilgertshofer.de\/?p=1857\" target=\"_self\" ><img loading=\"lazy\" decoding=\"async\" width=\"2160\" height=\"2160\" src=\"https:\/\/florina-vilgertshofer.de\/wp-content\/uploads\/2026\/08\/Vilgertshofer-Florina-waehlt-DOminik-Krause.jpg\" class=\"attachment-post-thumbnail size-post-thumbnail wp-post-image\" alt=\"Ein Gr\u00fcner Oberb\u00fcrgermeister f\u00fcr M\u00fcnchen\" style=\"width:100%;height:250px;width:250px;object-fit:cover;\" srcset=\"https:\/\/florina-vilgertshofer.de\/wp-content\/uploads\/2026\/08\/Vilgertshofer-Florina-waehlt-DOminik-Krause.jpg 2160w, https:\/\/florina-vilgertshofer.de\/wp-content\/uploads\/2026\/08\/Vilgertshofer-Florina-waehlt-DOminik-Krause-300x300.jpg 300w, https:\/\/florina-vilgertshofer.de\/wp-content\/uploads\/2026\/08\/Vilgertshofer-Florina-waehlt-DOminik-Krause-1024x1024.jpg 1024w, https:\/\/florina-vilgertshofer.de\/wp-content\/uploads\/2026\/08\/Vilgertshofer-Florina-waehlt-DOminik-Krause-150x150.jpg 150w, https:\/\/florina-vilgertshofer.de\/wp-content\/uploads\/2026\/08\/Vilgertshofer-Florina-waehlt-DOminik-Krause-768x768.jpg 768w, https:\/\/florina-vilgertshofer.de\/wp-content\/uploads\/2026\/08\/Vilgertshofer-Florina-waehlt-DOminik-Krause-1536x1536.jpg 1536w, https:\/\/florina-vilgertshofer.de\/wp-content\/uploads\/2026\/08\/Vilgertshofer-Florina-waehlt-DOminik-Krause-2048x2048.jpg 2048w\" sizes=\"auto, (max-width: 2160px) 100vw, 2160px\" \/><\/a><\/figure><\/div>\n\n\n\n<div class=\"wp-block-column is-layout-flow wp-block-column-is-layout-flow\" style=\"flex-basis:70%\"><h2 style=\"font-style:normal;font-weight:400;text-transform:uppercase\" class=\"wp-block-post-title has-medium-font-size has-pt-sans-font-family\"><a href=\"https:\/\/florina-vilgertshofer.de\/?p=1857\" target=\"_blank\" >Ein Gr\u00fcner Oberb\u00fcrgermeister f\u00fcr M\u00fcnchen<\/a><\/h2>\n\n<div class=\"wp-block-post-excerpt has-small-font-size\"><p class=\"wp-block-post-excerpt__excerpt\">23. M\u00e4rz 2026 &#8211; Der Wahlkampf hat sich gelohnt! Die vielen Stunden an Infost\u00e4nden, das Motivieren und Aktivieren unserer gr\u00fcnen Mitglieder und vor allem die Gespr\u00e4che und Diskussionen mit den W\u00e4hlerinnen und W\u00e4hlern: Unsere ehrenamtliche Arbeit der letzten Wochen und Monate hat sich gelohnt:&hellip; <\/p><\/div><\/div>\n<\/div>\n\n<\/li><\/ul><\/div>\n","protected":false},"excerpt":{"rendered":"<p>Politik lebt davon, dass Menschen sich einbringen \u2013 mit ihrer Zeit, ihren Ideen und ihrer Haltung. Genau daf\u00fcr engagiere ich mich: in meinen Mandaten und \u00c4mtern, aber genauso in der [&hellip;]<\/p>\n","protected":false},"author":1,"featured_media":0,"parent":0,"menu_order":0,"comment_status":"closed","ping_status":"closed","template":"","meta":{"footnotes":""},"class_list":["post-1868","page","type-page","status-publish","hentry"],"yoast_head":"<!-- This site is optimized with the Yoast SEO plugin v28.3 - https:\/\/yoast.com\/product\/yoast-seo-wordpress\/ -->\n<title>In der Partei - Florina Vilgertshofer<\/title>\n<meta name=\"robots\" content=\"index, follow, max-snippet:-1, max-image-preview:large, max-video-preview:-1\" \/>\n<link rel=\"canonical\" href=\"https:\/\/florina-vilgertshofer.de\/?page_id=1868\" \/>\n<meta property=\"og:locale\" content=\"de_DE\" \/>\n<meta property=\"og:type\" content=\"article\" \/>\n<meta property=\"og:title\" content=\"In der Partei - Florina Vilgertshofer\" \/>\n<meta property=\"og:description\" content=\"Politik lebt davon, dass Menschen sich einbringen \u2013 mit ihrer Zeit, ihren Ideen und ihrer Haltung. Genau daf\u00fcr engagiere ich mich: in meinen Mandaten und \u00c4mtern, aber genauso in der [&hellip;]\" \/>\n<meta property=\"og:url\" content=\"https:\/\/florina-vilgertshofer.de\/?page_id=1868\" \/>\n<meta property=\"og:site_name\" content=\"Florina Vilgertshofer\" \/>\n<meta property=\"article:publisher\" content=\"https:\/\/www.facebook.com\/minny.cooper.9\" \/>\n<meta property=\"article:modified_time\" content=\"2026-09-02T09:48:54+00:00\" \/>\n<meta property=\"og:image\" content=\"https:\/\/florina-vilgertshofer.de\/wp-content\/uploads\/2023\/08\/Gruene-Muenchen-Nord-Schwabing-Neuhausen-Nymphenburg-Wahlkampfauftakt-scaled.jpg\" \/>\n\t<meta property=\"og:image:width\" content=\"2560\" \/>\n\t<meta property=\"og:image:height\" content=\"1707\" \/>\n\t<meta property=\"og:image:type\" content=\"image\/jpeg\" \/>\n<meta name=\"twitter:card\" content=\"summary_large_image\" \/>\n<meta name=\"twitter:label1\" content=\"Gesch\u00e4tzte Lesezeit\" \/>\n\t<meta name=\"twitter:data1\" content=\"2\u00a0Minuten\" \/>\n<script type=\"application\/ld+json\" class=\"yoast-schema-graph\">{\"@context\":\"https:\\\/\\\/schema.org\",\"@graph\":[{\"@type\":\"WebPage\",\"@id\":\"https:\\\/\\\/florina-vilgertshofer.de\\\/?page_id=1868\",\"url\":\"https:\\\/\\\/florina-vilgertshofer.de\\\/?page_id=1868\",\"name\":\"In der Partei - Florina Vilgertshofer\",\"isPartOf\":{\"@id\":\"https:\\\/\\\/florina-vilgertshofer.de\\\/#website\"},\"primaryImageOfPage\":{\"@id\":\"https:\\\/\\\/florina-vilgertshofer.de\\\/?page_id=1868#primaryimage\"},\"image\":{\"@id\":\"https:\\\/\\\/florina-vilgertshofer.de\\\/?page_id=1868#primaryimage\"},\"thumbnailUrl\":\"http:\\\/\\\/florina-vilgertshofer.de\\\/wp-content\\\/uploads\\\/2023\\\/08\\\/Gruene-Muenchen-Nord-Schwabing-Neuhausen-Nymphenburg-Wahlkampfauftakt-1024x683.jpg\",\"datePublished\":\"2026-09-02T09:47:36+00:00\",\"dateModified\":\"2026-09-02T09:48:54+00:00\",\"breadcrumb\":{\"@id\":\"https:\\\/\\\/florina-vilgertshofer.de\\\/?page_id=1868#breadcrumb\"},\"inLanguage\":\"de\",\"potentialAction\":[{\"@type\":\"ReadAction\",\"target\":[\"https:\\\/\\\/florina-vilgertshofer.de\\\/?page_id=1868\"]}]},{\"@type\":\"ImageObject\",\"inLanguage\":\"de\",\"@id\":\"https:\\\/\\\/florina-vilgertshofer.de\\\/?page_id=1868#primaryimage\",\"url\":\"https:\\\/\\\/florina-vilgertshofer.de\\\/wp-content\\\/uploads\\\/2023\\\/08\\\/Gruene-Muenchen-Nord-Schwabing-Neuhausen-Nymphenburg-Wahlkampfauftakt-scaled.jpg\",\"contentUrl\":\"https:\\\/\\\/florina-vilgertshofer.de\\\/wp-content\\\/uploads\\\/2023\\\/08\\\/Gruene-Muenchen-Nord-Schwabing-Neuhausen-Nymphenburg-Wahlkampfauftakt-scaled.jpg\",\"width\":2560,\"height\":1707},{\"@type\":\"BreadcrumbList\",\"@id\":\"https:\\\/\\\/florina-vilgertshofer.de\\\/?page_id=1868#breadcrumb\",\"itemListElement\":[{\"@type\":\"ListItem\",\"position\":1,\"name\":\"Startseite\",\"item\":\"https:\\\/\\\/florina-vilgertshofer.de\\\/\"},{\"@type\":\"ListItem\",\"position\":2,\"name\":\"In der Partei\"}]},{\"@type\":\"WebSite\",\"@id\":\"https:\\\/\\\/florina-vilgertshofer.de\\\/#website\",\"url\":\"https:\\\/\\\/florina-vilgertshofer.de\\\/\",\"name\":\"Florina Vilgertshofer\",\"description\":\"Bezirksr\u00e4tin I Kulturpolitikerin\",\"publisher\":{\"@id\":\"https:\\\/\\\/florina-vilgertshofer.de\\\/#\\\/schema\\\/person\\\/c634068ffbadf5345d5be6795bfe2fe7\"},\"alternateName\":\"Fina Vilgertshofer\",\"potentialAction\":[{\"@type\":\"SearchAction\",\"target\":{\"@type\":\"EntryPoint\",\"urlTemplate\":\"https:\\\/\\\/florina-vilgertshofer.de\\\/?s={search_term_string}\"},\"query-input\":{\"@type\":\"PropertyValueSpecification\",\"valueRequired\":true,\"valueName\":\"search_term_string\"}}],\"inLanguage\":\"de\"},{\"@type\":[\"Person\",\"Organization\"],\"@id\":\"https:\\\/\\\/florina-vilgertshofer.de\\\/#\\\/schema\\\/person\\\/c634068ffbadf5345d5be6795bfe2fe7\",\"name\":\"admin\",\"image\":{\"@type\":\"ImageObject\",\"inLanguage\":\"de\",\"@id\":\"http:\\\/\\\/florina-vilgertshofer.de\\\/wp-content\\\/uploads\\\/2023\\\/02\\\/florina-vilgertshofer-gruene-muenchen-schwabing-kandidatin-bezirkstag_breit-scaled.jpg\",\"url\":\"http:\\\/\\\/florina-vilgertshofer.de\\\/wp-content\\\/uploads\\\/2023\\\/02\\\/florina-vilgertshofer-gruene-muenchen-schwabing-kandidatin-bezirkstag_breit-scaled.jpg\",\"contentUrl\":\"http:\\\/\\\/florina-vilgertshofer.de\\\/wp-content\\\/uploads\\\/2023\\\/02\\\/florina-vilgertshofer-gruene-muenchen-schwabing-kandidatin-bezirkstag_breit-scaled.jpg\",\"width\":2560,\"height\":1209,\"caption\":\"admin\"},\"logo\":{\"@id\":\"http:\\\/\\\/florina-vilgertshofer.de\\\/wp-content\\\/uploads\\\/2023\\\/02\\\/florina-vilgertshofer-gruene-muenchen-schwabing-kandidatin-bezirkstag_breit-scaled.jpg\"},\"sameAs\":[\"http:\\\/\\\/florina-vilgertshofer.de\",\"https:\\\/\\\/www.facebook.com\\\/minny.cooper.9\",\"https:\\\/\\\/www.instagram.com\\\/finafinch\\\/\",\"https:\\\/\\\/www.linkedin.com\\\/in\\\/florina-fina-vilgertshofer-a5320093\\\/\"]}]}<\/script>\n<!-- \/ Yoast SEO plugin. -->","yoast_head_json":{"title":"In der Partei - Florina Vilgertshofer","robots":{"index":"index","follow":"follow","max-snippet":"max-snippet:-1","max-image-preview":"max-image-preview:large","max-video-preview":"max-video-preview:-1"},"canonical":"https:\/\/florina-vilgertshofer.de\/?page_id=1868","og_locale":"de_DE","og_type":"article","og_title":"In der Partei - Florina Vilgertshofer","og_description":"Politik lebt davon, dass Menschen sich einbringen \u2013 mit ihrer Zeit, ihren Ideen und ihrer Haltung. Genau daf\u00fcr engagiere ich mich: in meinen Mandaten und \u00c4mtern, aber genauso in der [&hellip;]","og_url":"https:\/\/florina-vilgertshofer.de\/?page_id=1868","og_site_name":"Florina Vilgertshofer","article_publisher":"https:\/\/www.facebook.com\/minny.cooper.9","article_modified_time":"2026-09-02T09:48:54+00:00","og_image":[{"width":2560,"height":1707,"url":"https:\/\/florina-vilgertshofer.de\/wp-content\/uploads\/2023\/08\/Gruene-Muenchen-Nord-Schwabing-Neuhausen-Nymphenburg-Wahlkampfauftakt-scaled.jpg","type":"image\/jpeg"}],"twitter_card":"summary_large_image","twitter_misc":{"Gesch\u00e4tzte Lesezeit":"2\u00a0Minuten"},"schema":{"@context":"https:\/\/schema.org","@graph":[{"@type":"WebPage","@id":"https:\/\/florina-vilgertshofer.de\/?page_id=1868","url":"https:\/\/florina-vilgertshofer.de\/?page_id=1868","name":"In der Partei - Florina Vilgertshofer","isPartOf":{"@id":"https:\/\/florina-vilgertshofer.de\/#website"},"primaryImageOfPage":{"@id":"https:\/\/florina-vilgertshofer.de\/?page_id=1868#primaryimage"},"image":{"@id":"https:\/\/florina-vilgertshofer.de\/?page_id=1868#primaryimage"},"thumbnailUrl":"http:\/\/florina-vilgertshofer.de\/wp-content\/uploads\/2023\/08\/Gruene-Muenchen-Nord-Schwabing-Neuhausen-Nymphenburg-Wahlkampfauftakt-1024x683.jpg","datePublished":"2026-09-02T09:47:36+00:00","dateModified":"2026-09-02T09:48:54+00:00","breadcrumb":{"@id":"https:\/\/florina-vilgertshofer.de\/?page_id=1868#breadcrumb"},"inLanguage":"de","potentialAction":[{"@type":"ReadAction","target":["https:\/\/florina-vilgertshofer.de\/?page_id=1868"]}]},{"@type":"ImageObject","inLanguage":"de","@id":"https:\/\/florina-vilgertshofer.de\/?page_id=1868#primaryimage","url":"https:\/\/florina-vilgertshofer.de\/wp-content\/uploads\/2023\/08\/Gruene-Muenchen-Nord-Schwabing-Neuhausen-Nymphenburg-Wahlkampfauftakt-scaled.jpg","contentUrl":"https:\/\/florina-vilgertshofer.de\/wp-content\/uploads\/2023\/08\/Gruene-Muenchen-Nord-Schwabing-Neuhausen-Nymphenburg-Wahlkampfauftakt-scaled.jpg","width":2560,"height":1707},{"@type":"BreadcrumbList","@id":"https:\/\/florina-vilgertshofer.de\/?page_id=1868#breadcrumb","itemListElement":[{"@type":"ListItem","position":1,"name":"Startseite","item":"https:\/\/florina-vilgertshofer.de\/"},{"@type":"ListItem","position":2,"name":"In der Partei"}]},{"@type":"WebSite","@id":"https:\/\/florina-vilgertshofer.de\/#website","url":"https:\/\/florina-vilgertshofer.de\/","name":"Florina Vilgertshofer","description":"Bezirksr\u00e4tin I Kulturpolitikerin","publisher":{"@id":"https:\/\/florina-vilgertshofer.de\/#\/schema\/person\/c634068ffbadf5345d5be6795bfe2fe7"},"alternateName":"Fina Vilgertshofer","potentialAction":[{"@type":"SearchAction","target":{"@type":"EntryPoint","urlTemplate":"https:\/\/florina-vilgertshofer.de\/?s={search_term_string}"},"query-input":{"@type":"PropertyValueSpecification","valueRequired":true,"valueName":"search_term_string"}}],"inLanguage":"de"},{"@type":["Person","Organization"],"@id":"https:\/\/florina-vilgertshofer.de\/#\/schema\/person\/c634068ffbadf5345d5be6795bfe2fe7","name":"admin","image":{"@type":"ImageObject","inLanguage":"de","@id":"http:\/\/florina-vilgertshofer.de\/wp-content\/uploads\/2023\/02\/florina-vilgertshofer-gruene-muenchen-schwabing-kandidatin-bezirkstag_breit-scaled.jpg","url":"http:\/\/florina-vilgertshofer.de\/wp-content\/uploads\/2023\/02\/florina-vilgertshofer-gruene-muenchen-schwabing-kandidatin-bezirkstag_breit-scaled.jpg","contentUrl":"http:\/\/florina-vilgertshofer.de\/wp-content\/uploads\/2023\/02\/florina-vilgertshofer-gruene-muenchen-schwabing-kandidatin-bezirkstag_breit-scaled.jpg","width":2560,"height":1209,"caption":"admin"},"logo":{"@id":"http:\/\/florina-vilgertshofer.de\/wp-content\/uploads\/2023\/02\/florina-vilgertshofer-gruene-muenchen-schwabing-kandidatin-bezirkstag_breit-scaled.jpg"},"sameAs":["http:\/\/florina-vilgertshofer.de","https:\/\/www.facebook.com\/minny.cooper.9","https:\/\/www.instagram.com\/finafinch\/","https:\/\/www.linkedin.com\/in\/florina-fina-vilgertshofer-a5320093\/"]}]}},"_links":{"self":[{"href":"https:\/\/florina-vilgertshofer.de\/index.php?rest_route=\/wp\/v2\/pages\/1868","targetHints":{"allow":["GET"]}}],"collection":[{"href":"https:\/\/florina-vilgertshofer.de\/index.php?rest_route=\/wp\/v2\/pages"}],"about":[{"href":"https:\/\/florina-vilgertshofer.de\/index.php?rest_route=\/wp\/v2\/types\/page"}],"author":[{"embeddable":true,"href":"https:\/\/florina-vilgertshofer.de\/index.php?rest_route=\/wp\/v2\/users\/1"}],"replies":[{"embeddable":true,"href":"https:\/\/florina-vilgertshofer.de\/index.php?rest_route=%2Fwp%2Fv2%2Fcomments&post=1868"}],"version-history":[{"count":1,"href":"https:\/\/florina-vilgertshofer.de\/index.php?rest_route=\/wp\/v2\/pages\/1868\/revisions"}],"predecessor-version":[{"id":1870,"href":"https:\/\/florina-vilgertshofer.de\/index.php?rest_route=\/wp\/v2\/pages\/1868\/revisions\/1870"}],"wp:attachment":[{"href":"https:\/\/florina-vilgertshofer.de\/index.php?rest_route=%2Fwp%2Fv2%2Fmedia&parent=1868"}],"curies":[{"name":"wp","href":"https:\/\/api.w.org\/{rel}","templated":true}]}}