{"id":1426,"date":"2023-09-02T06:46:40","date_gmt":"2023-09-02T06:46:40","guid":{"rendered":"https:\/\/florina-vilgertshofer.de\/?page_id=1426"},"modified":"2025-01-28T10:17:25","modified_gmt":"2025-01-28T10:17:25","slug":"presse","status":"publish","type":"page","link":"https:\/\/florina-vilgertshofer.de\/?page_id=1426","title":{"rendered":"Presse"},"content":{"rendered":"\n<div class=\"wp-block-cover is-light\" style=\"min-height:454px;aspect-ratio:unset;\"><span aria-hidden=\"true\" class=\"wp-block-cover__background has-background-dim-40 has-background-dim\" style=\"background-color:#849dc0\"><\/span><img loading=\"lazy\" decoding=\"async\" width=\"1440\" height=\"2560\" class=\"wp-block-cover__image-background wp-image-1432\" alt=\"\" src=\"http:\/\/florina-vilgertshofer.de\/wp-content\/uploads\/2024\/09\/IMG_8726-scaled.jpeg\" data-object-fit=\"cover\" srcset=\"https:\/\/florina-vilgertshofer.de\/wp-content\/uploads\/2024\/09\/IMG_8726-scaled.jpeg 1440w, https:\/\/florina-vilgertshofer.de\/wp-content\/uploads\/2024\/09\/IMG_8726-169x300.jpeg 169w, https:\/\/florina-vilgertshofer.de\/wp-content\/uploads\/2024\/09\/IMG_8726-576x1024.jpeg 576w, https:\/\/florina-vilgertshofer.de\/wp-content\/uploads\/2024\/09\/IMG_8726-768x1365.jpeg 768w, https:\/\/florina-vilgertshofer.de\/wp-content\/uploads\/2024\/09\/IMG_8726-864x1536.jpeg 864w, https:\/\/florina-vilgertshofer.de\/wp-content\/uploads\/2024\/09\/IMG_8726-1152x2048.jpeg 1152w\" sizes=\"auto, (max-width: 1440px) 100vw, 1440px\" \/><div class=\"wp-block-cover__inner-container is-layout-flow wp-block-cover-is-layout-flow\">\n<h5 class=\"wp-block-heading has-text-align-right has-white-500-color has-white-color has-text-color\" style=\"font-size:clamp(21.027px, 1.314rem + ((1vw - 3.2px) * 1.474), 34px);font-style:normal;font-weight:200;text-transform:uppercase\">PRESSE<\/h5>\n<\/div><\/div>\n\n\n\n<div style=\"height:59px\" aria-hidden=\"true\" class=\"wp-block-spacer\"><\/div>\n\n\n\n<p>Hier findest du eine Auswahl der Presseartikel zu meiner politischen Arbeit. <\/p>\n\n\n\n<div style=\"height:67px\" aria-hidden=\"true\" class=\"wp-block-spacer\"><\/div>\n\n\n\n<div class=\"wp-block-query is-layout-constrained wp-container-core-query-is-layout-06ee857a wp-block-query-is-layout-constrained\"><ul class=\"wp-block-post-template is-layout-flow wp-block-post-template-is-layout-flow\"><li class=\"wp-block-post post-1624 post type-post status-publish format-standard has-post-thumbnail hentry category-aktuelles category-muenchner-forum category-presse tag-bezirksausschuss tag-bodenpolitik tag-maxvorstadt\">\n\n<div class=\"wp-block-columns alignwide is-layout-flex wp-container-core-columns-is-layout-9d6595d7 wp-block-columns-is-layout-flex\">\n<div class=\"wp-block-column is-layout-flow wp-block-column-is-layout-flow\" style=\"flex-basis:33%\"><figure class=\"wp-block-post-featured-image\"><a href=\"https:\/\/florina-vilgertshofer.de\/?p=1624\" target=\"_self\"  ><img loading=\"lazy\" decoding=\"async\" width=\"1302\" height=\"702\" src=\"https:\/\/florina-vilgertshofer.de\/wp-content\/uploads\/2025\/08\/Bildschirmfoto-2025-08-22-um-16.29.44.png\" class=\"attachment-post-thumbnail size-post-thumbnail wp-post-image\" alt=\"Interview zur Zukunft des Strafjustizzentrums\" style=\"object-fit:cover;\" srcset=\"https:\/\/florina-vilgertshofer.de\/wp-content\/uploads\/2025\/08\/Bildschirmfoto-2025-08-22-um-16.29.44.png 1302w, https:\/\/florina-vilgertshofer.de\/wp-content\/uploads\/2025\/08\/Bildschirmfoto-2025-08-22-um-16.29.44-300x162.png 300w, https:\/\/florina-vilgertshofer.de\/wp-content\/uploads\/2025\/08\/Bildschirmfoto-2025-08-22-um-16.29.44-1024x552.png 1024w, https:\/\/florina-vilgertshofer.de\/wp-content\/uploads\/2025\/08\/Bildschirmfoto-2025-08-22-um-16.29.44-768x414.png 768w\" sizes=\"auto, (max-width: 1302px) 100vw, 1302px\" \/><\/a><\/figure><\/div>\n\n\n\n<div class=\"wp-block-column is-layout-flow wp-block-column-is-layout-flow\" style=\"flex-basis:66%\"><h2 class=\"wp-block-post-title\"><a href=\"https:\/\/florina-vilgertshofer.de\/?p=1624\" target=\"_self\" >Interview zur Zukunft des Strafjustizzentrums<\/a><\/h2>\n\n<div class=\"wp-block-post-excerpt\"><p class=\"wp-block-post-excerpt__excerpt\">21. August 2025 \u2022 Die Debatte um die Zukunft des Strafjustizzentrums in M\u00fcnchen spitz sich zu &#8211; der geplante Verkauf einer der letzten Liegenschaften im Zentrum der Landeshauptstadt wird von vielen Seiten scharf kritisiert, denn der Freistaat gibt damit die Entwicklungsm\u00f6glichkeiten f\u00fcr ein 1,7 Hektar gro\u00dfes Areal aus der Hand. Gestern war ich bei Bayern&hellip;<\/p><p class=\"wp-block-post-excerpt__more-text\"><a class=\"wp-block-post-excerpt__more-link\" href=\"https:\/\/florina-vilgertshofer.de\/?p=1624\">&#8230;<\/a><\/p><\/div><\/div>\n<\/div>\n\n\n\n<div style=\"height:39px\" aria-hidden=\"true\" class=\"wp-block-spacer\"><\/div>\n\n<\/li><li class=\"wp-block-post post-1618 post type-post status-publish format-standard has-post-thumbnail hentry category-aktuelles category-bezirksausschuss category-presse tag-bezirksausschuss tag-bodenpolitik tag-maxvorstadt\">\n\n<div class=\"wp-block-columns alignwide is-layout-flex wp-container-core-columns-is-layout-9d6595d7 wp-block-columns-is-layout-flex\">\n<div class=\"wp-block-column is-layout-flow wp-block-column-is-layout-flow\" style=\"flex-basis:33%\"><figure class=\"wp-block-post-featured-image\"><a href=\"https:\/\/florina-vilgertshofer.de\/?p=1618\" target=\"_self\"  ><img loading=\"lazy\" decoding=\"async\" width=\"951\" height=\"962\" src=\"https:\/\/florina-vilgertshofer.de\/wp-content\/uploads\/2025\/08\/Strafjustizzentrum.jpg\" class=\"attachment-post-thumbnail size-post-thumbnail wp-post-image\" alt=\"Kein Verkauf des Strafjustizzentrums!\" style=\"object-fit:cover;\" srcset=\"https:\/\/florina-vilgertshofer.de\/wp-content\/uploads\/2025\/08\/Strafjustizzentrum.jpg 951w, https:\/\/florina-vilgertshofer.de\/wp-content\/uploads\/2025\/08\/Strafjustizzentrum-297x300.jpg 297w, https:\/\/florina-vilgertshofer.de\/wp-content\/uploads\/2025\/08\/Strafjustizzentrum-768x777.jpg 768w\" sizes=\"auto, (max-width: 951px) 100vw, 951px\" \/><\/a><\/figure><\/div>\n\n\n\n<div class=\"wp-block-column is-layout-flow wp-block-column-is-layout-flow\" style=\"flex-basis:66%\"><h2 class=\"wp-block-post-title\"><a href=\"https:\/\/florina-vilgertshofer.de\/?p=1618\" target=\"_self\" >Kein Verkauf des Strafjustizzentrums!<\/a><\/h2>\n\n<div class=\"wp-block-post-excerpt\"><p class=\"wp-block-post-excerpt__excerpt\">14. August 2025 \u2022Die Gr\u00fcnen im Bezirksausschuss Maxvorstadt lehnen den laut SZ-Bericht geplanten verkauf des Strafjustizzentrums in der Standstra\u00dfe ab. \u201eDie Chance, in einem der dichtesten und teuersten Viertel in Mu\u0308nchen bezahlbaren Wohnraum zu schaffen, darf nicht verspielt werden!\u201c<\/p><p class=\"wp-block-post-excerpt__more-text\"><a class=\"wp-block-post-excerpt__more-link\" href=\"https:\/\/florina-vilgertshofer.de\/?p=1618\">&#8230;<\/a><\/p><\/div><\/div>\n<\/div>\n\n\n\n<div style=\"height:39px\" aria-hidden=\"true\" class=\"wp-block-spacer\"><\/div>\n\n<\/li><li class=\"wp-block-post post-1522 post type-post status-publish format-standard has-post-thumbnail hentry category-aktuelles category-muenchner-forum category-presse tag-bodenpolitik tag-muenchner-forum\">\n\n<div class=\"wp-block-columns alignwide is-layout-flex wp-container-core-columns-is-layout-9d6595d7 wp-block-columns-is-layout-flex\">\n<div class=\"wp-block-column is-layout-flow wp-block-column-is-layout-flow\" style=\"flex-basis:33%\"><figure class=\"wp-block-post-featured-image\"><a href=\"https:\/\/florina-vilgertshofer.de\/?p=1522\" target=\"_self\"  ><img loading=\"lazy\" decoding=\"async\" width=\"720\" height=\"720\" src=\"https:\/\/florina-vilgertshofer.de\/wp-content\/uploads\/2025\/07\/Bodenpreise-Freistaat-Bayern-Bodenpolitik-Vilgertshofer.jpeg\" class=\"attachment-post-thumbnail size-post-thumbnail wp-post-image\" alt=\"Heftige Kritik an Immo-Deals in M\u00fcnchen\" style=\"object-fit:cover;\" srcset=\"https:\/\/florina-vilgertshofer.de\/wp-content\/uploads\/2025\/07\/Bodenpreise-Freistaat-Bayern-Bodenpolitik-Vilgertshofer.jpeg 720w, https:\/\/florina-vilgertshofer.de\/wp-content\/uploads\/2025\/07\/Bodenpreise-Freistaat-Bayern-Bodenpolitik-Vilgertshofer-300x300.jpeg 300w, https:\/\/florina-vilgertshofer.de\/wp-content\/uploads\/2025\/07\/Bodenpreise-Freistaat-Bayern-Bodenpolitik-Vilgertshofer-150x150.jpeg 150w\" sizes=\"auto, (max-width: 720px) 100vw, 720px\" \/><\/a><\/figure><\/div>\n\n\n\n<div class=\"wp-block-column is-layout-flow wp-block-column-is-layout-flow\" style=\"flex-basis:66%\"><h2 class=\"wp-block-post-title\"><a href=\"https:\/\/florina-vilgertshofer.de\/?p=1522\" target=\"_self\" >Heftige Kritik an Immo-Deals in M\u00fcnchen<\/a><\/h2>\n\n<div class=\"wp-block-post-excerpt\"><p class=\"wp-block-post-excerpt__excerpt\">22. Juli 2025 \u2022Die TZ hat \u00fcber unsere Forderung nach einer Wende in der Bodenpolitik des Freistaats berichtet \u2013 denn Bayern verkauft Grundst\u00fccke noch immer zum Maximalgebot an Investoren, anstatt bezahlbaren Wohnraum zu f\u00f6rdern und Grundst\u00fccke an Genossenschafte, kommunale oder gemeinn\u00fctzige Wohnbauunternehmen zuvergeben.<\/p><p class=\"wp-block-post-excerpt__more-text\"><a class=\"wp-block-post-excerpt__more-link\" href=\"https:\/\/florina-vilgertshofer.de\/?p=1522\">&#8230;<\/a><\/p><\/div><\/div>\n<\/div>\n\n\n\n<div style=\"height:39px\" aria-hidden=\"true\" class=\"wp-block-spacer\"><\/div>\n\n<\/li><li class=\"wp-block-post post-1509 post type-post status-publish format-standard has-post-thumbnail hentry category-aktuelles category-muenchner-forum category-presse tag-bodenpolitik tag-muenchen tag-muenchner-forum\">\n\n<div class=\"wp-block-columns alignwide is-layout-flex wp-container-core-columns-is-layout-9d6595d7 wp-block-columns-is-layout-flex\">\n<div class=\"wp-block-column is-layout-flow wp-block-column-is-layout-flow\" style=\"flex-basis:33%\"><figure class=\"wp-block-post-featured-image\"><a href=\"https:\/\/florina-vilgertshofer.de\/?p=1509\" target=\"_self\"  ><img loading=\"lazy\" decoding=\"async\" width=\"542\" height=\"775\" src=\"https:\/\/florina-vilgertshofer.de\/wp-content\/uploads\/2025\/01\/Visual-bericht-BR.jpg\" class=\"attachment-post-thumbnail size-post-thumbnail wp-post-image\" alt=\"Kulturupdate des Bayerischen Rundfunks\" style=\"object-fit:cover;\" srcset=\"https:\/\/florina-vilgertshofer.de\/wp-content\/uploads\/2025\/01\/Visual-bericht-BR.jpg 542w, https:\/\/florina-vilgertshofer.de\/wp-content\/uploads\/2025\/01\/Visual-bericht-BR-210x300.jpg 210w\" sizes=\"auto, (max-width: 542px) 100vw, 542px\" \/><\/a><\/figure><\/div>\n\n\n\n<div class=\"wp-block-column is-layout-flow wp-block-column-is-layout-flow\" style=\"flex-basis:66%\"><h2 class=\"wp-block-post-title\"><a href=\"https:\/\/florina-vilgertshofer.de\/?p=1509\" target=\"_self\" >Kulturupdate des Bayerischen Rundfunks<\/a><\/h2>\n\n<div class=\"wp-block-post-excerpt\"><p class=\"wp-block-post-excerpt__excerpt\">21. Januar 2025 \u2022 Bericht des Bayerischen Rundfunks zu unserer satirischen Spendensammelaktion vor der Alten Akademie, um die Bodenpolitik des Freistaats &#8211; Verkauf von staatlichen Grundst\u00fccken zum H\u00f6chstpreis &#8211; aufmerksam zu machen<\/p><p class=\"wp-block-post-excerpt__more-text\"><a class=\"wp-block-post-excerpt__more-link\" href=\"https:\/\/florina-vilgertshofer.de\/?p=1509\">&#8230;<\/a><\/p><\/div><\/div>\n<\/div>\n\n\n\n<div style=\"height:39px\" aria-hidden=\"true\" class=\"wp-block-spacer\"><\/div>\n\n<\/li><li class=\"wp-block-post post-1435 post type-post status-publish format-standard has-post-thumbnail hentry category-aktuelles category-muenchner-forum category-presse tag-bezirksausschuss tag-bodenpolitik tag-maxvorstadt tag-presse\">\n\n<div class=\"wp-block-columns alignwide is-layout-flex wp-container-core-columns-is-layout-9d6595d7 wp-block-columns-is-layout-flex\">\n<div class=\"wp-block-column is-layout-flow wp-block-column-is-layout-flow\" style=\"flex-basis:33%\"><figure class=\"wp-block-post-featured-image\"><a href=\"https:\/\/florina-vilgertshofer.de\/?p=1435\" target=\"_self\"  ><img loading=\"lazy\" decoding=\"async\" width=\"1857\" height=\"1040\" src=\"https:\/\/florina-vilgertshofer.de\/wp-content\/uploads\/2024\/09\/Presse-Maxvorstadt-Funkhausareal-Vilgertshofer.png\" class=\"attachment-post-thumbnail size-post-thumbnail wp-post-image\" alt=\"Hallo M\u00fcnchen: Teilverkauf des Funkhausareals\" style=\"object-fit:cover;\" srcset=\"https:\/\/florina-vilgertshofer.de\/wp-content\/uploads\/2024\/09\/Presse-Maxvorstadt-Funkhausareal-Vilgertshofer.png 1857w, https:\/\/florina-vilgertshofer.de\/wp-content\/uploads\/2024\/09\/Presse-Maxvorstadt-Funkhausareal-Vilgertshofer-300x168.png 300w, https:\/\/florina-vilgertshofer.de\/wp-content\/uploads\/2024\/09\/Presse-Maxvorstadt-Funkhausareal-Vilgertshofer-1024x573.png 1024w, https:\/\/florina-vilgertshofer.de\/wp-content\/uploads\/2024\/09\/Presse-Maxvorstadt-Funkhausareal-Vilgertshofer-768x430.png 768w, https:\/\/florina-vilgertshofer.de\/wp-content\/uploads\/2024\/09\/Presse-Maxvorstadt-Funkhausareal-Vilgertshofer-1536x860.png 1536w\" sizes=\"auto, (max-width: 1857px) 100vw, 1857px\" \/><\/a><\/figure><\/div>\n\n\n\n<div class=\"wp-block-column is-layout-flow wp-block-column-is-layout-flow\" style=\"flex-basis:66%\"><h2 class=\"wp-block-post-title\"><a href=\"https:\/\/florina-vilgertshofer.de\/?p=1435\" target=\"_self\" >Hallo M\u00fcnchen: Teilverkauf des Funkhausareals<\/a><\/h2>\n\n<div class=\"wp-block-post-excerpt\"><p class=\"wp-block-post-excerpt__excerpt\">31. August 2024 \u2022 Bericht der tz zum geplanten Teilverkauf des Funkhausareals. Ich fordere ein Informations- und Mitspracherecht des BA&#8217;s.<\/p><p class=\"wp-block-post-excerpt__more-text\"><a class=\"wp-block-post-excerpt__more-link\" href=\"https:\/\/florina-vilgertshofer.de\/?p=1435\">&#8230;<\/a><\/p><\/div><\/div>\n<\/div>\n\n\n\n<div style=\"height:39px\" aria-hidden=\"true\" class=\"wp-block-spacer\"><\/div>\n\n<\/li><li class=\"wp-block-post post-1447 post type-post status-publish format-standard has-post-thumbnail hentry category-aktuelles category-muenchner-forum category-presse tag-bodenpolitik tag-presse tag-zerwirk\">\n\n<div class=\"wp-block-columns alignwide is-layout-flex wp-container-core-columns-is-layout-9d6595d7 wp-block-columns-is-layout-flex\">\n<div class=\"wp-block-column is-layout-flow wp-block-column-is-layout-flow\" style=\"flex-basis:33%\"><figure class=\"wp-block-post-featured-image\"><a href=\"https:\/\/florina-vilgertshofer.de\/?p=1447\" target=\"_self\"  ><img loading=\"lazy\" decoding=\"async\" width=\"1741\" height=\"1510\" src=\"https:\/\/florina-vilgertshofer.de\/wp-content\/uploads\/2024\/08\/Bodenpolitik-Bayern-Vilgertshofer-Debattenbeitrag-Mucbook.png\" class=\"attachment-post-thumbnail size-post-thumbnail wp-post-image\" alt=\"Bodenpolitik in Bayern: Der gro\u00dfe Ausverkauf geht weiter \u2013 ein Debattenbeitrag\" style=\"object-fit:cover;\" srcset=\"https:\/\/florina-vilgertshofer.de\/wp-content\/uploads\/2024\/08\/Bodenpolitik-Bayern-Vilgertshofer-Debattenbeitrag-Mucbook.png 1741w, https:\/\/florina-vilgertshofer.de\/wp-content\/uploads\/2024\/08\/Bodenpolitik-Bayern-Vilgertshofer-Debattenbeitrag-Mucbook-300x260.png 300w, https:\/\/florina-vilgertshofer.de\/wp-content\/uploads\/2024\/08\/Bodenpolitik-Bayern-Vilgertshofer-Debattenbeitrag-Mucbook-1024x888.png 1024w, https:\/\/florina-vilgertshofer.de\/wp-content\/uploads\/2024\/08\/Bodenpolitik-Bayern-Vilgertshofer-Debattenbeitrag-Mucbook-768x666.png 768w, https:\/\/florina-vilgertshofer.de\/wp-content\/uploads\/2024\/08\/Bodenpolitik-Bayern-Vilgertshofer-Debattenbeitrag-Mucbook-1536x1332.png 1536w\" sizes=\"auto, (max-width: 1741px) 100vw, 1741px\" \/><\/a><\/figure><\/div>\n\n\n\n<div class=\"wp-block-column is-layout-flow wp-block-column-is-layout-flow\" style=\"flex-basis:66%\"><h2 class=\"wp-block-post-title\"><a href=\"https:\/\/florina-vilgertshofer.de\/?p=1447\" target=\"_self\" >Bodenpolitik in Bayern: Der gro\u00dfe Ausverkauf geht weiter \u2013 ein Debattenbeitrag<\/a><\/h2>\n\n<div class=\"wp-block-post-excerpt\"><p class=\"wp-block-post-excerpt__excerpt\">20. August 2024 \u2022 Das Land Bayern ver\u00e4u\u00dfert nach wie vor eigene Grundst\u00fccke an H\u00f6chstbietende. Zu welchen Problemen das f\u00fchrt und welche L\u00f6sungen Bezirksr\u00e4tin Florina Vilgertshofer fordert, schreibt sie in diesem Gastbeitrag.<\/p><p class=\"wp-block-post-excerpt__more-text\"><a class=\"wp-block-post-excerpt__more-link\" href=\"https:\/\/florina-vilgertshofer.de\/?p=1447\">&#8230;<\/a><\/p><\/div><\/div>\n<\/div>\n\n\n\n<div style=\"height:39px\" aria-hidden=\"true\" class=\"wp-block-spacer\"><\/div>\n\n<\/li><li class=\"wp-block-post post-1469 post type-post status-publish format-standard has-post-thumbnail hentry category-aktuelles category-muenchner-forum category-presse tag-bodenpolitik tag-presse\">\n\n<div class=\"wp-block-columns alignwide is-layout-flex wp-container-core-columns-is-layout-9d6595d7 wp-block-columns-is-layout-flex\">\n<div class=\"wp-block-column is-layout-flow wp-block-column-is-layout-flow\" style=\"flex-basis:33%\"><figure class=\"wp-block-post-featured-image\"><a href=\"https:\/\/florina-vilgertshofer.de\/?p=1469\" target=\"_self\"  ><img loading=\"lazy\" decoding=\"async\" width=\"1768\" height=\"1296\" src=\"https:\/\/florina-vilgertshofer.de\/wp-content\/uploads\/2024\/09\/Merkur-Bodenpolitik-Bayern.png\" class=\"attachment-post-thumbnail size-post-thumbnail wp-post-image\" alt=\"Immobilien-Ausverkauf in M\u00fcnchen\" style=\"object-fit:cover;\" srcset=\"https:\/\/florina-vilgertshofer.de\/wp-content\/uploads\/2024\/09\/Merkur-Bodenpolitik-Bayern.png 1768w, https:\/\/florina-vilgertshofer.de\/wp-content\/uploads\/2024\/09\/Merkur-Bodenpolitik-Bayern-300x220.png 300w, https:\/\/florina-vilgertshofer.de\/wp-content\/uploads\/2024\/09\/Merkur-Bodenpolitik-Bayern-1024x751.png 1024w, https:\/\/florina-vilgertshofer.de\/wp-content\/uploads\/2024\/09\/Merkur-Bodenpolitik-Bayern-768x563.png 768w, https:\/\/florina-vilgertshofer.de\/wp-content\/uploads\/2024\/09\/Merkur-Bodenpolitik-Bayern-1536x1126.png 1536w\" sizes=\"auto, (max-width: 1768px) 100vw, 1768px\" \/><\/a><\/figure><\/div>\n\n\n\n<div class=\"wp-block-column is-layout-flow wp-block-column-is-layout-flow\" style=\"flex-basis:66%\"><h2 class=\"wp-block-post-title\"><a href=\"https:\/\/florina-vilgertshofer.de\/?p=1469\" target=\"_self\" >Immobilien-Ausverkauf in M\u00fcnchen<\/a><\/h2>\n\n<div class=\"wp-block-post-excerpt\"><p class=\"wp-block-post-excerpt__excerpt\">Oktober 2023 \u2022 Bericht des M\u00fcnchner Merkur \u00fcber die Aktion DER GROSSE AUSVERKAUF<\/p><p class=\"wp-block-post-excerpt__more-text\"><a class=\"wp-block-post-excerpt__more-link\" href=\"https:\/\/florina-vilgertshofer.de\/?p=1469\">&#8230;<\/a><\/p><\/div><\/div>\n<\/div>\n\n\n\n<div style=\"height:39px\" aria-hidden=\"true\" class=\"wp-block-spacer\"><\/div>\n\n<\/li><\/ul><\/div>\n\n\n\n<p><\/p>\n","protected":false},"excerpt":{"rendered":"<p>Hier findest du eine Auswahl der Presseartikel zu meiner politischen Arbeit.<\/p>\n","protected":false},"author":1,"featured_media":0,"parent":0,"menu_order":0,"comment_status":"closed","ping_status":"closed","template":"","meta":{"footnotes":""},"class_list":["post-1426","page","type-page","status-publish","hentry"],"yoast_head":"<!-- This site is optimized with the Yoast SEO plugin v25.7 - https:\/\/yoast.com\/wordpress\/plugins\/seo\/ -->\n<title>Presse - Florina Vilgertshofer<\/title>\n<meta name=\"description\" content=\"Hier findest du aktuelle Presseartikel zu meiner Arbeit f\u00fcr die Maxvorstadt und im Bezirk Oberbayern.\" \/>\n<meta name=\"robots\" content=\"index, follow, max-snippet:-1, max-image-preview:large, max-video-preview:-1\" \/>\n<link rel=\"canonical\" href=\"https:\/\/florina-vilgertshofer.de\/?page_id=1426\" \/>\n<meta property=\"og:locale\" content=\"de_DE\" \/>\n<meta property=\"og:type\" content=\"article\" \/>\n<meta property=\"og:title\" content=\"Presse - Florina Vilgertshofer\" \/>\n<meta property=\"og:description\" content=\"Hier findest du aktuelle Presseartikel zu meiner Arbeit f\u00fcr die Maxvorstadt und im Bezirk Oberbayern.\" \/>\n<meta property=\"og:url\" content=\"https:\/\/florina-vilgertshofer.de\/?page_id=1426\" \/>\n<meta property=\"og:site_name\" content=\"Florina Vilgertshofer\" \/>\n<meta property=\"article:publisher\" content=\"https:\/\/www.facebook.com\/minny.cooper.9\" \/>\n<meta property=\"article:modified_time\" content=\"2025-01-28T10:17:25+00:00\" \/>\n<meta property=\"og:image\" content=\"https:\/\/florina-vilgertshofer.de\/wp-content\/uploads\/2024\/09\/IMG_8726-scaled.jpeg\" \/>\n\t<meta property=\"og:image:width\" content=\"1440\" \/>\n\t<meta property=\"og:image:height\" content=\"2560\" \/>\n\t<meta property=\"og:image:type\" content=\"image\/jpeg\" \/>\n<meta name=\"twitter:card\" content=\"summary_large_image\" \/>\n<meta name=\"twitter:label1\" content=\"Gesch\u00e4tzte Lesezeit\" \/>\n\t<meta name=\"twitter:data1\" content=\"1\u00a0Minute\" \/>\n<script type=\"application\/ld+json\" class=\"yoast-schema-graph\">{\"@context\":\"https:\/\/schema.org\",\"@graph\":[{\"@type\":\"WebPage\",\"@id\":\"https:\/\/florina-vilgertshofer.de\/?page_id=1426\",\"url\":\"https:\/\/florina-vilgertshofer.de\/?page_id=1426\",\"name\":\"Presse - Florina Vilgertshofer\",\"isPartOf\":{\"@id\":\"https:\/\/florina-vilgertshofer.de\/#website\"},\"primaryImageOfPage\":{\"@id\":\"https:\/\/florina-vilgertshofer.de\/?page_id=1426#primaryimage\"},\"image\":{\"@id\":\"https:\/\/florina-vilgertshofer.de\/?page_id=1426#primaryimage\"},\"thumbnailUrl\":\"http:\/\/florina-vilgertshofer.de\/wp-content\/uploads\/2024\/09\/IMG_8726-scaled.jpeg\",\"datePublished\":\"2023-09-02T06:46:40+00:00\",\"dateModified\":\"2025-01-28T10:17:25+00:00\",\"description\":\"Hier findest du aktuelle Presseartikel zu meiner Arbeit f\u00fcr die Maxvorstadt und im Bezirk Oberbayern.\",\"breadcrumb\":{\"@id\":\"https:\/\/florina-vilgertshofer.de\/?page_id=1426#breadcrumb\"},\"inLanguage\":\"de\",\"potentialAction\":[{\"@type\":\"ReadAction\",\"target\":[\"https:\/\/florina-vilgertshofer.de\/?page_id=1426\"]}]},{\"@type\":\"ImageObject\",\"inLanguage\":\"de\",\"@id\":\"https:\/\/florina-vilgertshofer.de\/?page_id=1426#primaryimage\",\"url\":\"https:\/\/florina-vilgertshofer.de\/wp-content\/uploads\/2024\/09\/IMG_8726-scaled.jpeg\",\"contentUrl\":\"https:\/\/florina-vilgertshofer.de\/wp-content\/uploads\/2024\/09\/IMG_8726-scaled.jpeg\",\"width\":1440,\"height\":2560},{\"@type\":\"BreadcrumbList\",\"@id\":\"https:\/\/florina-vilgertshofer.de\/?page_id=1426#breadcrumb\",\"itemListElement\":[{\"@type\":\"ListItem\",\"position\":1,\"name\":\"Startseite\",\"item\":\"https:\/\/florina-vilgertshofer.de\/\"},{\"@type\":\"ListItem\",\"position\":2,\"name\":\"Presse\"}]},{\"@type\":\"WebSite\",\"@id\":\"https:\/\/florina-vilgertshofer.de\/#website\",\"url\":\"https:\/\/florina-vilgertshofer.de\/\",\"name\":\"Florina Vilgertshofer\",\"description\":\"Bezirksr\u00e4tin I Kulturpolitikerin\",\"publisher\":{\"@id\":\"https:\/\/florina-vilgertshofer.de\/#\/schema\/person\/c634068ffbadf5345d5be6795bfe2fe7\"},\"alternateName\":\"Fina Vilgertshofer\",\"potentialAction\":[{\"@type\":\"SearchAction\",\"target\":{\"@type\":\"EntryPoint\",\"urlTemplate\":\"https:\/\/florina-vilgertshofer.de\/?s={search_term_string}\"},\"query-input\":{\"@type\":\"PropertyValueSpecification\",\"valueRequired\":true,\"valueName\":\"search_term_string\"}}],\"inLanguage\":\"de\"},{\"@type\":[\"Person\",\"Organization\"],\"@id\":\"https:\/\/florina-vilgertshofer.de\/#\/schema\/person\/c634068ffbadf5345d5be6795bfe2fe7\",\"name\":\"admin\",\"image\":{\"@type\":\"ImageObject\",\"inLanguage\":\"de\",\"@id\":\"https:\/\/florina-vilgertshofer.de\/#\/schema\/person\/image\/\",\"url\":\"http:\/\/florina-vilgertshofer.de\/wp-content\/uploads\/2023\/02\/florina-vilgertshofer-gruene-muenchen-schwabing-kandidatin-bezirkstag_breit-scaled.jpg\",\"contentUrl\":\"http:\/\/florina-vilgertshofer.de\/wp-content\/uploads\/2023\/02\/florina-vilgertshofer-gruene-muenchen-schwabing-kandidatin-bezirkstag_breit-scaled.jpg\",\"width\":2560,\"height\":1209,\"caption\":\"admin\"},\"logo\":{\"@id\":\"https:\/\/florina-vilgertshofer.de\/#\/schema\/person\/image\/\"},\"sameAs\":[\"http:\/\/florina-vilgertshofer.de\",\"https:\/\/www.facebook.com\/minny.cooper.9\",\"https:\/\/www.instagram.com\/finafinch\/\",\"https:\/\/www.linkedin.com\/in\/florina-fina-vilgertshofer-a5320093\/\"]}]}<\/script>\n<!-- \/ Yoast SEO plugin. -->","yoast_head_json":{"title":"Presse - Florina Vilgertshofer","description":"Hier findest du aktuelle Presseartikel zu meiner Arbeit f\u00fcr die Maxvorstadt und im Bezirk Oberbayern.","robots":{"index":"index","follow":"follow","max-snippet":"max-snippet:-1","max-image-preview":"max-image-preview:large","max-video-preview":"max-video-preview:-1"},"canonical":"https:\/\/florina-vilgertshofer.de\/?page_id=1426","og_locale":"de_DE","og_type":"article","og_title":"Presse - Florina Vilgertshofer","og_description":"Hier findest du aktuelle Presseartikel zu meiner Arbeit f\u00fcr die Maxvorstadt und im Bezirk Oberbayern.","og_url":"https:\/\/florina-vilgertshofer.de\/?page_id=1426","og_site_name":"Florina Vilgertshofer","article_publisher":"https:\/\/www.facebook.com\/minny.cooper.9","article_modified_time":"2025-01-28T10:17:25+00:00","og_image":[{"width":1440,"height":2560,"url":"https:\/\/florina-vilgertshofer.de\/wp-content\/uploads\/2024\/09\/IMG_8726-scaled.jpeg","type":"image\/jpeg"}],"twitter_card":"summary_large_image","twitter_misc":{"Gesch\u00e4tzte Lesezeit":"1\u00a0Minute"},"schema":{"@context":"https:\/\/schema.org","@graph":[{"@type":"WebPage","@id":"https:\/\/florina-vilgertshofer.de\/?page_id=1426","url":"https:\/\/florina-vilgertshofer.de\/?page_id=1426","name":"Presse - Florina Vilgertshofer","isPartOf":{"@id":"https:\/\/florina-vilgertshofer.de\/#website"},"primaryImageOfPage":{"@id":"https:\/\/florina-vilgertshofer.de\/?page_id=1426#primaryimage"},"image":{"@id":"https:\/\/florina-vilgertshofer.de\/?page_id=1426#primaryimage"},"thumbnailUrl":"http:\/\/florina-vilgertshofer.de\/wp-content\/uploads\/2024\/09\/IMG_8726-scaled.jpeg","datePublished":"2023-09-02T06:46:40+00:00","dateModified":"2025-01-28T10:17:25+00:00","description":"Hier findest du aktuelle Presseartikel zu meiner Arbeit f\u00fcr die Maxvorstadt und im Bezirk Oberbayern.","breadcrumb":{"@id":"https:\/\/florina-vilgertshofer.de\/?page_id=1426#breadcrumb"},"inLanguage":"de","potentialAction":[{"@type":"ReadAction","target":["https:\/\/florina-vilgertshofer.de\/?page_id=1426"]}]},{"@type":"ImageObject","inLanguage":"de","@id":"https:\/\/florina-vilgertshofer.de\/?page_id=1426#primaryimage","url":"https:\/\/florina-vilgertshofer.de\/wp-content\/uploads\/2024\/09\/IMG_8726-scaled.jpeg","contentUrl":"https:\/\/florina-vilgertshofer.de\/wp-content\/uploads\/2024\/09\/IMG_8726-scaled.jpeg","width":1440,"height":2560},{"@type":"BreadcrumbList","@id":"https:\/\/florina-vilgertshofer.de\/?page_id=1426#breadcrumb","itemListElement":[{"@type":"ListItem","position":1,"name":"Startseite","item":"https:\/\/florina-vilgertshofer.de\/"},{"@type":"ListItem","position":2,"name":"Presse"}]},{"@type":"WebSite","@id":"https:\/\/florina-vilgertshofer.de\/#website","url":"https:\/\/florina-vilgertshofer.de\/","name":"Florina Vilgertshofer","description":"Bezirksr\u00e4tin I Kulturpolitikerin","publisher":{"@id":"https:\/\/florina-vilgertshofer.de\/#\/schema\/person\/c634068ffbadf5345d5be6795bfe2fe7"},"alternateName":"Fina Vilgertshofer","potentialAction":[{"@type":"SearchAction","target":{"@type":"EntryPoint","urlTemplate":"https:\/\/florina-vilgertshofer.de\/?s={search_term_string}"},"query-input":{"@type":"PropertyValueSpecification","valueRequired":true,"valueName":"search_term_string"}}],"inLanguage":"de"},{"@type":["Person","Organization"],"@id":"https:\/\/florina-vilgertshofer.de\/#\/schema\/person\/c634068ffbadf5345d5be6795bfe2fe7","name":"admin","image":{"@type":"ImageObject","inLanguage":"de","@id":"https:\/\/florina-vilgertshofer.de\/#\/schema\/person\/image\/","url":"http:\/\/florina-vilgertshofer.de\/wp-content\/uploads\/2023\/02\/florina-vilgertshofer-gruene-muenchen-schwabing-kandidatin-bezirkstag_breit-scaled.jpg","contentUrl":"http:\/\/florina-vilgertshofer.de\/wp-content\/uploads\/2023\/02\/florina-vilgertshofer-gruene-muenchen-schwabing-kandidatin-bezirkstag_breit-scaled.jpg","width":2560,"height":1209,"caption":"admin"},"logo":{"@id":"https:\/\/florina-vilgertshofer.de\/#\/schema\/person\/image\/"},"sameAs":["http:\/\/florina-vilgertshofer.de","https:\/\/www.facebook.com\/minny.cooper.9","https:\/\/www.instagram.com\/finafinch\/","https:\/\/www.linkedin.com\/in\/florina-fina-vilgertshofer-a5320093\/"]}]}},"_links":{"self":[{"href":"https:\/\/florina-vilgertshofer.de\/index.php?rest_route=\/wp\/v2\/pages\/1426","targetHints":{"allow":["GET"]}}],"collection":[{"href":"https:\/\/florina-vilgertshofer.de\/index.php?rest_route=\/wp\/v2\/pages"}],"about":[{"href":"https:\/\/florina-vilgertshofer.de\/index.php?rest_route=\/wp\/v2\/types\/page"}],"author":[{"embeddable":true,"href":"https:\/\/florina-vilgertshofer.de\/index.php?rest_route=\/wp\/v2\/users\/1"}],"replies":[{"embeddable":true,"href":"https:\/\/florina-vilgertshofer.de\/index.php?rest_route=%2Fwp%2Fv2%2Fcomments&post=1426"}],"version-history":[{"count":9,"href":"https:\/\/florina-vilgertshofer.de\/index.php?rest_route=\/wp\/v2\/pages\/1426\/revisions"}],"predecessor-version":[{"id":1516,"href":"https:\/\/florina-vilgertshofer.de\/index.php?rest_route=\/wp\/v2\/pages\/1426\/revisions\/1516"}],"wp:attachment":[{"href":"https:\/\/florina-vilgertshofer.de\/index.php?rest_route=%2Fwp%2Fv2%2Fmedia&parent=1426"}],"curies":[{"name":"wp","href":"https:\/\/api.w.org\/{rel}","templated":true}]}}